{"id":9705,"date":"2022-10-12T14:06:06","date_gmt":"2022-10-12T12:06:06","guid":{"rendered":"https:\/\/www.jeld-wen.ch\/?page_id=9705"},"modified":"2023-09-12T16:27:50","modified_gmt":"2023-09-12T14:27:50","slug":"showroom-anmeldung","status":"publish","type":"page","link":"https:\/\/www.jeld-wen.ch\/fr\/showroom-anmeldung\/","title":{"rendered":"Showroom Anmeldung"},"content":{"rendered":"\n  <div class=\"banner has-hover banner-desktop is-full-height hide-for-medium\" id=\"banner-1765114427\">\n          <div class=\"banner-inner fill\">\n        <div class=\"banner-bg fill\" >\n            <img loading=\"lazy\" decoding=\"async\" width=\"1560\" height=\"1056\" src=\"https:\/\/www.jeld-wen.ch\/wp-content\/uploads\/2023\/04\/Sujet-Showroom_1560x1056px_72dpi-1.jpg\" class=\"bg\" alt=\"\" srcset=\"https:\/\/www.jeld-wen.ch\/wp-content\/uploads\/2023\/04\/Sujet-Showroom_1560x1056px_72dpi-1.jpg 1560w, https:\/\/www.jeld-wen.ch\/wp-content\/uploads\/2023\/04\/Sujet-Showroom_1560x1056px_72dpi-1-300x203.jpg 300w, https:\/\/www.jeld-wen.ch\/wp-content\/uploads\/2023\/04\/Sujet-Showroom_1560x1056px_72dpi-1-1024x693.jpg 1024w, https:\/\/www.jeld-wen.ch\/wp-content\/uploads\/2023\/04\/Sujet-Showroom_1560x1056px_72dpi-1-768x520.jpg 768w, https:\/\/www.jeld-wen.ch\/wp-content\/uploads\/2023\/04\/Sujet-Showroom_1560x1056px_72dpi-1-1536x1040.jpg 1536w\" sizes=\"auto, (max-width: 1560px) 100vw, 1560px\" \/>                                    \n                    <\/div>\n\t\t\n        <div class=\"banner-layers container\">\n            <div class=\"fill banner-link\"><\/div>            \n   <div id=\"text-box-406098033\" class=\"text-box banner-layer x100 md-x100 lg-x100 y50 md-y50 lg-y50 res-text\">\n                                <div class=\"text-box-content text \">\n              \n\t<div class=\"is-border\"\n\t\tstyle=\"border-width:0px 0px 0px 0px;margin:52px 0px 0px 0px;\">\n\t<\/div>\n              <div class=\"text-inner text-left\">\n                  \n<div class=\"maske-light\">\n<h2 style=\"text-align: left;\">Les Galeries des portes JELD-WEN<\/h2>\n<div>Les fascinants mondes des portes vous attendent<\/div>\n<div><\/div>\n<div>Avec ses quatre marques phares KELLPAX, JELD-WEN, DANA, BOS, JELD-WEN Suisse propose un large assortiment de portes pour toutes les exigences et tous les styles. Dans les Galeries des portes de Bremgarten et de Ch\u00e2tel-St-Denis, une d\u00e9couverte des portes d&#8217;un genre particulier vous attend sur plus de 400 m2 de surface d&#8217;exposition. Nous en sommes en effet convaincus : la qualit\u00e9 des portes doit \u00eatre vue et ressentie de pr\u00e8s, leur fonctionnalit\u00e9 doit \u00eatre per\u00e7ue imm\u00e9diatement.<\/div>\n<div><\/div>\n<div>R\u00e9servez tout simplement un rendez-vous en ligne \u00e0 l&#8217;aide de notre formulaire.Nous nous r\u00e9jouissons de votre visite !<\/div>\n<div class=\"scroll-down-dark\"><\/div>\n<\/div>\n              <\/div>\n           <\/div>\n                            \n<style>\n#text-box-406098033 {\n  width: 42%;\n}\n#text-box-406098033 .text-box-content {\n  font-size: 100%;\n}\n<\/style>\n    <\/div>\n \n        <\/div>\n      <\/div>\n\n            \n<style>\n#banner-1765114427 {\n  padding-top: 100%;\n}\n<\/style>\n  <\/div>\n\n\n\n  <div class=\"banner has-hover show-for-medium\" id=\"banner-335410632\">\n          <div class=\"banner-inner fill\">\n        <div class=\"banner-bg fill\" >\n            <img loading=\"lazy\" decoding=\"async\" width=\"750\" height=\"868\" src=\"https:\/\/www.jeld-wen.ch\/wp-content\/uploads\/2022\/10\/Sujet-Tuerengalerie_750x868px_72dpi_FR.jpg\" class=\"bg\" alt=\"\" srcset=\"https:\/\/www.jeld-wen.ch\/wp-content\/uploads\/2022\/10\/Sujet-Tuerengalerie_750x868px_72dpi_FR.jpg 750w, https:\/\/www.jeld-wen.ch\/wp-content\/uploads\/2022\/10\/Sujet-Tuerengalerie_750x868px_72dpi_FR-259x300.jpg 259w\" sizes=\"auto, (max-width: 750px) 100vw, 750px\" \/>                                    \n                    <\/div>\n\t\t\n        <div class=\"banner-layers container\">\n            <div class=\"fill banner-link\"><\/div>            \n        <\/div>\n      <\/div>\n\n            \n<style>\n#banner-335410632 {\n  padding-top: 500px;\n}\n<\/style>\n  <\/div>\n\n\n\n\t<section class=\"section show-for-medium\" id=\"section_726776803\">\n\t\t<div class=\"section-bg fill\" >\n\t\t\t\t\t\t\t\t\t\n\t\t\t\n\n\t\t<\/div>\n\n\t\t\n\n\t\t<div class=\"section-content relative\">\n\t\t\t\n<div class=\"row align-center\"  id=\"row-1396612812\">\n\n\t<div id=\"col-1901388503\" class=\"col medium-10 small-12 large-10\"  >\n\t\t\t\t<div class=\"col-inner text-center\"  >\n\t\t\t\n\t\t\t\n<h2 style=\"text-align: left;\">Les Galeries des portes JELD-WEN<\/h2>\n<div>Les fascinants mondes des portes vous attendent<\/div>\n<div><\/div>\n<div>Avec ses quatre marques phares KELLPAX, JELD-WEN, DANA, BOS, JELD-WEN Suisse propose un large assortiment de portes pour toutes les exigences et tous les styles. Dans les Galeries des portes de Bremgarten et de Ch\u00e2tel-St-Denis, une d\u00e9couverte des portes d&#8217;un genre particulier vous attend sur plus de 400 m2 de surface d&#8217;exposition. Nous en sommes en effet convaincus : la qualit\u00e9 des portes doit \u00eatre vue et ressentie de pr\u00e8s, leur fonctionnalit\u00e9 doit \u00eatre per\u00e7ue imm\u00e9diatement.<\/div>\n<div><\/div>\n<div>R\u00e9servez tout simplement un rendez-vous en ligne \u00e0 l&#8217;aide de notre formulaire.Nous nous r\u00e9jouissons de votre visite !<\/div>\n\t\t<\/div>\n\t\t\t\t\n<style>\n#col-1901388503 > .col-inner {\n  padding: 20px 0px 0px 0px;\n}\n<\/style>\n\t<\/div>\n\n\t\n<\/div>\n\t\t<\/div>\n\n\t\t\n<style>\n#section_726776803 {\n  padding-top: 60px;\n  padding-bottom: 60px;\n  min-height: 300px;\n  background-color: rgb(255,255,255);\n}\n<\/style>\n\t<\/section>\n\t\n\n\t<section class=\"section\" id=\"section_497766291\">\n\t\t<div class=\"section-bg fill\" >\n\t\t\t\t\t\t\t\t\t\n\t\t\t\n\n\t\t<\/div>\n\n\t\t\n\n\t\t<div class=\"section-content relative\">\n\t\t\t\n\t\t<\/div>\n\n\t\t\n<style>\n#section_497766291 {\n  padding-top: 30px;\n  padding-bottom: 30px;\n}\n<\/style>\n\t<\/section>\n\t\n<div class=\"row\"  id=\"row-416425119\">\n\n\t<div id=\"col-264947481\" class=\"col small-12 large-12\"  >\n\t\t\t\t<div class=\"col-inner\"  >\n\t\t\t\n\t\t\t\n<h2>Je voudrais prendre rendez-vous \u00e0\u00a0Ch\u00e2tel-St-Denis\u00a0<\/h2>\n\t\t<\/div>\n\t\t\t\t\t<\/div>\n\n\t\n<\/div>\n<div class=\"row\"  id=\"row-983865613\">\n\n\t<div id=\"col-2109657389\" class=\"col medium-4 small-12 large-4\"  >\n\t\t\t\t<div class=\"col-inner\"  >\n\t\t\t\n\t\t\t\n<h4 style=\"text-align: center;\"><strong>Vous \u00eates un particulier ?<\/strong><\/h4>\n<p style=\"text-align: center;\">Nous vous accompagnons volontiers dans votre choix et nous r\u00e9jouissons de votre commande aupr\u00e8s de votre menuisier \/ partenaire sp\u00e9cialis\u00e9 habituel.<\/p>\n\t\t<\/div>\n\t\t\t\t\t<\/div>\n\n\t\n\n\t<div id=\"col-1575944192\" class=\"col medium-4 small-12 large-4\"  >\n\t\t\t\t<div class=\"col-inner\"  >\n\t\t\t\n\t\t\t\n<h4 style=\"text-align: center;\"><strong>Vous \u00eates menuisier \/ partenaire sp\u00e9cialis\u00e9 JELD-WEN ?<\/strong><\/h4>\n<p style=\"text-align: center;\">Utilisez notre Galerie des portes pour vos entretiens conseil et enthousiasmez vos clients avec un choix de portes surprenant.<\/p>\n\t\t<\/div>\n\t\t\t\t\t<\/div>\n\n\t\n\n\t<div id=\"col-1501722399\" class=\"col medium-4 small-12 large-4\"  >\n\t\t\t\t<div class=\"col-inner\"  >\n\t\t\t\n\t\t\t\n<h4 style=\"text-align: center;\"><strong>Vous souhaitez prendre rendez-vous ?<\/strong><\/h4>\n<p style=\"text-align: center;\">Rien de plus simple : compl\u00e9tez le formulaire en ligne et envoyez-le. Nous serons ravis de vous accueillir !<\/p>\n\t\t<\/div>\n\t\t\t\t\t<\/div>\n\n\t\n<\/div>\n<div class=\"row\"  id=\"row-1884552429\">\n\n\t<div id=\"col-2076493341\" class=\"col small-12 large-12\"  >\n\t\t\t\t<div class=\"col-inner\"  >\n\t\t\t\n\t\t\t\n<p class=\"wpcf7-invalid-action-url\"><strong>Fehler:<\/strong> Ung\u00fcltige Aktions-URL wurde entdeckt.<\/p>\n\t\t<\/div>\n\t\t\t\t\t<\/div>\n\n\t\n<\/div>\n","protected":false},"excerpt":{"rendered":"","protected":false},"author":1,"featured_media":0,"parent":0,"menu_order":0,"comment_status":"closed","ping_status":"closed","template":"page-without-banner.php","meta":{"_acf_changed":false,"inline_featured_image":false,"footnotes":""},"class_list":["post-9705","page","type-page","status-publish","hentry"],"acf":[],"yoast_head":"<!-- This site is optimized with the Yoast SEO plugin v27.3 - https:\/\/yoast.com\/product\/yoast-seo-wordpress\/ -->\n<title>Showroom Anmeldung - JELD-WEN<\/title>\n<meta name=\"robots\" content=\"index, follow, max-snippet:-1, max-image-preview:large, max-video-preview:-1\" \/>\n<link rel=\"canonical\" href=\"https:\/\/www.jeld-wen.ch\/fr\/showroom-anmeldung\/\" \/>\n<meta property=\"og:locale\" content=\"fr_FR\" \/>\n<meta property=\"og:type\" content=\"article\" \/>\n<meta property=\"og:title\" content=\"Showroom Anmeldung - JELD-WEN\" \/>\n<meta property=\"og:url\" content=\"https:\/\/www.jeld-wen.ch\/fr\/showroom-anmeldung\/\" \/>\n<meta property=\"og:site_name\" content=\"JELD-WEN\" \/>\n<meta property=\"article:modified_time\" content=\"2023-09-12T14:27:50+00:00\" \/>\n<meta name=\"twitter:card\" content=\"summary_large_image\" \/>\n<meta name=\"twitter:label1\" content=\"Dur\u00e9e de lecture estim\u00e9e\" \/>\n\t<meta name=\"twitter:data1\" content=\"3 minutes\" \/>\n<script type=\"application\/ld+json\" class=\"yoast-schema-graph\">{\"@context\":\"https:\\\/\\\/schema.org\",\"@graph\":[{\"@type\":\"WebPage\",\"@id\":\"https:\\\/\\\/www.jeld-wen.ch\\\/fr\\\/showroom-anmeldung\\\/\",\"url\":\"https:\\\/\\\/www.jeld-wen.ch\\\/fr\\\/showroom-anmeldung\\\/\",\"name\":\"Showroom Anmeldung - JELD-WEN\",\"isPartOf\":{\"@id\":\"https:\\\/\\\/www.jeld-wen.ch\\\/#website\"},\"datePublished\":\"2022-10-12T12:06:06+00:00\",\"dateModified\":\"2023-09-12T14:27:50+00:00\",\"breadcrumb\":{\"@id\":\"https:\\\/\\\/www.jeld-wen.ch\\\/fr\\\/showroom-anmeldung\\\/#breadcrumb\"},\"inLanguage\":\"fr-FR\",\"potentialAction\":[{\"@type\":\"ReadAction\",\"target\":[\"https:\\\/\\\/www.jeld-wen.ch\\\/fr\\\/showroom-anmeldung\\\/\"]}]},{\"@type\":\"BreadcrumbList\",\"@id\":\"https:\\\/\\\/www.jeld-wen.ch\\\/fr\\\/showroom-anmeldung\\\/#breadcrumb\",\"itemListElement\":[{\"@type\":\"ListItem\",\"position\":1,\"name\":\"Startseite\",\"item\":\"https:\\\/\\\/www.jeld-wen.ch\\\/fr\\\/\"},{\"@type\":\"ListItem\",\"position\":2,\"name\":\"Showroom Anmeldung\"}]},{\"@type\":\"WebSite\",\"@id\":\"https:\\\/\\\/www.jeld-wen.ch\\\/#website\",\"url\":\"https:\\\/\\\/www.jeld-wen.ch\\\/\",\"name\":\"JELD-WEN\",\"description\":\"3 starke T\u00fcrenmarken unter einem Dach.\",\"potentialAction\":[{\"@type\":\"SearchAction\",\"target\":{\"@type\":\"EntryPoint\",\"urlTemplate\":\"https:\\\/\\\/www.jeld-wen.ch\\\/?s={search_term_string}\"},\"query-input\":{\"@type\":\"PropertyValueSpecification\",\"valueRequired\":true,\"valueName\":\"search_term_string\"}}],\"inLanguage\":\"fr-FR\"}]}<\/script>\n<!-- \/ Yoast SEO plugin. -->","yoast_head_json":{"title":"Showroom Anmeldung - JELD-WEN","robots":{"index":"index","follow":"follow","max-snippet":"max-snippet:-1","max-image-preview":"max-image-preview:large","max-video-preview":"max-video-preview:-1"},"canonical":"https:\/\/www.jeld-wen.ch\/fr\/showroom-anmeldung\/","og_locale":"fr_FR","og_type":"article","og_title":"Showroom Anmeldung - JELD-WEN","og_url":"https:\/\/www.jeld-wen.ch\/fr\/showroom-anmeldung\/","og_site_name":"JELD-WEN","article_modified_time":"2023-09-12T14:27:50+00:00","twitter_card":"summary_large_image","twitter_misc":{"Dur\u00e9e de lecture estim\u00e9e":"3 minutes"},"schema":{"@context":"https:\/\/schema.org","@graph":[{"@type":"WebPage","@id":"https:\/\/www.jeld-wen.ch\/fr\/showroom-anmeldung\/","url":"https:\/\/www.jeld-wen.ch\/fr\/showroom-anmeldung\/","name":"Showroom Anmeldung - JELD-WEN","isPartOf":{"@id":"https:\/\/www.jeld-wen.ch\/#website"},"datePublished":"2022-10-12T12:06:06+00:00","dateModified":"2023-09-12T14:27:50+00:00","breadcrumb":{"@id":"https:\/\/www.jeld-wen.ch\/fr\/showroom-anmeldung\/#breadcrumb"},"inLanguage":"fr-FR","potentialAction":[{"@type":"ReadAction","target":["https:\/\/www.jeld-wen.ch\/fr\/showroom-anmeldung\/"]}]},{"@type":"BreadcrumbList","@id":"https:\/\/www.jeld-wen.ch\/fr\/showroom-anmeldung\/#breadcrumb","itemListElement":[{"@type":"ListItem","position":1,"name":"Startseite","item":"https:\/\/www.jeld-wen.ch\/fr\/"},{"@type":"ListItem","position":2,"name":"Showroom Anmeldung"}]},{"@type":"WebSite","@id":"https:\/\/www.jeld-wen.ch\/#website","url":"https:\/\/www.jeld-wen.ch\/","name":"JELD-WEN","description":"3 starke T\u00fcrenmarken unter einem Dach.","potentialAction":[{"@type":"SearchAction","target":{"@type":"EntryPoint","urlTemplate":"https:\/\/www.jeld-wen.ch\/?s={search_term_string}"},"query-input":{"@type":"PropertyValueSpecification","valueRequired":true,"valueName":"search_term_string"}}],"inLanguage":"fr-FR"}]}},"_links":{"self":[{"href":"https:\/\/www.jeld-wen.ch\/fr\/wp-json\/wp\/v2\/pages\/9705","targetHints":{"allow":["GET"]}}],"collection":[{"href":"https:\/\/www.jeld-wen.ch\/fr\/wp-json\/wp\/v2\/pages"}],"about":[{"href":"https:\/\/www.jeld-wen.ch\/fr\/wp-json\/wp\/v2\/types\/page"}],"author":[{"embeddable":true,"href":"https:\/\/www.jeld-wen.ch\/fr\/wp-json\/wp\/v2\/users\/1"}],"replies":[{"embeddable":true,"href":"https:\/\/www.jeld-wen.ch\/fr\/wp-json\/wp\/v2\/comments?post=9705"}],"version-history":[{"count":16,"href":"https:\/\/www.jeld-wen.ch\/fr\/wp-json\/wp\/v2\/pages\/9705\/revisions"}],"predecessor-version":[{"id":10527,"href":"https:\/\/www.jeld-wen.ch\/fr\/wp-json\/wp\/v2\/pages\/9705\/revisions\/10527"}],"wp:attachment":[{"href":"https:\/\/www.jeld-wen.ch\/fr\/wp-json\/wp\/v2\/media?parent=9705"}],"curies":[{"name":"wp","href":"https:\/\/api.w.org\/{rel}","templated":true}]}}