{"id":9430,"date":"2022-05-25T08:08:05","date_gmt":"2022-05-25T06:08:05","guid":{"rendered":"https:\/\/www.jeld-wen.ch\/tuerengalerien\/"},"modified":"2024-06-03T14:25:19","modified_gmt":"2024-06-03T12:25:19","slug":"galeries-des-portes","status":"publish","type":"page","link":"https:\/\/www.jeld-wen.ch\/fr\/galeries-des-portes\/","title":{"rendered":"Bienvenue dans les Galeries des portes JELD-WEN!"},"content":{"rendered":"\n  <div class=\"banner has-hover banner-desktop is-full-height hide-for-medium\" id=\"banner-689030799\">\n          <div class=\"banner-inner fill\">\n        <div class=\"banner-bg fill\" >\n            <img loading=\"lazy\" decoding=\"async\" width=\"1560\" height=\"1056\" src=\"https:\/\/www.jeld-wen.ch\/wp-content\/uploads\/2024\/05\/Subheader_1560x1056_fr_1.jpg\" class=\"bg\" alt=\"\" srcset=\"https:\/\/www.jeld-wen.ch\/wp-content\/uploads\/2024\/05\/Subheader_1560x1056_fr_1.jpg 1560w, https:\/\/www.jeld-wen.ch\/wp-content\/uploads\/2024\/05\/Subheader_1560x1056_fr_1-300x203.jpg 300w, https:\/\/www.jeld-wen.ch\/wp-content\/uploads\/2024\/05\/Subheader_1560x1056_fr_1-1024x693.jpg 1024w, https:\/\/www.jeld-wen.ch\/wp-content\/uploads\/2024\/05\/Subheader_1560x1056_fr_1-768x520.jpg 768w, https:\/\/www.jeld-wen.ch\/wp-content\/uploads\/2024\/05\/Subheader_1560x1056_fr_1-1536x1040.jpg 1536w\" sizes=\"auto, (max-width: 1560px) 100vw, 1560px\" \/>                                    \n                    <\/div>\n\t\t\n        <div class=\"banner-layers container\">\n            <div class=\"fill banner-link\"><\/div>            \n   <div id=\"text-box-1679633166\" class=\"text-box banner-layer x100 md-x100 lg-x100 y50 md-y50 lg-y50 res-text\">\n                                <div class=\"text-box-content text \">\n              \n              <div class=\"text-inner text-left\">\n                  \n<div class=\"maske-light\">\n<h2 style=\"text-align: left;\">Bienvenue dans les Galeries des portes JELD-WEN!<\/h2>\n<p style=\"text-align: left;\">Les marques des portes JELD-WEN s\u00e9duisent. Leur qualit\u00e9 doit \u00eatre vue et ressentie de pr\u00e8s, leur fonctionnalit\u00e9 doit \u00eatre appr\u00e9ci\u00e9e en personne. Nos nouvelles Galeries des portes \u00e0 Bremgarten et Ch\u00e2tel-St-Denis, sur 400 m\u00b2, sont le cadre id\u00e9al pour se laisser convaincre par les nombreuses solutions de portes. Nous offrons ainsi une v\u00e9ritable exp\u00e9rience qui rend encore plus attrayant le plus grand choix de portes de Suisse.<\/p>\n<div class=\"scroll-down-dark\"><\/div>\n<\/div>\n              <\/div>\n           <\/div>\n                            \n<style>\n#text-box-1679633166 {\n  width: 37%;\n}\n#text-box-1679633166 .text-box-content {\n  font-size: 100%;\n}\n<\/style>\n    <\/div>\n \n        <\/div>\n      <\/div>\n\n            \n<style>\n#banner-689030799 {\n  padding-top: 100%;\n}\n#banner-689030799 .banner-bg img {\n  object-position: 13% 22%;\n}\n<\/style>\n  <\/div>\n\n\n\n  <div class=\"banner has-hover show-for-small\" id=\"banner-1527744506\">\n          <div class=\"banner-inner fill\">\n        <div class=\"banner-bg fill\" >\n            <img loading=\"lazy\" decoding=\"async\" width=\"750\" height=\"868\" src=\"https:\/\/www.jeld-wen.ch\/wp-content\/uploads\/2024\/05\/Subheader_750x868_fr_1.jpg\" class=\"bg\" alt=\"\" srcset=\"https:\/\/www.jeld-wen.ch\/wp-content\/uploads\/2024\/05\/Subheader_750x868_fr_1.jpg 750w, https:\/\/www.jeld-wen.ch\/wp-content\/uploads\/2024\/05\/Subheader_750x868_fr_1-259x300.jpg 259w\" sizes=\"auto, (max-width: 750px) 100vw, 750px\" \/>                                    \n                    <\/div>\n\t\t\n        <div class=\"banner-layers container\">\n            <div class=\"fill banner-link\"><\/div>            \n        <\/div>\n      <\/div>\n\n              <div class=\"height-fix is-invisible\"><img loading=\"lazy\" decoding=\"async\" width=\"750\" height=\"868\" src=\"https:\/\/www.jeld-wen.ch\/wp-content\/uploads\/2024\/05\/Subheader_750x868_fr_1.jpg\" class=\"attachment-original size-original\" alt=\"\" srcset=\"https:\/\/www.jeld-wen.ch\/wp-content\/uploads\/2024\/05\/Subheader_750x868_fr_1.jpg 750w, https:\/\/www.jeld-wen.ch\/wp-content\/uploads\/2024\/05\/Subheader_750x868_fr_1-259x300.jpg 259w\" sizes=\"auto, (max-width: 750px) 100vw, 750px\" \/><\/div>\n            \n<style>\n#banner-1527744506 {\n  padding-top: 200px;\n}\n<\/style>\n  <\/div>\n\n\n\n  <div class=\"banner has-hover show-for-medium hide-for-small\" id=\"banner-620546096\">\n          <div class=\"banner-inner fill\">\n        <div class=\"banner-bg fill\" >\n            <img loading=\"lazy\" decoding=\"async\" width=\"2560\" height=\"1440\" src=\"https:\/\/www.jeld-wen.ch\/wp-content\/uploads\/2022\/05\/Showroom_Header_2560x1440px.jpg\" class=\"bg\" alt=\"\" srcset=\"https:\/\/www.jeld-wen.ch\/wp-content\/uploads\/2022\/05\/Showroom_Header_2560x1440px.jpg 2560w, https:\/\/www.jeld-wen.ch\/wp-content\/uploads\/2022\/05\/Showroom_Header_2560x1440px-300x169.jpg 300w, https:\/\/www.jeld-wen.ch\/wp-content\/uploads\/2022\/05\/Showroom_Header_2560x1440px-1024x576.jpg 1024w, https:\/\/www.jeld-wen.ch\/wp-content\/uploads\/2022\/05\/Showroom_Header_2560x1440px-768x432.jpg 768w, https:\/\/www.jeld-wen.ch\/wp-content\/uploads\/2022\/05\/Showroom_Header_2560x1440px-1536x864.jpg 1536w, https:\/\/www.jeld-wen.ch\/wp-content\/uploads\/2022\/05\/Showroom_Header_2560x1440px-2048x1152.jpg 2048w\" sizes=\"auto, (max-width: 2560px) 100vw, 2560px\" \/>                                    \n                    <\/div>\n\t\t\n        <div class=\"banner-layers container\">\n            <div class=\"fill banner-link\"><\/div>            \n        <\/div>\n      <\/div>\n\n              <div class=\"height-fix is-invisible\"><img loading=\"lazy\" decoding=\"async\" width=\"2560\" height=\"1440\" src=\"https:\/\/www.jeld-wen.ch\/wp-content\/uploads\/2022\/05\/Showroom_Header_2560x1440px.jpg\" class=\"attachment-original size-original\" alt=\"\" srcset=\"https:\/\/www.jeld-wen.ch\/wp-content\/uploads\/2022\/05\/Showroom_Header_2560x1440px.jpg 2560w, https:\/\/www.jeld-wen.ch\/wp-content\/uploads\/2022\/05\/Showroom_Header_2560x1440px-300x169.jpg 300w, https:\/\/www.jeld-wen.ch\/wp-content\/uploads\/2022\/05\/Showroom_Header_2560x1440px-1024x576.jpg 1024w, https:\/\/www.jeld-wen.ch\/wp-content\/uploads\/2022\/05\/Showroom_Header_2560x1440px-768x432.jpg 768w, https:\/\/www.jeld-wen.ch\/wp-content\/uploads\/2022\/05\/Showroom_Header_2560x1440px-1536x864.jpg 1536w, https:\/\/www.jeld-wen.ch\/wp-content\/uploads\/2022\/05\/Showroom_Header_2560x1440px-2048x1152.jpg 2048w\" sizes=\"auto, (max-width: 2560px) 100vw, 2560px\" \/><\/div>\n            \n<style>\n#banner-620546096 {\n  padding-top: 300px;\n}\n<\/style>\n  <\/div>\n\n\n\n\t<section class=\"section show-for-medium\" id=\"section_2030005100\">\n\t\t<div class=\"section-bg fill\" >\n\t\t\t\t\t\t\t\t\t\n\t\t\t\n\n\t\t<\/div>\n\n\t\t\n\n\t\t<div class=\"section-content relative\">\n\t\t\t\n<div class=\"row\"  id=\"row-1683673062\">\n\n\t<div id=\"col-851363459\" class=\"col medium-12 small-12 large-10\"  >\n\t\t\t\t<div class=\"col-inner text-center\"  >\n\t\t\t\n\t\t\t\n<h3 class=\"uppercase\" style=\"text-align: center;\">Bienvenue dans les Galeries des portes JELD-WEN!<\/h3>\n<p style=\"text-align: center;\">Les marques des portes JELD-WEN s\u00e9duisent. Leur qualit\u00e9 doit \u00eatre vue et ressentie de pr\u00e8s, leur fonctionnalit\u00e9 doit \u00eatre appr\u00e9ci\u00e9e en personne. Nos nouvelles Galeries des portes \u00e0 Bremgarten et Ch\u00e2tel-St-Denis, sur 400 m\u00b2, sont le cadre id\u00e9al pour se laisser convaincre par les nombreuses solutions de portes. Nous offrons ainsi une v\u00e9ritable exp\u00e9rience qui rend encore plus attrayant le plus grand choix de portes de Suisse.<\/p>\n\t\t<\/div>\n\t\t\t\t\n<style>\n#col-851363459 > .col-inner {\n  padding: 20px 0px 0px 0px;\n}\n<\/style>\n\t<\/div>\n\n\t\n<\/div>\n\t\t<\/div>\n\n\t\t\n<style>\n#section_2030005100 {\n  padding-top: 61px;\n  padding-bottom: 61px;\n  min-height: 300px;\n  background-color: rgb(255, 255, 255);\n}\n@media (min-width:850px) {\n  #section_2030005100 {\n    padding-top: 60px;\n    padding-bottom: 60px;\n  }\n}\n<\/style>\n\t<\/section>\n\t\n\n\t<section class=\"section\" id=\"section_979315081\">\n\t\t<div class=\"section-bg fill\" >\n\t\t\t\t\t\t\t\t\t\n\t\t\t\n\n\t\t<\/div>\n\n\t\t\n\n\t\t<div class=\"section-content relative\">\n\t\t\t\n\t<div id=\"gap-1891380157\" class=\"gap-element clearfix hide-for-medium\" style=\"display:block; height:auto;\">\n\t\t\n<style>\n#gap-1891380157 {\n  padding-top: 5%;\n}\n<\/style>\n\t<\/div>\n\t\n<div class=\"row\"  id=\"row-699775259\">\n\n\t<div id=\"col-283806409\" class=\"col medium-6 small-12 large-6\"  >\n\t\t\t\t<div class=\"col-inner\"  >\n\t\t\t\n\t\t\t\n\t<div class=\"img has-hover x md-x lg-x y md-y lg-y\" id=\"image_384847101\">\n\t\t\t\t\t\t\t\t<div class=\"img-inner dark\" >\n\t\t\t<img loading=\"lazy\" decoding=\"async\" width=\"800\" height=\"445\" src=\"https:\/\/www.jeld-wen.ch\/wp-content\/uploads\/2024\/05\/JWCH-W24012_Tuerenschauraum_Var1_fr_800x445px.jpg\" class=\"attachment-original size-original\" alt=\"\" srcset=\"https:\/\/www.jeld-wen.ch\/wp-content\/uploads\/2024\/05\/JWCH-W24012_Tuerenschauraum_Var1_fr_800x445px.jpg 800w, https:\/\/www.jeld-wen.ch\/wp-content\/uploads\/2024\/05\/JWCH-W24012_Tuerenschauraum_Var1_fr_800x445px-300x167.jpg 300w, https:\/\/www.jeld-wen.ch\/wp-content\/uploads\/2024\/05\/JWCH-W24012_Tuerenschauraum_Var1_fr_800x445px-768x427.jpg 768w\" sizes=\"auto, (max-width: 800px) 100vw, 800px\" \/>\t\t\t\t\t\t\n\t\t\t\t\t<\/div>\n\t\t\t\t\t\t\t\t\n<style>\n#image_384847101 {\n  width: 100%;\n}\n<\/style>\n\t<\/div>\n\t\n\t\t<\/div>\n\t\t\t\t\t<\/div>\n\n\t\n\n\t<div id=\"col-176766709\" class=\"col medium-6 small-12 large-6\"  >\n\t\t\t\t<div class=\"col-inner\"  >\n\t\t\t\n\t\t\t\n<h3><span style=\"color: #282828;\">Un aper\u00e7u de nos Galeries des portes<\/span><\/h3>\n<ul>\n<li>Le plus grand choix de portes en Suisse, pr\u00e9sent\u00e9 dans deux sites, sur respectivement 400 m\u00b2 de surface d&#8217;exposition<\/li>\n<li>Quatre grandes marques de portes: KELLPAX, JELD-WEN, DANA, BOS<\/li>\n<li>Portes int\u00e9rieures, portes ext\u00e9rieures, portes fonctionnelles et solutions de portes coulissantes<\/li>\n<li>Diff\u00e9rentes surfaces, syst\u00e8mes de cadres, poign\u00e9es de porte et bien plus encore&#8230;<\/li>\n<li>Solutions cr\u00e9atives pour les nouvelles constructions et les r\u00e9novations<\/li>\n<li>Support par nos collaborateurs sur place<\/li>\n<li>Un rendez-vous simple et rapide dans la Galerie des Portes:<br \/><a href=\"mailto:tueren@jeldwen.com\"><strong>Prenez rendez-vous &gt;&gt;<\/strong><\/a><\/li>\n<\/ul>\n<a href=\"#\" class=\"button primary hidden\"  >\n\t\t<span>FOLDER T\u00dcRENGALERIE DOWNLOADEN<\/span>\n\t<\/a>\n\n\t\t<\/div>\n\t\t\t\t\t<\/div>\n\n\t\n<\/div>\n<div class=\"row\"  id=\"row-2106439632\">\n\n\t<div id=\"col-1988147170\" class=\"col medium-6 small-12 large-6\"  >\n\t\t\t\t<div class=\"col-inner\"  >\n\t\t\t\n\t\t\t\n\t<div class=\"img has-hover x md-x lg-x y md-y lg-y\" id=\"image_798239871\">\n\t\t\t\t\t\t\t\t<div class=\"img-inner dark\" >\n\t\t\t<img loading=\"lazy\" decoding=\"async\" width=\"800\" height=\"445\" src=\"https:\/\/www.jeld-wen.ch\/wp-content\/uploads\/2022\/05\/Showroom_Content-2_800x445.jpg\" class=\"attachment-original size-original\" alt=\"\" srcset=\"https:\/\/www.jeld-wen.ch\/wp-content\/uploads\/2022\/05\/Showroom_Content-2_800x445.jpg 800w, https:\/\/www.jeld-wen.ch\/wp-content\/uploads\/2022\/05\/Showroom_Content-2_800x445-300x167.jpg 300w, https:\/\/www.jeld-wen.ch\/wp-content\/uploads\/2022\/05\/Showroom_Content-2_800x445-768x427.jpg 768w\" sizes=\"auto, (max-width: 800px) 100vw, 800px\" \/>\t\t\t\t\t\t\n\t\t\t\t\t<\/div>\n\t\t\t\t\t\t\t\t\n<style>\n#image_798239871 {\n  width: 100%;\n}\n<\/style>\n\t<\/div>\n\t\n\t\t<\/div>\n\t\t\t\t\t<\/div>\n\n\t\n\n\t<div id=\"col-954741805\" class=\"col medium-6 small-12 large-6\"  >\n\t\t\t\t<div class=\"col-inner\"  >\n\t\t\t\n\t\t\t\n<h3><span style=\"color: #282828;\">Nos succursales \u00e0 Bremgarten et Ch\u00e2tel-St-Denis<\/span><\/h3>\n<p>Nos locaux de Bremgarten et de Ch\u00e2tel-St-Denis sont facilement accessibles et vous permettent de d\u00e9couvrir en live la diversit\u00e9 de nos portes dans un cadre accueillant et une situation g\u00e9ographique id\u00e9ale. Tout au long de l&#8217;ann\u00e9e, les portes de nos Galeries vous sont ouvertes (sur rendez-vous). Nous nous r\u00e9jouissons de votre visite.<\/p>\n<p><strong>Bremgarten:<\/strong><br \/>\nLuzernerstrasse 48, 5620 Bremgarten, Suisse<\/p>\n<p><strong>Ch\u00e2tel-St-Denis:<\/strong><br \/>\nRte de Montreux 149, 1618 Ch\u00e2tel-Saint-Denis, Suisse<\/p>\n\t\t<\/div>\n\t\t\t\t\t<\/div>\n\n\t\n<\/div>\n\t\t<\/div>\n\n\t\t\n<style>\n#section_979315081 {\n  padding-top: 0px;\n  padding-bottom: 0px;\n}\n@media (min-width:550px) {\n  #section_979315081 {\n    padding-top: 0px;\n    padding-bottom: 0px;\n  }\n}\n@media (min-width:850px) {\n  #section_979315081 {\n    padding-top: 30px;\n    padding-bottom: 30px;\n  }\n}\n<\/style>\n\t<\/section>\n\t\n\n\t<section class=\"section\" id=\"section_1401367764\">\n\t\t<div class=\"section-bg fill\" >\n\t\t\t\t\t\t\t\t\t\n\t\t\t\n\n\t\t<\/div>\n\n\t\t\n\n\t\t<div class=\"section-content relative\">\n\t\t\t\n<div class=\"row\" style=\"max-width:1500px\" id=\"row-2074843976\">\n\n\t<div id=\"col-760287745\" class=\"col medium-12 small-12 large-4\"  >\n\t\t\t\t<div class=\"col-inner text-center\"  >\n\t\t\t\n\t\t\t\n<a href=\"https:\/\/www.jeld-wen.ch\/wp-content\/uploads\/2024\/06\/Plan_Tuerengalerie_Bremgarten_Mai_2024.pdf\" class=\"button primary\"  >\n\t\t<span>T\u00c9L\u00c9CHARGER PLAN DE L'EXPOSITION DE BREMGARTEN<\/span>\n\t<\/a>\n\n\t\t<\/div>\n\t\t\t\t\t<\/div>\n\n\t\n\n\t<div id=\"col-714839802\" class=\"col medium-4 small-12 large-4\"  >\n\t\t\t\t<div class=\"col-inner\"  >\n\t\t\t\n\t\t\t\n<a href=\"https:\/\/www.jeld-wen.ch\/wp-content\/uploads\/2023\/11\/Plan_Galerie_Des_Portes_Chatel-St-Denis_novembre_2023-2.pdf\" target=\"_blank\" class=\"button primary\" rel=\"noopener\"  >\n\t\t<span>T\u00c9L\u00c9CHARGER PLAN DE L'EXPOSITION DE CH\u00c2TEL-ST-DENIS<\/span>\n\t<\/a>\n\n\t\t<\/div>\n\t\t\t\t\t<\/div>\n\n\t\n\n\t<div id=\"col-133114820\" class=\"col medium-12 small-12 large-4\"  >\n\t\t\t\t<div class=\"col-inner text-center\"  >\n\t\t\t\n\t\t\t\n<a href=\"https:\/\/www.jeld-wen.ch\/fr\/showroom-anmeldung\/\" class=\"button primary hidden\"  style=\"padding:28px 110px 29px 110px;\">\n\t\t<span>PRENDRE RENDEZ-VOUS ICI<\/span>\n\t<\/a>\n\n\t\t<\/div>\n\t\t\t\t\t<\/div>\n\n\t\n\n\n<\/div>\n\t\t<\/div>\n\n\t\t\n<style>\n#section_1401367764 {\n  padding-top: 40px;\n  padding-bottom: 40px;\n  background-color: rgb(255, 255, 255);\n}\n@media (min-width:550px) {\n  #section_1401367764 {\n    padding-top: 40px;\n    padding-bottom: 40px;\n  }\n}\n<\/style>\n\t<\/section>\n\t\n","protected":false},"excerpt":{"rendered":"","protected":false},"author":1,"featured_media":0,"parent":0,"menu_order":0,"comment_status":"closed","ping_status":"closed","template":"page-blank.php","meta":{"_acf_changed":false,"inline_featured_image":false,"footnotes":""},"class_list":["post-9430","page","type-page","status-publish","hentry"],"acf":[],"yoast_head":"<!-- This site is optimized with the Yoast SEO plugin v27.3 - https:\/\/yoast.com\/product\/yoast-seo-wordpress\/ -->\n<title>Bienvenue dans les Galeries des portes JELD-WEN! - JELD-WEN<\/title>\n<meta name=\"description\" content=\"Unsere T\u00fcrengalerien in Bremgarten &amp; Ch\u00e2tel-St-Denis bieten auf 400 m2 Ausstellungsfl\u00e4che den perfekten Rahmen, um sich von den T\u00fcrl\u00f6sungen zu \u00fcberzeugen.\" \/>\n<meta name=\"robots\" content=\"index, follow, max-snippet:-1, max-image-preview:large, max-video-preview:-1\" \/>\n<link rel=\"canonical\" href=\"https:\/\/www.jeld-wen.ch\/fr\/galeries-des-portes\/\" \/>\n<meta property=\"og:locale\" content=\"fr_FR\" \/>\n<meta property=\"og:type\" content=\"article\" \/>\n<meta property=\"og:title\" content=\"Bienvenue dans les Galeries des portes JELD-WEN! - JELD-WEN\" \/>\n<meta property=\"og:description\" content=\"Unsere T\u00fcrengalerien in Bremgarten &amp; Ch\u00e2tel-St-Denis bieten auf 400 m2 Ausstellungsfl\u00e4che den perfekten Rahmen, um sich von den T\u00fcrl\u00f6sungen zu \u00fcberzeugen.\" \/>\n<meta property=\"og:url\" content=\"https:\/\/www.jeld-wen.ch\/fr\/galeries-des-portes\/\" \/>\n<meta property=\"og:site_name\" content=\"JELD-WEN\" \/>\n<meta property=\"article:modified_time\" content=\"2024-06-03T12:25:19+00:00\" \/>\n<meta name=\"twitter:card\" content=\"summary_large_image\" \/>\n<meta name=\"twitter:label1\" content=\"Dur\u00e9e de lecture estim\u00e9e\" \/>\n\t<meta name=\"twitter:data1\" content=\"3 minutes\" \/>\n<script type=\"application\/ld+json\" class=\"yoast-schema-graph\">{\"@context\":\"https:\\\/\\\/schema.org\",\"@graph\":[{\"@type\":\"WebPage\",\"@id\":\"https:\\\/\\\/www.jeld-wen.ch\\\/fr\\\/galeries-des-portes\\\/\",\"url\":\"https:\\\/\\\/www.jeld-wen.ch\\\/fr\\\/galeries-des-portes\\\/\",\"name\":\"Bienvenue dans les Galeries des portes JELD-WEN! - JELD-WEN\",\"isPartOf\":{\"@id\":\"https:\\\/\\\/www.jeld-wen.ch\\\/#website\"},\"datePublished\":\"2022-05-25T06:08:05+00:00\",\"dateModified\":\"2024-06-03T12:25:19+00:00\",\"description\":\"Unsere T\u00fcrengalerien in Bremgarten & Ch\u00e2tel-St-Denis bieten auf 400 m2 Ausstellungsfl\u00e4che den perfekten Rahmen, um sich von den T\u00fcrl\u00f6sungen zu \u00fcberzeugen.\",\"breadcrumb\":{\"@id\":\"https:\\\/\\\/www.jeld-wen.ch\\\/fr\\\/galeries-des-portes\\\/#breadcrumb\"},\"inLanguage\":\"fr-FR\",\"potentialAction\":[{\"@type\":\"ReadAction\",\"target\":[\"https:\\\/\\\/www.jeld-wen.ch\\\/fr\\\/galeries-des-portes\\\/\"]}]},{\"@type\":\"BreadcrumbList\",\"@id\":\"https:\\\/\\\/www.jeld-wen.ch\\\/fr\\\/galeries-des-portes\\\/#breadcrumb\",\"itemListElement\":[{\"@type\":\"ListItem\",\"position\":1,\"name\":\"Startseite\",\"item\":\"https:\\\/\\\/www.jeld-wen.ch\\\/fr\\\/\"},{\"@type\":\"ListItem\",\"position\":2,\"name\":\"Bienvenue dans les Galeries des portes JELD-WEN!\"}]},{\"@type\":\"WebSite\",\"@id\":\"https:\\\/\\\/www.jeld-wen.ch\\\/#website\",\"url\":\"https:\\\/\\\/www.jeld-wen.ch\\\/\",\"name\":\"JELD-WEN\",\"description\":\"3 starke T\u00fcrenmarken unter einem Dach.\",\"potentialAction\":[{\"@type\":\"SearchAction\",\"target\":{\"@type\":\"EntryPoint\",\"urlTemplate\":\"https:\\\/\\\/www.jeld-wen.ch\\\/?s={search_term_string}\"},\"query-input\":{\"@type\":\"PropertyValueSpecification\",\"valueRequired\":true,\"valueName\":\"search_term_string\"}}],\"inLanguage\":\"fr-FR\"}]}<\/script>\n<!-- \/ Yoast SEO plugin. -->","yoast_head_json":{"title":"Bienvenue dans les Galeries des portes JELD-WEN! - JELD-WEN","description":"Unsere T\u00fcrengalerien in Bremgarten & Ch\u00e2tel-St-Denis bieten auf 400 m2 Ausstellungsfl\u00e4che den perfekten Rahmen, um sich von den T\u00fcrl\u00f6sungen zu \u00fcberzeugen.","robots":{"index":"index","follow":"follow","max-snippet":"max-snippet:-1","max-image-preview":"max-image-preview:large","max-video-preview":"max-video-preview:-1"},"canonical":"https:\/\/www.jeld-wen.ch\/fr\/galeries-des-portes\/","og_locale":"fr_FR","og_type":"article","og_title":"Bienvenue dans les Galeries des portes JELD-WEN! - JELD-WEN","og_description":"Unsere T\u00fcrengalerien in Bremgarten & Ch\u00e2tel-St-Denis bieten auf 400 m2 Ausstellungsfl\u00e4che den perfekten Rahmen, um sich von den T\u00fcrl\u00f6sungen zu \u00fcberzeugen.","og_url":"https:\/\/www.jeld-wen.ch\/fr\/galeries-des-portes\/","og_site_name":"JELD-WEN","article_modified_time":"2024-06-03T12:25:19+00:00","twitter_card":"summary_large_image","twitter_misc":{"Dur\u00e9e de lecture estim\u00e9e":"3 minutes"},"schema":{"@context":"https:\/\/schema.org","@graph":[{"@type":"WebPage","@id":"https:\/\/www.jeld-wen.ch\/fr\/galeries-des-portes\/","url":"https:\/\/www.jeld-wen.ch\/fr\/galeries-des-portes\/","name":"Bienvenue dans les Galeries des portes JELD-WEN! - JELD-WEN","isPartOf":{"@id":"https:\/\/www.jeld-wen.ch\/#website"},"datePublished":"2022-05-25T06:08:05+00:00","dateModified":"2024-06-03T12:25:19+00:00","description":"Unsere T\u00fcrengalerien in Bremgarten & Ch\u00e2tel-St-Denis bieten auf 400 m2 Ausstellungsfl\u00e4che den perfekten Rahmen, um sich von den T\u00fcrl\u00f6sungen zu \u00fcberzeugen.","breadcrumb":{"@id":"https:\/\/www.jeld-wen.ch\/fr\/galeries-des-portes\/#breadcrumb"},"inLanguage":"fr-FR","potentialAction":[{"@type":"ReadAction","target":["https:\/\/www.jeld-wen.ch\/fr\/galeries-des-portes\/"]}]},{"@type":"BreadcrumbList","@id":"https:\/\/www.jeld-wen.ch\/fr\/galeries-des-portes\/#breadcrumb","itemListElement":[{"@type":"ListItem","position":1,"name":"Startseite","item":"https:\/\/www.jeld-wen.ch\/fr\/"},{"@type":"ListItem","position":2,"name":"Bienvenue dans les Galeries des portes JELD-WEN!"}]},{"@type":"WebSite","@id":"https:\/\/www.jeld-wen.ch\/#website","url":"https:\/\/www.jeld-wen.ch\/","name":"JELD-WEN","description":"3 starke T\u00fcrenmarken unter einem Dach.","potentialAction":[{"@type":"SearchAction","target":{"@type":"EntryPoint","urlTemplate":"https:\/\/www.jeld-wen.ch\/?s={search_term_string}"},"query-input":{"@type":"PropertyValueSpecification","valueRequired":true,"valueName":"search_term_string"}}],"inLanguage":"fr-FR"}]}},"_links":{"self":[{"href":"https:\/\/www.jeld-wen.ch\/fr\/wp-json\/wp\/v2\/pages\/9430","targetHints":{"allow":["GET"]}}],"collection":[{"href":"https:\/\/www.jeld-wen.ch\/fr\/wp-json\/wp\/v2\/pages"}],"about":[{"href":"https:\/\/www.jeld-wen.ch\/fr\/wp-json\/wp\/v2\/types\/page"}],"author":[{"embeddable":true,"href":"https:\/\/www.jeld-wen.ch\/fr\/wp-json\/wp\/v2\/users\/1"}],"replies":[{"embeddable":true,"href":"https:\/\/www.jeld-wen.ch\/fr\/wp-json\/wp\/v2\/comments?post=9430"}],"version-history":[{"count":31,"href":"https:\/\/www.jeld-wen.ch\/fr\/wp-json\/wp\/v2\/pages\/9430\/revisions"}],"predecessor-version":[{"id":11326,"href":"https:\/\/www.jeld-wen.ch\/fr\/wp-json\/wp\/v2\/pages\/9430\/revisions\/11326"}],"wp:attachment":[{"href":"https:\/\/www.jeld-wen.ch\/fr\/wp-json\/wp\/v2\/media?parent=9430"}],"curies":[{"name":"wp","href":"https:\/\/api.w.org\/{rel}","templated":true}]}}