{"id":7071,"date":"2019-10-10T14:29:17","date_gmt":"2019-10-10T12:29:17","guid":{"rendered":"https:\/\/jeldwen2020.neuim.net\/bauproduktegesetz-neu\/"},"modified":"2021-03-30T11:40:41","modified_gmt":"2021-03-30T09:40:41","slug":"loi-sur-les-produits-de-construction-nouveau","status":"publish","type":"page","link":"https:\/\/www.jeld-wen.ch\/fr\/loi-sur-les-produits-de-construction-nouveau\/","title":{"rendered":"LOI SUR LES PRODUITS DE CONSTRUCTION NOUVEAU !"},"content":{"rendered":"\n  <div class=\"banner has-hover banner-desktop is-full-height hide-for-medium\" id=\"banner-856795529\">\n          <div class=\"banner-inner fill\">\n        <div class=\"banner-bg fill\" >\n            <img loading=\"lazy\" decoding=\"async\" width=\"1920\" height=\"1190\" src=\"https:\/\/www.jeld-wen.ch\/wp-content\/uploads\/2020\/02\/Brandschutz-LandingPage-FRZ-240220.jpg\" class=\"bg\" alt=\"\" srcset=\"https:\/\/www.jeld-wen.ch\/wp-content\/uploads\/2020\/02\/Brandschutz-LandingPage-FRZ-240220.jpg 1920w, https:\/\/www.jeld-wen.ch\/wp-content\/uploads\/2020\/02\/Brandschutz-LandingPage-FRZ-240220-300x186.jpg 300w, https:\/\/www.jeld-wen.ch\/wp-content\/uploads\/2020\/02\/Brandschutz-LandingPage-FRZ-240220-1024x635.jpg 1024w, https:\/\/www.jeld-wen.ch\/wp-content\/uploads\/2020\/02\/Brandschutz-LandingPage-FRZ-240220-768x476.jpg 768w, https:\/\/www.jeld-wen.ch\/wp-content\/uploads\/2020\/02\/Brandschutz-LandingPage-FRZ-240220-1536x952.jpg 1536w\" sizes=\"auto, (max-width: 1920px) 100vw, 1920px\" \/>                                    \n                    <\/div>\n\t\t\n        <div class=\"banner-layers container\">\n            <div class=\"fill banner-link\"><\/div>            \n   <div id=\"text-box-754099280\" class=\"text-box banner-layer x100 md-x100 lg-x100 y50 md-y50 lg-y50 res-text\">\n                                <div class=\"text-box-content text \">\n              \n              <div class=\"text-inner text-left\">\n                  \n<div class=\"maske-light\">\n<h2 style=\"text-align: left;\"><span style=\"color: #333333;\">LOI SUR LES PRODUITS DE CONSTRUCTION NOUVEAU !<\/span><\/h2>\n<p style=\"text-align: left;\"><span style=\"color: #333333;\">La nouvelle r\u00e9glementation sur la d\u00e9claration et la certification des portes coupe-feu ext\u00e9rieures repr\u00e9sente un surcro\u00eet de travail pour vous. C\u2019est pourquoi nous voulons vous soutenir au mieux lors de sa mise en \u0153uvre et faire en sorte que votre charge de travail se limite au minimum.<br \/>\n<\/span><\/p>\n<ul>\n<li style=\"text-align: left;\"><span style=\"color: #333333;\"><strong>Quand<\/strong> la modification entre-t-elle en vigueur ? La nouvelle loi sur les produits de construction est entr\u00e9e en vigueur le 1.11.2019.<\/span><\/li>\n<li style=\"text-align: left;\"><span style=\"color: #333333;\"><strong>Qui <\/strong>doit l\u2019appliquer ? Les fabricants, les transformateurs et les vendeurs de portes coupe-feu ext\u00e9rieures.<\/span><\/li>\n<li style=\"text-align: left;\"><span style=\"color: #333333;\"><strong>Qu\u2019est<\/strong>-ce qui change ? La charge de travail en mati\u00e8re de certification et de documentation pour les portes<br \/>\ncoupe-feu ext\u00e9rieures.<br \/>\n<\/span><\/li>\n<\/ul>\n<div class=\"scroll-down-dark\">\n<\/div>\n<\/div>\n              <\/div>\n           <\/div>\n                            \n<style>\n#text-box-754099280 {\n  width: 37%;\n}\n#text-box-754099280 .text-box-content {\n  font-size: 100%;\n}\n<\/style>\n    <\/div>\n \n        <\/div>\n      <\/div>\n\n            \n<style>\n#banner-856795529 {\n  padding-top: 100%;\n}\n#banner-856795529 .banner-bg img {\n  object-position: 13% 22%;\n}\n<\/style>\n  <\/div>\n\n\n\n  <div class=\"banner has-hover show-for-medium\" id=\"banner-1972395590\">\n          <div class=\"banner-inner fill\">\n        <div class=\"banner-bg fill\" >\n            <img loading=\"lazy\" decoding=\"async\" width=\"1920\" height=\"1190\" src=\"https:\/\/www.jeld-wen.ch\/wp-content\/uploads\/2019\/10\/Brandschutz-LandingPage-081019-ohne-Headline.jpg\" class=\"bg\" alt=\"\" srcset=\"https:\/\/www.jeld-wen.ch\/wp-content\/uploads\/2019\/10\/Brandschutz-LandingPage-081019-ohne-Headline.jpg 1920w, https:\/\/www.jeld-wen.ch\/wp-content\/uploads\/2019\/10\/Brandschutz-LandingPage-081019-ohne-Headline-300x186.jpg 300w, https:\/\/www.jeld-wen.ch\/wp-content\/uploads\/2019\/10\/Brandschutz-LandingPage-081019-ohne-Headline-768x476.jpg 768w, https:\/\/www.jeld-wen.ch\/wp-content\/uploads\/2019\/10\/Brandschutz-LandingPage-081019-ohne-Headline-1024x635.jpg 1024w\" sizes=\"auto, (max-width: 1920px) 100vw, 1920px\" \/>                                    \n                    <\/div>\n\t\t\n        <div class=\"banner-layers container\">\n            <div class=\"fill banner-link\"><\/div>            \n        <\/div>\n      <\/div>\n\n              <div class=\"height-fix is-invisible\"><img loading=\"lazy\" decoding=\"async\" width=\"1920\" height=\"1190\" src=\"https:\/\/www.jeld-wen.ch\/wp-content\/uploads\/2019\/10\/Brandschutz-LandingPage-081019-ohne-Headline.jpg\" class=\"attachment-orginal size-orginal\" alt=\"\" srcset=\"https:\/\/www.jeld-wen.ch\/wp-content\/uploads\/2019\/10\/Brandschutz-LandingPage-081019-ohne-Headline.jpg 1920w, https:\/\/www.jeld-wen.ch\/wp-content\/uploads\/2019\/10\/Brandschutz-LandingPage-081019-ohne-Headline-300x186.jpg 300w, https:\/\/www.jeld-wen.ch\/wp-content\/uploads\/2019\/10\/Brandschutz-LandingPage-081019-ohne-Headline-768x476.jpg 768w, https:\/\/www.jeld-wen.ch\/wp-content\/uploads\/2019\/10\/Brandschutz-LandingPage-081019-ohne-Headline-1024x635.jpg 1024w\" sizes=\"auto, (max-width: 1920px) 100vw, 1920px\" \/><\/div>\n              <\/div>\n\n\n\n\t<section class=\"section show-for-medium\" id=\"section_977110603\">\n\t\t<div class=\"section-bg fill\" >\n\t\t\t\t\t\t\t\t\t\n\t\t\t\n\n\t\t<\/div>\n\n\t\t\n\n\t\t<div class=\"section-content relative\">\n\t\t\t\n<div class=\"row\"  id=\"row-196426503\">\n\n\t<div id=\"col-195847562\" class=\"col medium-12 small-12 large-10\"  >\n\t\t\t\t<div class=\"col-inner text-center\"  >\n\t\t\t\n\t\t\t\n<h2 class=\"uppercase\">LOI SUR LES PRODUITS DE CONSTRUCTION NOUVEAU !<\/h2>\n<p style=\"text-align: left;\">La nouvelle r\u00e9glementation sur la d\u00e9claration et la certification des portes coupe-feu ext\u00e9rieures repr\u00e9sente un surcro\u00eet de travail pour vous. C\u2019est pourquoi nous voulons vous soutenir au mieux lors de sa mise en \u0153uvre et faire en sorte que votre charge de travail se limite au minimum.<\/p>\n<ul>\n<li>\n<p style=\"text-align: left;\"><strong>Quand <\/strong>la modification entre-t-elle en vigueur ? La nouvelle loi sur les produits de construction est entr\u00e9e en vigueur le 1.11.2019.<\/p>\n<\/li>\n<li style=\"text-align: left;\">\n<p><strong>Qui <\/strong>doit l\u2019appliquer ? Les fabricants, les transformateurs et les vendeurs de portes coupe-feu ext\u00e9rieures.<\/p>\n<\/li>\n<li style=\"text-align: left;\">\n<p style=\"text-align: left;\"><strong>Qu\u2019est<\/strong>-ce qui change ? La charge de travail en mati\u00e8re de certification et de documentation pour les portes coupe-feu ext\u00e9rieures.<\/p>\n<\/li>\n<\/ul>\n\t\t<\/div>\n\t\t\t\t\n<style>\n#col-195847562 > .col-inner {\n  padding: 20px 0px 0px 0px;\n}\n<\/style>\n\t<\/div>\n\n\t\n<\/div>\n\t\t<\/div>\n\n\t\t\n<style>\n#section_977110603 {\n  padding-top: 60px;\n  padding-bottom: 60px;\n  min-height: 300px;\n  background-color: rgb(255, 255, 255);\n}\n<\/style>\n\t<\/section>\n\t\n\n\t<section class=\"section\" id=\"section_427170694\">\n\t\t<div class=\"section-bg fill\" >\n\t\t\t<img loading=\"lazy\" decoding=\"async\" width=\"1920\" height=\"1190\" src=\"https:\/\/www.jeld-wen.ch\/wp-content\/uploads\/2019\/10\/Brandschutz-LandingPage-081019-ohne-Headline.jpg\" class=\"bg\" alt=\"\" srcset=\"https:\/\/www.jeld-wen.ch\/wp-content\/uploads\/2019\/10\/Brandschutz-LandingPage-081019-ohne-Headline.jpg 1920w, https:\/\/www.jeld-wen.ch\/wp-content\/uploads\/2019\/10\/Brandschutz-LandingPage-081019-ohne-Headline-300x186.jpg 300w, https:\/\/www.jeld-wen.ch\/wp-content\/uploads\/2019\/10\/Brandschutz-LandingPage-081019-ohne-Headline-768x476.jpg 768w, https:\/\/www.jeld-wen.ch\/wp-content\/uploads\/2019\/10\/Brandschutz-LandingPage-081019-ohne-Headline-1024x635.jpg 1024w\" sizes=\"auto, (max-width: 1920px) 100vw, 1920px\" \/>\t\t\t\t\t\t\n\t\t\t\n\n\t\t<\/div>\n\n\t\t\n\n\t\t<div class=\"section-content relative\">\n\t\t\t\n\t<div id=\"gap-978519638\" class=\"gap-element clearfix hide-for-medium\" style=\"display:block; height:auto;\">\n\t\t\n<style>\n#gap-978519638 {\n  padding-top: 10%;\n}\n<\/style>\n\t<\/div>\n\t\n<div class=\"row\"  id=\"row-467146307\">\n\n\t<div id=\"col-1442122941\" class=\"col small-12 large-12\"  >\n\t\t\t\t<div class=\"col-inner\"  >\n\t\t\t\n\t\t\t\n<h3>PR\u00c9PAREZ-VOUS \u00c0 LA NOUVELLE LOI SUR LES PRODUITS DE CONSTRUCTION !<\/span><\/h3>\n<p><video width=\"100%\" max-width=\"1050px\" height=\"auto\" controls><source src=\"https:\/\/www.jeld-wen.ch\/wp-content\/uploads\/2020\/03\/JWCH-Brandschutzportal-MAIN-UT-FR-170320-720p-1Mbit.mp4\" type=\"video\/mp4\"><\/video><\/p>\n<a href=\"https:\/\/brandschutzverordnung.jeld-wen.ch\/fr\/\" target=\"_blank\" class=\"button secondary is-outline is-larger\" rel=\"noopener\"  >\n\t\t<span>S'INSCRIRE ICI !<\/span>\n\t<\/a>\n\n\t\t<\/div>\n\t\t\t\t\t<\/div>\n\n\t\n<\/div>\n\t<div id=\"gap-1206247625\" class=\"gap-element clearfix hide-for-medium\" style=\"display:block; height:auto;\">\n\t\t\n<style>\n#gap-1206247625 {\n  padding-top: 10%;\n}\n<\/style>\n\t<\/div>\n\t\n\t\t<\/div>\n\n\t\t\n<style>\n#section_427170694 {\n  padding-top: 30px;\n  padding-bottom: 30px;\n}\n<\/style>\n\t<\/section>\n\t\n\n\n\n\n\t<section class=\"section\" id=\"section_1629305353\">\n\t\t<div class=\"section-bg fill\" >\n\t\t\t\t\t\t\t\t\t\n\t\t\t\n\n\t\t<\/div>\n\n\t\t\n\n\t\t<div class=\"section-content relative\">\n\t\t\t\n\t<div id=\"gap-1676199461\" class=\"gap-element clearfix\" style=\"display:block; height:auto;\">\n\t\t\n<style>\n#gap-1676199461 {\n  padding-top: 10%;\n}\n<\/style>\n\t<\/div>\n\t\n<div class=\"row\" style=\"max-width:1500px\" id=\"row-334127466\">\n\n\t<div id=\"col-1811964319\" class=\"col medium-6 small-12 large-4\"  >\n\t\t\t\t<div class=\"col-inner\"  >\n\t\t\t\n\t\t\t\n\t<div class=\"box has-hover   has-hover box-shade dark box-text-middle\" >\n\n\t\t<div class=\"box-image\" >\n\t\t\t<a href=\"https:\/\/www.jeld-wen.ch\/zertifizierung-und-kennzeichnung\" >\t\t\t<div class=\"\" >\n\t\t\t\t<img loading=\"lazy\" decoding=\"async\" width=\"1000\" height=\"1005\" src=\"https:\/\/www.jeld-wen.ch\/wp-content\/uploads\/2019\/10\/Kachel-A.jpg\" class=\"attachment- size-\" alt=\"\" srcset=\"https:\/\/www.jeld-wen.ch\/wp-content\/uploads\/2019\/10\/Kachel-A.jpg 1000w, https:\/\/www.jeld-wen.ch\/wp-content\/uploads\/2019\/10\/Kachel-A-150x150.jpg 150w, https:\/\/www.jeld-wen.ch\/wp-content\/uploads\/2019\/10\/Kachel-A-768x772.jpg 768w\" sizes=\"auto, (max-width: 1000px) 100vw, 1000px\" \/>\t\t\t\t\t\t\t\t<div class=\"shade\"><\/div>\t\t\t<\/div>\n\t\t\t<\/a>\t\t<\/div>\n\n\t\t<div class=\"box-text text-left\" style=\"padding:0px 8% 0px 8%;\">\n\t\t\t<div class=\"box-text-inner\">\n\t\t\t\t\n<h4 style=\"text-align: left;\"><span style=\"font-size: 180%;\">CERTIFICATION ET D\u00c9CLARATION EN TOUTE SIMPLICIT\u00c9<\/span><\/h4>\n<a href=\"\/fr\/loi-sur-les-produits-de-construction-nouveau\/certification-et-declaration\/\" class=\"button primary is-large\"  >\n\t\t<span>En savoir plus !<\/span>\n\t<\/a>\n\n\t\t\t<\/div>\n\t\t<\/div>\n\t<\/div>\n\t\n\t\t<\/div>\n\t\t\t\t\t<\/div>\n\n\t\n\n\t<div id=\"col-768429443\" class=\"col medium-6 small-12 large-4\"  >\n\t\t\t\t<div class=\"col-inner\"  >\n\t\t\t\n\t\t\t\n\t<div class=\"box has-hover   has-hover box-shade dark box-text-middle\" >\n\n\t\t<div class=\"box-image\" >\n\t\t\t\t\t\t<div class=\"\" >\n\t\t\t\t<img loading=\"lazy\" decoding=\"async\" width=\"1000\" height=\"1004\" src=\"https:\/\/www.jeld-wen.ch\/wp-content\/uploads\/2019\/10\/Kachel-B.jpg\" class=\"attachment- size-\" alt=\"\" srcset=\"https:\/\/www.jeld-wen.ch\/wp-content\/uploads\/2019\/10\/Kachel-B.jpg 1000w, https:\/\/www.jeld-wen.ch\/wp-content\/uploads\/2019\/10\/Kachel-B-150x150.jpg 150w, https:\/\/www.jeld-wen.ch\/wp-content\/uploads\/2019\/10\/Kachel-B-300x300.jpg 300w, https:\/\/www.jeld-wen.ch\/wp-content\/uploads\/2019\/10\/Kachel-B-768x771.jpg 768w\" sizes=\"auto, (max-width: 1000px) 100vw, 1000px\" \/>\t\t\t\t\t\t\t\t<div class=\"shade\"><\/div>\t\t\t<\/div>\n\t\t\t\t\t<\/div>\n\n\t\t<div class=\"box-text text-left\" style=\"padding:0px 8% 0px 8%;\">\n\t\t\t<div class=\"box-text-inner\">\n\t\t\t\t\n<h4 style=\"text-align: left;\"><span style=\"font-size: 180%;\">VERS UN PARTENARIAT EN MATI\u00c8RE DE PROTECTION INCENDIE EN QUELQUES \u00c9TAPES SIMPLES<\/span><\/h4>\n<a href=\"\/fr\/loi-sur-les-produits-de-construction-nouveau\/partenariat-en-matiere-de-protection-incendie\/\" class=\"button primary is-large\"  >\n\t\t<span>En savoir plus !<\/span>\n\t<\/a>\n\n\t\t\t<\/div>\n\t\t<\/div>\n\t<\/div>\n\t\n\t\t<\/div>\n\t\t\t\t\t<\/div>\n\n\t\n\n\t<div id=\"col-529623001\" class=\"col medium-6 small-12 large-4\"  >\n\t\t\t\t<div class=\"col-inner\"  >\n\t\t\t\n\t\t\t\n\t<div class=\"box has-hover   has-hover box-shade dark box-text-middle\" >\n\n\t\t<div class=\"box-image\" >\n\t\t\t\t\t\t<div class=\"\" >\n\t\t\t\t<img loading=\"lazy\" decoding=\"async\" width=\"1000\" height=\"1004\" src=\"https:\/\/www.jeld-wen.ch\/wp-content\/uploads\/2019\/10\/Kachel-C.jpg\" class=\"attachment- size-\" alt=\"\" srcset=\"https:\/\/www.jeld-wen.ch\/wp-content\/uploads\/2019\/10\/Kachel-C.jpg 1000w, https:\/\/www.jeld-wen.ch\/wp-content\/uploads\/2019\/10\/Kachel-C-150x150.jpg 150w, https:\/\/www.jeld-wen.ch\/wp-content\/uploads\/2019\/10\/Kachel-C-300x300.jpg 300w, https:\/\/www.jeld-wen.ch\/wp-content\/uploads\/2019\/10\/Kachel-C-768x771.jpg 768w\" sizes=\"auto, (max-width: 1000px) 100vw, 1000px\" \/>\t\t\t\t\t\t\t\t<div class=\"shade\"><\/div>\t\t\t<\/div>\n\t\t\t\t\t<\/div>\n\n\t\t<div class=\"box-text text-left\" style=\"padding:0px 8% 0px 8%;\">\n\t\t\t<div class=\"box-text-inner\">\n\t\t\t\t\n<h4 style=\"text-align: left;\"><span style=\"font-size: 180%;\">VOUS TROUVEREZ ICI LES R\u00c9PONSES \u00c0 VOS <br \/>QUESTIONS !<\/span><\/h4>\n<a href=\"\/fr\/loi-sur-les-produits-de-construction-nouveau\/vous-trouverez-ici-les-reponses-a-vos-questions\/\" class=\"button primary is-large\"  >\n\t\t<span>En savoir plus !<\/span>\n\t<\/a>\n\n\t\t\t<\/div>\n\t\t<\/div>\n\t<\/div>\n\t\n\t\t<\/div>\n\t\t\t\t\t<\/div>\n\n\t\n<\/div>\n\t<div id=\"gap-1861661756\" class=\"gap-element clearfix\" style=\"display:block; height:auto;\">\n\t\t\n<style>\n#gap-1861661756 {\n  padding-top: 10%;\n}\n<\/style>\n\t<\/div>\n\t\n\t\t<\/div>\n\n\t\t\n<style>\n#section_1629305353 {\n  padding-top: 40px;\n  padding-bottom: 40px;\n  background-color: rgb(255, 255, 255);\n}\n@media (min-width:550px) {\n  #section_1629305353 {\n    padding-top: 40px;\n    padding-bottom: 40px;\n  }\n}\n<\/style>\n\t<\/section>\n\t\n","protected":false},"excerpt":{"rendered":"","protected":false},"author":1,"featured_media":0,"parent":0,"menu_order":0,"comment_status":"closed","ping_status":"closed","template":"page-blank.php","meta":{"_acf_changed":false,"inline_featured_image":false,"footnotes":""},"class_list":["post-7071","page","type-page","status-publish","hentry"],"acf":[],"yoast_head":"<!-- This site is optimized with the Yoast SEO plugin v27.3 - https:\/\/yoast.com\/product\/yoast-seo-wordpress\/ -->\n<title>Loi sur les produits de construction nouveau !<\/title>\n<meta name=\"description\" content=\"La nouvelle r\u00e9glementation sur la d\u00e9claration et la certification des portes coupe-feu ext\u00e9rieures repr\u00e9sente un surcro\u00eet de travail pour vous.\" \/>\n<meta name=\"robots\" content=\"index, follow, max-snippet:-1, max-image-preview:large, max-video-preview:-1\" \/>\n<link rel=\"canonical\" href=\"https:\/\/www.jeld-wen.ch\/fr\/loi-sur-les-produits-de-construction-nouveau\/\" \/>\n<meta property=\"og:locale\" content=\"fr_FR\" \/>\n<meta property=\"og:type\" content=\"article\" \/>\n<meta property=\"og:title\" content=\"Loi sur les produits de construction nouveau !\" \/>\n<meta property=\"og:description\" content=\"La nouvelle r\u00e9glementation sur la d\u00e9claration et la certification des portes coupe-feu ext\u00e9rieures repr\u00e9sente un surcro\u00eet de travail pour vous.\" \/>\n<meta property=\"og:url\" content=\"https:\/\/www.jeld-wen.ch\/fr\/loi-sur-les-produits-de-construction-nouveau\/\" \/>\n<meta property=\"og:site_name\" content=\"JELD-WEN\" \/>\n<meta property=\"article:modified_time\" content=\"2021-03-30T09:40:41+00:00\" \/>\n<meta name=\"twitter:card\" content=\"summary_large_image\" \/>\n<meta name=\"twitter:label1\" content=\"Dur\u00e9e de lecture estim\u00e9e\" \/>\n\t<meta name=\"twitter:data1\" content=\"5 minutes\" \/>\n<script type=\"application\/ld+json\" class=\"yoast-schema-graph\">{\"@context\":\"https:\\\/\\\/schema.org\",\"@graph\":[{\"@type\":\"WebPage\",\"@id\":\"https:\\\/\\\/www.jeld-wen.ch\\\/fr\\\/loi-sur-les-produits-de-construction-nouveau\\\/\",\"url\":\"https:\\\/\\\/www.jeld-wen.ch\\\/fr\\\/loi-sur-les-produits-de-construction-nouveau\\\/\",\"name\":\"Loi sur les produits de construction nouveau !\",\"isPartOf\":{\"@id\":\"https:\\\/\\\/www.jeld-wen.ch\\\/#website\"},\"datePublished\":\"2019-10-10T12:29:17+00:00\",\"dateModified\":\"2021-03-30T09:40:41+00:00\",\"description\":\"La nouvelle r\u00e9glementation sur la d\u00e9claration et la certification des portes coupe-feu ext\u00e9rieures repr\u00e9sente un surcro\u00eet de travail pour vous.\",\"breadcrumb\":{\"@id\":\"https:\\\/\\\/www.jeld-wen.ch\\\/fr\\\/loi-sur-les-produits-de-construction-nouveau\\\/#breadcrumb\"},\"inLanguage\":\"fr-FR\",\"potentialAction\":[{\"@type\":\"ReadAction\",\"target\":[\"https:\\\/\\\/www.jeld-wen.ch\\\/fr\\\/loi-sur-les-produits-de-construction-nouveau\\\/\"]}]},{\"@type\":\"BreadcrumbList\",\"@id\":\"https:\\\/\\\/www.jeld-wen.ch\\\/fr\\\/loi-sur-les-produits-de-construction-nouveau\\\/#breadcrumb\",\"itemListElement\":[{\"@type\":\"ListItem\",\"position\":1,\"name\":\"Startseite\",\"item\":\"https:\\\/\\\/www.jeld-wen.ch\\\/fr\\\/\"},{\"@type\":\"ListItem\",\"position\":2,\"name\":\"LOI SUR LES PRODUITS DE CONSTRUCTION NOUVEAU !\"}]},{\"@type\":\"WebSite\",\"@id\":\"https:\\\/\\\/www.jeld-wen.ch\\\/#website\",\"url\":\"https:\\\/\\\/www.jeld-wen.ch\\\/\",\"name\":\"JELD-WEN\",\"description\":\"3 starke T\u00fcrenmarken unter einem Dach.\",\"potentialAction\":[{\"@type\":\"SearchAction\",\"target\":{\"@type\":\"EntryPoint\",\"urlTemplate\":\"https:\\\/\\\/www.jeld-wen.ch\\\/?s={search_term_string}\"},\"query-input\":{\"@type\":\"PropertyValueSpecification\",\"valueRequired\":true,\"valueName\":\"search_term_string\"}}],\"inLanguage\":\"fr-FR\"}]}<\/script>\n<!-- \/ Yoast SEO plugin. -->","yoast_head_json":{"title":"Loi sur les produits de construction nouveau !","description":"La nouvelle r\u00e9glementation sur la d\u00e9claration et la certification des portes coupe-feu ext\u00e9rieures repr\u00e9sente un surcro\u00eet de travail pour vous.","robots":{"index":"index","follow":"follow","max-snippet":"max-snippet:-1","max-image-preview":"max-image-preview:large","max-video-preview":"max-video-preview:-1"},"canonical":"https:\/\/www.jeld-wen.ch\/fr\/loi-sur-les-produits-de-construction-nouveau\/","og_locale":"fr_FR","og_type":"article","og_title":"Loi sur les produits de construction nouveau !","og_description":"La nouvelle r\u00e9glementation sur la d\u00e9claration et la certification des portes coupe-feu ext\u00e9rieures repr\u00e9sente un surcro\u00eet de travail pour vous.","og_url":"https:\/\/www.jeld-wen.ch\/fr\/loi-sur-les-produits-de-construction-nouveau\/","og_site_name":"JELD-WEN","article_modified_time":"2021-03-30T09:40:41+00:00","twitter_card":"summary_large_image","twitter_misc":{"Dur\u00e9e de lecture estim\u00e9e":"5 minutes"},"schema":{"@context":"https:\/\/schema.org","@graph":[{"@type":"WebPage","@id":"https:\/\/www.jeld-wen.ch\/fr\/loi-sur-les-produits-de-construction-nouveau\/","url":"https:\/\/www.jeld-wen.ch\/fr\/loi-sur-les-produits-de-construction-nouveau\/","name":"Loi sur les produits de construction nouveau !","isPartOf":{"@id":"https:\/\/www.jeld-wen.ch\/#website"},"datePublished":"2019-10-10T12:29:17+00:00","dateModified":"2021-03-30T09:40:41+00:00","description":"La nouvelle r\u00e9glementation sur la d\u00e9claration et la certification des portes coupe-feu ext\u00e9rieures repr\u00e9sente un surcro\u00eet de travail pour vous.","breadcrumb":{"@id":"https:\/\/www.jeld-wen.ch\/fr\/loi-sur-les-produits-de-construction-nouveau\/#breadcrumb"},"inLanguage":"fr-FR","potentialAction":[{"@type":"ReadAction","target":["https:\/\/www.jeld-wen.ch\/fr\/loi-sur-les-produits-de-construction-nouveau\/"]}]},{"@type":"BreadcrumbList","@id":"https:\/\/www.jeld-wen.ch\/fr\/loi-sur-les-produits-de-construction-nouveau\/#breadcrumb","itemListElement":[{"@type":"ListItem","position":1,"name":"Startseite","item":"https:\/\/www.jeld-wen.ch\/fr\/"},{"@type":"ListItem","position":2,"name":"LOI SUR LES PRODUITS DE CONSTRUCTION NOUVEAU !"}]},{"@type":"WebSite","@id":"https:\/\/www.jeld-wen.ch\/#website","url":"https:\/\/www.jeld-wen.ch\/","name":"JELD-WEN","description":"3 starke T\u00fcrenmarken unter einem Dach.","potentialAction":[{"@type":"SearchAction","target":{"@type":"EntryPoint","urlTemplate":"https:\/\/www.jeld-wen.ch\/?s={search_term_string}"},"query-input":{"@type":"PropertyValueSpecification","valueRequired":true,"valueName":"search_term_string"}}],"inLanguage":"fr-FR"}]}},"_links":{"self":[{"href":"https:\/\/www.jeld-wen.ch\/fr\/wp-json\/wp\/v2\/pages\/7071","targetHints":{"allow":["GET"]}}],"collection":[{"href":"https:\/\/www.jeld-wen.ch\/fr\/wp-json\/wp\/v2\/pages"}],"about":[{"href":"https:\/\/www.jeld-wen.ch\/fr\/wp-json\/wp\/v2\/types\/page"}],"author":[{"embeddable":true,"href":"https:\/\/www.jeld-wen.ch\/fr\/wp-json\/wp\/v2\/users\/1"}],"replies":[{"embeddable":true,"href":"https:\/\/www.jeld-wen.ch\/fr\/wp-json\/wp\/v2\/comments?post=7071"}],"version-history":[{"count":9,"href":"https:\/\/www.jeld-wen.ch\/fr\/wp-json\/wp\/v2\/pages\/7071\/revisions"}],"predecessor-version":[{"id":8448,"href":"https:\/\/www.jeld-wen.ch\/fr\/wp-json\/wp\/v2\/pages\/7071\/revisions\/8448"}],"wp:attachment":[{"href":"https:\/\/www.jeld-wen.ch\/fr\/wp-json\/wp\/v2\/media?parent=7071"}],"curies":[{"name":"wp","href":"https:\/\/api.w.org\/{rel}","templated":true}]}}