{"id":3996,"date":"2017-11-24T08:24:58","date_gmt":"2017-11-24T07:24:58","guid":{"rendered":"http:\/\/www.jeld-wen.ch\/?page_id=3996"},"modified":"2026-02-10T16:34:55","modified_gmt":"2026-02-10T15:34:55","slug":"etabli","status":"publish","type":"page","link":"https:\/\/www.jeld-wen.ch\/fr\/etabli\/","title":{"rendered":"Etabli"},"content":{"rendered":"<div class=\"is-divider divider clearfix\" style=\"height:20px;\"><\/div>\n\n  <div class=\"banner has-hover banner-desktop is-full-height hide-for-medium\" id=\"banner-1172964833\">\n          <div class=\"banner-inner fill\">\n        <div class=\"banner-bg fill\" >\n            <img loading=\"lazy\" decoding=\"async\" width=\"1920\" height=\"920\" src=\"https:\/\/www.jeld-wen.ch\/wp-content\/uploads\/2024\/03\/Header_Werkbank_1920x920_fr.jpg\" class=\"bg\" alt=\"\" srcset=\"https:\/\/www.jeld-wen.ch\/wp-content\/uploads\/2024\/03\/Header_Werkbank_1920x920_fr.jpg 1920w, https:\/\/www.jeld-wen.ch\/wp-content\/uploads\/2024\/03\/Header_Werkbank_1920x920_fr-300x144.jpg 300w, https:\/\/www.jeld-wen.ch\/wp-content\/uploads\/2024\/03\/Header_Werkbank_1920x920_fr-1024x491.jpg 1024w, https:\/\/www.jeld-wen.ch\/wp-content\/uploads\/2024\/03\/Header_Werkbank_1920x920_fr-768x368.jpg 768w, https:\/\/www.jeld-wen.ch\/wp-content\/uploads\/2024\/03\/Header_Werkbank_1920x920_fr-1536x736.jpg 1536w\" sizes=\"auto, (max-width: 1920px) 100vw, 1920px\" \/>                                    \n                    <\/div>\n\t\t\n        <div class=\"banner-layers container\">\n            <div class=\"fill banner-link\"><\/div>            \n   <div id=\"text-box-2026178018\" class=\"text-box banner-layer x100 md-x100 lg-x100 y50 md-y50 lg-y50 res-text\">\n                                <div class=\"text-box-content text \">\n              \n              <div class=\"text-inner text-left\">\n                  \n<div class=\"maske-light\">\n<h4 class=\"p1\"><span style=\"color: #333333;\">Chaque poste de travail requiert un \u00e9tabli parfaitement adapt\u00e9 \u00e0 ses exigences. Avec nos syst\u00e8mes d&#8217;\u00e9tablis KELLPAX, nous proposons un syst\u00e8me modulaire professionnel compos\u00e9 de plateaux d&#8217;\u00e9tablis de haute qualit\u00e9, combinables individuellement, de ch\u00e2ssis fonctionnels et de modules formant un syst\u00e8me complet.<\/span><\/h4>\n<h4 class=\"p1\"><span style=\"color: #333333;\">Vous trouverez ainsi la solution d&#8217;\u00e9tabli sur mesure, id\u00e9ale et adapt\u00e9e \u00e0 chaque configuration de travail &#8211; le tout aupr\u00e8s d&#8217;un seul et m\u00eame fabricant.<\/span><\/h4>\n<p>\u00a0<\/p>\n<\/div>\n<div class=\"scroll-down-dark\" style=\"text-align: left;\"><span style=\"color: #333333;\">\u00a0<\/span><\/div>\n              <\/div>\n           <\/div>\n                            \n<style>\n#text-box-2026178018 {\n  width: 37%;\n}\n#text-box-2026178018 .text-box-content {\n  font-size: 100%;\n}\n<\/style>\n    <\/div>\n \n        <\/div>\n      <\/div>\n\n            \n<style>\n#banner-1172964833 {\n  padding-top: 100%;\n}\n#banner-1172964833 .banner-bg img {\n  object-position: 13% 22%;\n}\n<\/style>\n  <\/div>\n\n\n\n  <div class=\"banner has-hover show-for-medium\" id=\"banner-1604719966\">\n          <div class=\"banner-inner fill\">\n        <div class=\"banner-bg fill\" >\n            <img loading=\"lazy\" decoding=\"async\" width=\"972\" height=\"1024\" src=\"https:\/\/www.jeld-wen.ch\/wp-content\/uploads\/2024\/03\/Header-mobil_Werkbank_1284x1352px_fr_07.03-972x1024.jpg\" class=\"bg\" alt=\"\" srcset=\"https:\/\/www.jeld-wen.ch\/wp-content\/uploads\/2024\/03\/Header-mobil_Werkbank_1284x1352px_fr_07.03-972x1024.jpg 972w, https:\/\/www.jeld-wen.ch\/wp-content\/uploads\/2024\/03\/Header-mobil_Werkbank_1284x1352px_fr_07.03-285x300.jpg 285w, https:\/\/www.jeld-wen.ch\/wp-content\/uploads\/2024\/03\/Header-mobil_Werkbank_1284x1352px_fr_07.03-768x809.jpg 768w, https:\/\/www.jeld-wen.ch\/wp-content\/uploads\/2024\/03\/Header-mobil_Werkbank_1284x1352px_fr_07.03.jpg 1284w\" sizes=\"auto, (max-width: 972px) 100vw, 972px\" \/>                                    \n                    <\/div>\n\t\t\n        <div class=\"banner-layers container\">\n            <div class=\"fill banner-link\"><\/div>            \n        <\/div>\n      <\/div>\n\n              <div class=\"height-fix is-invisible\"><img loading=\"lazy\" decoding=\"async\" width=\"972\" height=\"1024\" src=\"https:\/\/www.jeld-wen.ch\/wp-content\/uploads\/2024\/03\/Header-mobil_Werkbank_1284x1352px_fr_07.03-972x1024.jpg\" class=\"attachment-large size-large\" alt=\"\" srcset=\"https:\/\/www.jeld-wen.ch\/wp-content\/uploads\/2024\/03\/Header-mobil_Werkbank_1284x1352px_fr_07.03-972x1024.jpg 972w, https:\/\/www.jeld-wen.ch\/wp-content\/uploads\/2024\/03\/Header-mobil_Werkbank_1284x1352px_fr_07.03-285x300.jpg 285w, https:\/\/www.jeld-wen.ch\/wp-content\/uploads\/2024\/03\/Header-mobil_Werkbank_1284x1352px_fr_07.03-768x809.jpg 768w, https:\/\/www.jeld-wen.ch\/wp-content\/uploads\/2024\/03\/Header-mobil_Werkbank_1284x1352px_fr_07.03.jpg 1284w\" sizes=\"auto, (max-width: 972px) 100vw, 972px\" \/><\/div>\n              <\/div>\n\n\n\n\t<section class=\"section show-for-medium\" id=\"section_197575087\">\n\t\t<div class=\"section-bg fill\" >\n\t\t\t\t\t\t\t\t\t\n\t\t\t\n\n\t\t<\/div>\n\n\t\t\n\n\t\t<div class=\"section-content relative\">\n\t\t\t\n<div class=\"row align-middle\"  id=\"row-1341373048\">\n\n\t<div id=\"col-1168303434\" class=\"col medium-12 small-12 large-10\"  >\n\t\t\t\t<div class=\"col-inner text-center\"  >\n\t\t\t\n\t\t\t\n<p class=\"p1\"><span style=\"font-size: 110%;\"><span style=\"color: #282828;\">Chaque poste de travail requiert un \u00e9tabli parfaitement adapt\u00e9 \u00e0 ses exigences. Avec nos syst\u00e8mes d&#8217;\u00e9tablis KELLPAX, nous proposons un syst\u00e8me modulaire professionnel compos\u00e9 de plateaux d&#8217;\u00e9tablis de haute qualit\u00e9, combinables individuellement, de ch\u00e2ssis fonctionnels et de modules formant un syst\u00e8me complet.<\/span><\/span><\/p>\n<p class=\"p1\"><span style=\"font-size: 110%;\"><span style=\"color: #282828;\">Vous trouverez ainsi la solution d&#8217;\u00e9tabli sur mesure, id\u00e9ale et adapt\u00e9e \u00e0 chaque configuration de travail &#8211; le tout aupr\u00e8s d&#8217;un seul et m\u00eame fabricant.<\/span><\/span><\/p>\n\t\t<\/div>\n\t\t\t\t\t<\/div>\n\n\t\n<\/div>\n<h3 class=\"uppercase\" style=\"text-align: center;\"><span style=\"color: #000000;\">SYST\u00c8MES D&#8217;\u00c9TABLIS KELLPAX<\/span><\/h3>\n<p style=\"text-align: center;\"><strong>PR\u00c9CISION &#8211; QUALIT\u00c9 \u2013 FLEXIBILIT\u00c9<\/strong><\/p>\n<p style=\"text-align: center;\">Les plateaux d&#8217;\u00e9tabli KELLPAX sont fabriqu\u00e9s sur mesure dans notre usine de Bremgarten.<\/p>\n<p style=\"text-align: center;\">La production dans notre usine nous donne une grande flexibilit\u00e9 et nous permet de r\u00e9pondre aux demandes individuelles. Choisissez dans notre large gamme, le mod\u00e8le le mieux adapt\u00e9 \u00e0 vos besoins.<\/p>\n\t<div class=\"img has-hover x md-x lg-x y md-y lg-y\" id=\"image_1222823693\">\n\t\t\t\t\t\t\t\t<div class=\"img-inner dark\" >\n\t\t\t<img loading=\"lazy\" decoding=\"async\" width=\"1245\" height=\"2560\" src=\"https:\/\/www.jeld-wen.ch\/wp-content\/uploads\/2024\/03\/KELLPAX_WB-Platten_1284x2641px_fr-scaled.jpg\" class=\"attachment-original size-original\" alt=\"\" srcset=\"https:\/\/www.jeld-wen.ch\/wp-content\/uploads\/2024\/03\/KELLPAX_WB-Platten_1284x2641px_fr-scaled.jpg 1245w, https:\/\/www.jeld-wen.ch\/wp-content\/uploads\/2024\/03\/KELLPAX_WB-Platten_1284x2641px_fr-146x300.jpg 146w, https:\/\/www.jeld-wen.ch\/wp-content\/uploads\/2024\/03\/KELLPAX_WB-Platten_1284x2641px_fr-498x1024.jpg 498w, https:\/\/www.jeld-wen.ch\/wp-content\/uploads\/2024\/03\/KELLPAX_WB-Platten_1284x2641px_fr-768x1580.jpg 768w, https:\/\/www.jeld-wen.ch\/wp-content\/uploads\/2024\/03\/KELLPAX_WB-Platten_1284x2641px_fr-747x1536.jpg 747w, https:\/\/www.jeld-wen.ch\/wp-content\/uploads\/2024\/03\/KELLPAX_WB-Platten_1284x2641px_fr-996x2048.jpg 996w\" sizes=\"auto, (max-width: 1245px) 100vw, 1245px\" \/>\t\t\t\t\t\t\n\t\t\t\t\t<\/div>\n\t\t\t\t\t\t\t\t\n<style>\n#image_1222823693 {\n  width: 100%;\n}\n<\/style>\n\t<\/div>\n\t\n<div class=\"is-divider divider clearfix\" style=\"max-width:12px;height:15px;background-color:rgb(255, 255, 255);\"><\/div>\n<h2 class=\"uppercase\" style=\"text-align: center;\">URPHEN Farben<\/h2>\n<div class=\"row\"  id=\"row-2125252135\">\n\n\t<div id=\"col-1549214597\" class=\"col small-12 large-12\"  >\n\t\t\t\t<div class=\"col-inner\"  >\n\t\t\t\n\t\t\t\n\t<div class=\"img has-hover x md-x lg-x y md-y lg-y\" id=\"image_1868934947\">\n\t\t\t\t\t\t\t\t<div class=\"img-inner dark\" >\n\t\t\t<img loading=\"lazy\" decoding=\"async\" width=\"1020\" height=\"723\" src=\"https:\/\/www.jeld-wen.ch\/wp-content\/uploads\/2024\/03\/URPHEN-mobil_C-Gruen_07.03_fr-1024x726.jpg\" class=\"attachment-large size-large\" alt=\"\" srcset=\"https:\/\/www.jeld-wen.ch\/wp-content\/uploads\/2024\/03\/URPHEN-mobil_C-Gruen_07.03_fr-1024x726.jpg 1024w, https:\/\/www.jeld-wen.ch\/wp-content\/uploads\/2024\/03\/URPHEN-mobil_C-Gruen_07.03_fr-300x213.jpg 300w, https:\/\/www.jeld-wen.ch\/wp-content\/uploads\/2024\/03\/URPHEN-mobil_C-Gruen_07.03_fr-768x545.jpg 768w, https:\/\/www.jeld-wen.ch\/wp-content\/uploads\/2024\/03\/URPHEN-mobil_C-Gruen_07.03_fr.jpg 1200w\" sizes=\"auto, (max-width: 1020px) 100vw, 1020px\" \/>\t\t\t\t\t\t\n\t\t\t\t\t<\/div>\n\t\t\t\t\t\t\t\t\n<style>\n#image_1868934947 {\n  width: 100%;\n}\n<\/style>\n\t<\/div>\n\t\n\t<div class=\"img has-hover x md-x lg-x y md-y lg-y\" id=\"image_1178914289\">\n\t\t\t\t\t\t\t\t<div class=\"img-inner dark\" >\n\t\t\t<img loading=\"lazy\" decoding=\"async\" width=\"1020\" height=\"723\" src=\"https:\/\/www.jeld-wen.ch\/wp-content\/uploads\/2024\/03\/URPHEN-mobil_O-Blau_07.03_fr-1024x726.jpg\" class=\"attachment-large size-large\" alt=\"\" srcset=\"https:\/\/www.jeld-wen.ch\/wp-content\/uploads\/2024\/03\/URPHEN-mobil_O-Blau_07.03_fr-1024x726.jpg 1024w, https:\/\/www.jeld-wen.ch\/wp-content\/uploads\/2024\/03\/URPHEN-mobil_O-Blau_07.03_fr-300x213.jpg 300w, https:\/\/www.jeld-wen.ch\/wp-content\/uploads\/2024\/03\/URPHEN-mobil_O-Blau_07.03_fr-768x545.jpg 768w, https:\/\/www.jeld-wen.ch\/wp-content\/uploads\/2024\/03\/URPHEN-mobil_O-Blau_07.03_fr.jpg 1200w\" sizes=\"auto, (max-width: 1020px) 100vw, 1020px\" \/>\t\t\t\t\t\t\n\t\t\t\t\t<\/div>\n\t\t\t\t\t\t\t\t\n<style>\n#image_1178914289 {\n  width: 100%;\n}\n<\/style>\n\t<\/div>\n\t\n\t<div class=\"img has-hover x md-x lg-x y md-y lg-y\" id=\"image_735748986\">\n\t\t\t\t\t\t\t\t<div class=\"img-inner dark\" >\n\t\t\t<img loading=\"lazy\" decoding=\"async\" width=\"1020\" height=\"723\" src=\"https:\/\/www.jeld-wen.ch\/wp-content\/uploads\/2024\/03\/URPHEN-mobil_K-Grau_07.03_fr-1024x726.jpg\" class=\"attachment-large size-large\" alt=\"\" srcset=\"https:\/\/www.jeld-wen.ch\/wp-content\/uploads\/2024\/03\/URPHEN-mobil_K-Grau_07.03_fr-1024x726.jpg 1024w, https:\/\/www.jeld-wen.ch\/wp-content\/uploads\/2024\/03\/URPHEN-mobil_K-Grau_07.03_fr-300x213.jpg 300w, https:\/\/www.jeld-wen.ch\/wp-content\/uploads\/2024\/03\/URPHEN-mobil_K-Grau_07.03_fr-768x545.jpg 768w, https:\/\/www.jeld-wen.ch\/wp-content\/uploads\/2024\/03\/URPHEN-mobil_K-Grau_07.03_fr.jpg 1200w\" sizes=\"auto, (max-width: 1020px) 100vw, 1020px\" \/>\t\t\t\t\t\t\n\t\t\t\t\t<\/div>\n\t\t\t\t\t\t\t\t\n<style>\n#image_735748986 {\n  width: 100%;\n}\n<\/style>\n\t<\/div>\n\t\n\t<div class=\"img has-hover x md-x lg-x y md-y lg-y\" id=\"image_2021242005\">\n\t\t\t\t\t\t\t\t<div class=\"img-inner dark\" >\n\t\t\t<img loading=\"lazy\" decoding=\"async\" width=\"1020\" height=\"723\" src=\"https:\/\/www.jeld-wen.ch\/wp-content\/uploads\/2024\/04\/URPHEN-mobil_E-Anthrazit_02.04_fr6-1024x726.jpg\" class=\"attachment-large size-large\" alt=\"\" srcset=\"https:\/\/www.jeld-wen.ch\/wp-content\/uploads\/2024\/04\/URPHEN-mobil_E-Anthrazit_02.04_fr6-1024x726.jpg 1024w, https:\/\/www.jeld-wen.ch\/wp-content\/uploads\/2024\/04\/URPHEN-mobil_E-Anthrazit_02.04_fr6-300x213.jpg 300w, https:\/\/www.jeld-wen.ch\/wp-content\/uploads\/2024\/04\/URPHEN-mobil_E-Anthrazit_02.04_fr6-768x545.jpg 768w, https:\/\/www.jeld-wen.ch\/wp-content\/uploads\/2024\/04\/URPHEN-mobil_E-Anthrazit_02.04_fr6.jpg 1200w\" sizes=\"auto, (max-width: 1020px) 100vw, 1020px\" \/>\t\t\t\t\t\t\n\t\t\t\t\t<\/div>\n\t\t\t\t\t\t\t\t\n<style>\n#image_2021242005 {\n  width: 100%;\n}\n<\/style>\n\t<\/div>\n\t\n\t<div class=\"img has-hover x md-x lg-x y md-y lg-y\" id=\"image_2126595457\">\n\t\t\t\t\t\t\t\t<div class=\"img-inner dark\" >\n\t\t\t<img loading=\"lazy\" decoding=\"async\" width=\"1020\" height=\"723\" src=\"https:\/\/www.jeld-wen.ch\/wp-content\/uploads\/2024\/03\/URPHEN-mobil_J-Gelb_07.03_fr-1024x726.jpg\" class=\"attachment-large size-large\" alt=\"\" srcset=\"https:\/\/www.jeld-wen.ch\/wp-content\/uploads\/2024\/03\/URPHEN-mobil_J-Gelb_07.03_fr-1024x726.jpg 1024w, https:\/\/www.jeld-wen.ch\/wp-content\/uploads\/2024\/03\/URPHEN-mobil_J-Gelb_07.03_fr-300x213.jpg 300w, https:\/\/www.jeld-wen.ch\/wp-content\/uploads\/2024\/03\/URPHEN-mobil_J-Gelb_07.03_fr-768x545.jpg 768w, https:\/\/www.jeld-wen.ch\/wp-content\/uploads\/2024\/03\/URPHEN-mobil_J-Gelb_07.03_fr.jpg 1200w\" sizes=\"auto, (max-width: 1020px) 100vw, 1020px\" \/>\t\t\t\t\t\t\n\t\t\t\t\t<\/div>\n\t\t\t\t\t\t\t\t\n<style>\n#image_2126595457 {\n  width: 100%;\n}\n<\/style>\n\t<\/div>\n\t\n<div class=\"is-divider divider clearfix\" style=\"max-width:12px;height:15px;background-color:rgb(255, 255, 255);\"><\/div>\n<a href=\"mailto:kellpax@jeldwen.com\" class=\"button primary\"  >\n\t\t<span>Notre \u00e9quipe de vente externe vous conseillera volontiers - contactez-nous<\/span>\n\t<\/a>\n\n<div class=\"is-divider divider clearfix\" style=\"max-width:12px;height:15px;background-color:rgb(255, 255, 255);\"><\/div>\n<h2 class=\"uppercase\" style=\"text-align: center;\">ACCESSOIRES\u00a0<\/h2>\n\t<div class=\"img has-hover x md-x lg-x y md-y lg-y\" id=\"image_1630217406\">\n\t\t\t\t\t\t\t\t<div class=\"img-inner dark\" >\n\t\t\t<img loading=\"lazy\" decoding=\"async\" width=\"1655\" height=\"1175\" src=\"https:\/\/www.jeld-wen.ch\/wp-content\/uploads\/2024\/03\/Zubehoer-mobil.jpg\" class=\"attachment-original size-original\" alt=\"\" srcset=\"https:\/\/www.jeld-wen.ch\/wp-content\/uploads\/2024\/03\/Zubehoer-mobil.jpg 1655w, https:\/\/www.jeld-wen.ch\/wp-content\/uploads\/2024\/03\/Zubehoer-mobil-300x213.jpg 300w, https:\/\/www.jeld-wen.ch\/wp-content\/uploads\/2024\/03\/Zubehoer-mobil-1024x727.jpg 1024w, https:\/\/www.jeld-wen.ch\/wp-content\/uploads\/2024\/03\/Zubehoer-mobil-768x545.jpg 768w, https:\/\/www.jeld-wen.ch\/wp-content\/uploads\/2024\/03\/Zubehoer-mobil-1536x1091.jpg 1536w\" sizes=\"auto, (max-width: 1655px) 100vw, 1655px\" \/>\t\t\t\t\t\t\n\t\t\t\t\t<\/div>\n\t\t\t\t\t\t\t\t\n<style>\n#image_1630217406 {\n  width: 100%;\n}\n<\/style>\n\t<\/div>\n\t\n<h3 class=\"uppercase\"><strong><span style=\"color: #333333; font-size: 80%;\">TOUT POUR VOTRE SOLUTION COMPL\u00c8TE<\/span><\/strong><\/h3>\n<p>Les \u00e9l\u00e9ments de montage adapt\u00e9s permettent de cr\u00e9er des syst\u00e8mes d&#8217;\u00e9tablis complets et fonctionnels. Gr\u00e2ce \u00e0 notre vaste gamme d&#8217;accessoires, vous pourrez configurer votre \u00e9tabli selon vos envies et vos besoins:<\/p>\n<ul>\n<li>Parois arri\u00e8re et lat\u00e9rales, tablettes de rangement<\/li>\n<li>Armoires \u00e0 tiroirs stationnaires et mobiles<\/li>\n<li>Syst\u00e8mes d&#8217;armoires et de stockage<\/li>\n<li>Pieds d&#8217;\u00e9tabli statiques, mobiles, r\u00e9glables en hauteur<\/li>\n<li>Etaux &amp; accessoires<\/li>\n<\/ul>\n<a href=\"https:\/\/oxomi.com\/p\/2025299\/catalog\/10529610\" target=\"_blank\" class=\"button primary\" rel=\"noopener\"  >\n\t\t<span>Tous les d\u00e9tails dans le folder en ligne<\/span>\n\t<\/a>\n\n<a href=\"https:\/\/oxomi.com\/p\/2025299\/catalog\/10529617\" target=\"_blank\" class=\"button primary\" rel=\"noopener\"  >\n\t\t<span>Plus de fiches techniques sur le MEDIAPORTAL<\/span>\n\t<\/a>\n\n\t\t<\/div>\n\t\t\t\t\t<\/div>\n\n\t\n<\/div>\n\t\t<\/div>\n\n\t\t\n<style>\n#section_197575087 {\n  padding-top: 60px;\n  padding-bottom: 60px;\n  min-height: 300px;\n}\n@media (min-width:550px) {\n  #section_197575087 {\n    padding-top: 60px;\n    padding-bottom: 60px;\n  }\n}\n<\/style>\n\t<\/section>\n\t\n\n\t<section class=\"section hide-for-medium\" id=\"section_1435963868\">\n\t\t<div class=\"section-bg fill\" >\n\t\t\t\t\t\t\t\t\t\n\t\t\t\n\n\t\t<\/div>\n\n\t\t\n\n\t\t<div class=\"section-content relative\">\n\t\t\t\n<div class=\"row\"  id=\"row-1052762397\">\n\n\t<div id=\"col-1432358120\" class=\"col small-12 large-12\"  >\n\t\t\t\t<div class=\"col-inner\"  >\n\t\t\t\n\t\t\t\n<div class=\"is-divider divider clearfix\" style=\"background-color:rgb(255, 255, 255);\"><\/div>\n<h3 class=\"uppercase\" style=\"text-align: center;\"><span style=\"font-size: 90%; color: #333333;\">SYST\u00c8MES D&#8217;\u00c9TABLIS KELLPAX<\/span><\/h3>\n<p style=\"text-align: center;\"><strong>PR\u00c9CISION &#8211; QUALIT\u00c9 \u2013 FLEXIBILIT\u00c9<\/strong><\/p>\n<p style=\"text-align: center;\">Les plateaux d&#8217;\u00e9tabli KELLPAX sont fabriqu\u00e9s sur mesure dans notre usine de Bremgarten.<br \/>La production dans notre usine nous donne une grande flexibilit\u00e9 et nous permet de r\u00e9pondre aux demandes individuelles.<br \/>Choisissez dans notre large gamme, le mod\u00e8le le mieux adapt\u00e9 \u00e0 vos besoins.<\/p>\n<p style=\"text-align: center;\"><strong>Gamme d\u2019\u00e9tablis d\u00e9sormais certifi\u00e9e PEFC !<br \/><\/strong>Nos \u00e9tablis fabriqu\u00e9s \u00e0 Bremgarten portent d\u00e9sormais la certification PEFC.<br \/>Nous affirmons ainsi clairement notre engagement pour une s\u00e9lection responsable <br \/>des mat\u00e9riaux et une production durable \u2013 et vous offrons un argument suppl\u00e9mentaire <br \/>pour choisir nos \u00e9tablis \u00e9cologiques et durables.<\/p>\n<p><img loading=\"lazy\" decoding=\"async\" class=\"alignnone size-medium wp-image-12842 aligncenter\" src=\"https:\/\/www.jeld-wen.ch\/wp-content\/uploads\/2026\/02\/pefc-label-pefc04-31-1264-full_green__frame__ch-169x300.png\" alt=\"\" width=\"169\" height=\"300\" srcset=\"https:\/\/www.jeld-wen.ch\/wp-content\/uploads\/2026\/02\/pefc-label-pefc04-31-1264-full_green__frame__ch-169x300.png 169w, https:\/\/www.jeld-wen.ch\/wp-content\/uploads\/2026\/02\/pefc-label-pefc04-31-1264-full_green__frame__ch-577x1024.png 577w, https:\/\/www.jeld-wen.ch\/wp-content\/uploads\/2026\/02\/pefc-label-pefc04-31-1264-full_green__frame__ch.png 732w\" sizes=\"auto, (max-width: 169px) 100vw, 169px\" \/><\/p>\n<div class=\"message-box relative\" style=\"padding-top:12px;padding-bottom:12px;\"><div class=\"message-box-bg-image bg-fill fill\" ><\/div><div class=\"message-box-bg-overlay bg-fill fill\" style=\"background-color:#ffffff;\"><\/div><div class=\"container relative\"><div class=\"inner last-reset\">\n<div class=\"row align-middle align-center\"  id=\"row-189192619\">\n\n\t<div id=\"col-619065979\" class=\"col medium-9 small-12 large-9\"  >\n\t\t\t\t<div class=\"col-inner\"  >\n\t\t\t\n\t\t\t\n\t<div id=\"text-1878745386\" class=\"text\">\n\t\t\n<h4 style=\"text-align: center;\"><strong>Nous sommes \u00e0 votre disposition pour toutes vos demandes directes par e-mail \u00e0:<\/strong><br \/><strong><a href=\"mailto:\u00a0kellpax@jeldwen.com\">\u00a0kellpax@jeldwen.com<\/a> ou par t\u00e9l\u00e9phone: +41 56 648 95 95<\/strong><\/h4>\n\t\t\n<style>\n#text-1878745386 {\n  font-size: 1rem;\n  line-height: 1.7;\n  color: rgb(71, 82, 86);\n}\n#text-1878745386 > * {\n  color: rgb(71, 82, 86);\n}\n<\/style>\n\t<\/div>\n\t\n\t\t<\/div>\n\t\t\t\t\t<\/div>\n\n\t\n<\/div>\n<\/div><\/div><\/div>\n\t\t<\/div>\n\t\t\t\t\t<\/div>\n\n\t\n<\/div>\n\t<div class=\"img has-hover x md-x lg-x y md-y lg-y\" id=\"image_1152813089\">\n\t\t\t\t\t\t\t\t<div class=\"img-inner dark\" >\n\t\t\t<img loading=\"lazy\" decoding=\"async\" width=\"2560\" height=\"1435\" src=\"https:\/\/www.jeld-wen.ch\/wp-content\/uploads\/2024\/08\/KELLPAX_WB-Platten_3840x2233px_fr_08_2024-scaled.jpg\" class=\"attachment-original size-original\" alt=\"\" srcset=\"https:\/\/www.jeld-wen.ch\/wp-content\/uploads\/2024\/08\/KELLPAX_WB-Platten_3840x2233px_fr_08_2024-scaled.jpg 2560w, https:\/\/www.jeld-wen.ch\/wp-content\/uploads\/2024\/08\/KELLPAX_WB-Platten_3840x2233px_fr_08_2024-300x168.jpg 300w, https:\/\/www.jeld-wen.ch\/wp-content\/uploads\/2024\/08\/KELLPAX_WB-Platten_3840x2233px_fr_08_2024-1024x574.jpg 1024w, https:\/\/www.jeld-wen.ch\/wp-content\/uploads\/2024\/08\/KELLPAX_WB-Platten_3840x2233px_fr_08_2024-768x431.jpg 768w, https:\/\/www.jeld-wen.ch\/wp-content\/uploads\/2024\/08\/KELLPAX_WB-Platten_3840x2233px_fr_08_2024-1536x861.jpg 1536w, https:\/\/www.jeld-wen.ch\/wp-content\/uploads\/2024\/08\/KELLPAX_WB-Platten_3840x2233px_fr_08_2024-2048x1148.jpg 2048w\" sizes=\"auto, (max-width: 2560px) 100vw, 2560px\" \/>\t\t\t\t\t\t\n\t\t\t\t\t<\/div>\n\t\t\t\t\t\t\t\t\n<style>\n#image_1152813089 {\n  width: 100%;\n}\n<\/style>\n\t<\/div>\n\t\n<div class=\"is-divider divider clearfix\" style=\"height:10px;background-color:rgb(255, 255, 255);\"><\/div>\n<h3 class=\"uppercase\" style=\"text-align: center;\"><span style=\"color: #000000;\">COULEURS D&#8217;URPHEN<\/span><\/h3>\n<div class=\"row\"  id=\"row-899792660\">\n\n\t<div id=\"col-674533176\" class=\"col small-12 large-12\"  >\n\t\t\t\t<div class=\"col-inner text-center\"  >\n\t\t\t\n\t<div class=\"is-border\"\n\t\tstyle=\"border-width:0px 0px 0px 0px;\">\n\t<\/div>\n\t\t\t\n<div class=\"row\"  id=\"row-1318717791\">\n\n\t<div id=\"col-761782107\" class=\"col medium-2 small-12 large-2\"  >\n\t\t\t\t<div class=\"col-inner\"  >\n\t\t\t\n\t\t\t\n\t<div class=\"img has-hover x md-x lg-x y md-y lg-y\" id=\"image_434608388\">\n\t\t\t\t\t\t\t\t<div class=\"img-inner dark\" >\n\t\t\t<img loading=\"lazy\" decoding=\"async\" width=\"536\" height=\"431\" src=\"https:\/\/www.jeld-wen.ch\/wp-content\/uploads\/2024\/03\/UPRHEN_C-Gruen_07.jpg\" class=\"attachment-medium_large size-medium_large\" alt=\"\" srcset=\"https:\/\/www.jeld-wen.ch\/wp-content\/uploads\/2024\/03\/UPRHEN_C-Gruen_07.jpg 536w, https:\/\/www.jeld-wen.ch\/wp-content\/uploads\/2024\/03\/UPRHEN_C-Gruen_07-300x241.jpg 300w\" sizes=\"auto, (max-width: 536px) 100vw, 536px\" \/>\t\t\t\t\t\t\n\t\t\t\t\t<\/div>\n\t\t\t\t\t\t\t\t\n<style>\n#image_434608388 {\n  width: 100%;\n}\n<\/style>\n\t<\/div>\n\t\n<p>C-VERT<\/p>\n\t\t<\/div>\n\t\t\t\t\t<\/div>\n\n\t\n\n\t<div id=\"col-1287268792\" class=\"col medium-2 small-12 large-2\"  >\n\t\t\t\t<div class=\"col-inner\"  >\n\t\t\t\n\t\t\t\n\t<div class=\"img has-hover x md-x lg-x y md-y lg-y\" id=\"image_445570191\">\n\t\t\t\t\t\t\t\t<div class=\"img-inner dark\" >\n\t\t\t<img loading=\"lazy\" decoding=\"async\" width=\"536\" height=\"431\" src=\"https:\/\/www.jeld-wen.ch\/wp-content\/uploads\/2024\/03\/UPRHEN_O-Blau_07.jpg\" class=\"attachment-medium_large size-medium_large\" alt=\"\" srcset=\"https:\/\/www.jeld-wen.ch\/wp-content\/uploads\/2024\/03\/UPRHEN_O-Blau_07.jpg 536w, https:\/\/www.jeld-wen.ch\/wp-content\/uploads\/2024\/03\/UPRHEN_O-Blau_07-300x241.jpg 300w\" sizes=\"auto, (max-width: 536px) 100vw, 536px\" \/>\t\t\t\t\t\t\n\t\t\t\t\t<\/div>\n\t\t\t\t\t\t\t\t\n<style>\n#image_445570191 {\n  width: 100%;\n}\n<\/style>\n\t<\/div>\n\t\n<p>O-BLEU<\/p>\n\t\t<\/div>\n\t\t\t\t\t<\/div>\n\n\t\n\n\t<div id=\"col-2097847862\" class=\"col medium-2 small-12 large-2\"  >\n\t\t\t\t<div class=\"col-inner\"  >\n\t\t\t\n\t\t\t\n\t<div class=\"img has-hover x md-x lg-x y md-y lg-y\" id=\"image_1703795722\">\n\t\t\t\t\t\t\t\t<div class=\"img-inner dark\" >\n\t\t\t<img loading=\"lazy\" decoding=\"async\" width=\"536\" height=\"431\" src=\"https:\/\/www.jeld-wen.ch\/wp-content\/uploads\/2024\/03\/UPRHEN_K-Grau_07.jpg\" class=\"attachment-medium_large size-medium_large\" alt=\"\" srcset=\"https:\/\/www.jeld-wen.ch\/wp-content\/uploads\/2024\/03\/UPRHEN_K-Grau_07.jpg 536w, https:\/\/www.jeld-wen.ch\/wp-content\/uploads\/2024\/03\/UPRHEN_K-Grau_07-300x241.jpg 300w\" sizes=\"auto, (max-width: 536px) 100vw, 536px\" \/>\t\t\t\t\t\t\n\t\t\t\t\t<\/div>\n\t\t\t\t\t\t\t\t\n<style>\n#image_1703795722 {\n  width: 100%;\n}\n<\/style>\n\t<\/div>\n\t\n<p>K-GRIS<\/p>\n\t\t<\/div>\n\t\t\t\t\t<\/div>\n\n\t\n\n\t<div id=\"col-36210707\" class=\"col medium-2 small-12 large-2\"  >\n\t\t\t\t<div class=\"col-inner\"  >\n\t\t\t\n\t\t\t\n\t<div class=\"img has-hover x md-x lg-x y md-y lg-y\" id=\"image_1491015360\">\n\t\t\t\t\t\t\t\t<div class=\"img-inner dark\" >\n\t\t\t<img loading=\"lazy\" decoding=\"async\" width=\"536\" height=\"431\" src=\"https:\/\/www.jeld-wen.ch\/wp-content\/uploads\/2024\/03\/UPRHEN_F-Anthrazit_07.03.jpg\" class=\"attachment-medium_large size-medium_large\" alt=\"\" srcset=\"https:\/\/www.jeld-wen.ch\/wp-content\/uploads\/2024\/03\/UPRHEN_F-Anthrazit_07.03.jpg 536w, https:\/\/www.jeld-wen.ch\/wp-content\/uploads\/2024\/03\/UPRHEN_F-Anthrazit_07.03-300x241.jpg 300w\" sizes=\"auto, (max-width: 536px) 100vw, 536px\" \/>\t\t\t\t\t\t\n\t\t\t\t\t<\/div>\n\t\t\t\t\t\t\t\t\n<style>\n#image_1491015360 {\n  width: 100%;\n}\n<\/style>\n\t<\/div>\n\t\n<p>E-ANTHRACITE<\/p>\n\t\t<\/div>\n\t\t\t\t\t<\/div>\n\n\t\n\n\t<div id=\"col-1513490143\" class=\"col medium-2 small-12 large-2\"  >\n\t\t\t\t<div class=\"col-inner\"  >\n\t\t\t\n\t\t\t\n\t<div class=\"img has-hover x md-x lg-x y md-y lg-y\" id=\"image_1687590260\">\n\t\t\t\t\t\t\t\t<div class=\"img-inner dark\" >\n\t\t\t<img loading=\"lazy\" decoding=\"async\" width=\"536\" height=\"431\" src=\"https:\/\/www.jeld-wen.ch\/wp-content\/uploads\/2024\/03\/UPRHEN_J-Gelb_07.jpg\" class=\"attachment-medium_large size-medium_large\" alt=\"\" srcset=\"https:\/\/www.jeld-wen.ch\/wp-content\/uploads\/2024\/03\/UPRHEN_J-Gelb_07.jpg 536w, https:\/\/www.jeld-wen.ch\/wp-content\/uploads\/2024\/03\/UPRHEN_J-Gelb_07-300x241.jpg 300w\" sizes=\"auto, (max-width: 536px) 100vw, 536px\" \/>\t\t\t\t\t\t\n\t\t\t\t\t<\/div>\n\t\t\t\t\t\t\t\t\n<style>\n#image_1687590260 {\n  width: 100%;\n}\n<\/style>\n\t<\/div>\n\t\n<p>J-JAUNE<\/p>\n\t\t<\/div>\n\t\t\t\t\t<\/div>\n\n\t\n<\/div>\n<a href=\"mailto:%20kellpax@jeldwen.com\" class=\"button primary\"  >\n\t\t<span>Notre \u00e9quipe de vente externe vous conseillera volontiers - contactez-nous<\/span>\n\t<\/a>\n\n\t\t<\/div>\n\t\t\t\t\t<\/div>\n\n\t\n<\/div>\n<div class=\"is-divider divider clearfix\" style=\"height:10px;background-color:rgb(255, 255, 255);\"><\/div>\n<div class=\"row\"  id=\"row-254491532\">\n\n\t<div id=\"col-451318453\" class=\"col medium-6 small-12 large-6\"  >\n\t\t\t\t<div class=\"col-inner\"  >\n\t\t\t\n\t\t\t\n<div class=\"row\"  id=\"row-172307213\">\n\n\t<div id=\"col-895281346\" class=\"col medium-6 small-12 large-6\"  >\n\t\t\t\t<div class=\"col-inner\"  >\n\t\t\t\n\t\t\t\n\t\t<\/div>\n\t\t\t\t\t<\/div>\n\n\t\n\n\t<div id=\"col-965812271\" class=\"col medium-6 small-12 large-6\"  >\n\t\t\t\t<div class=\"col-inner\"  >\n\t\t\t\n\t\t\t\n<div class=\"is-divider divider clearfix\" style=\"height:60px;background-color:rgb(255, 255, 255);\"><\/div>\n\t<div class=\"img has-hover x md-x lg-x y md-y lg-y\" id=\"image_1162935317\">\n\t\t\t\t\t\t\t\t<div class=\"img-inner dark\" >\n\t\t\t<img loading=\"lazy\" decoding=\"async\" width=\"767\" height=\"545\" src=\"https:\/\/www.jeld-wen.ch\/wp-content\/uploads\/2024\/03\/Zubehoer.jpg\" class=\"attachment-large size-large\" alt=\"\" srcset=\"https:\/\/www.jeld-wen.ch\/wp-content\/uploads\/2024\/03\/Zubehoer.jpg 767w, https:\/\/www.jeld-wen.ch\/wp-content\/uploads\/2024\/03\/Zubehoer-300x213.jpg 300w\" sizes=\"auto, (max-width: 767px) 100vw, 767px\" \/>\t\t\t\t\t\t\n\t\t\t\t\t<\/div>\n\t\t\t\t\t\t\t\t\n<style>\n#image_1162935317 {\n  width: 100%;\n}\n<\/style>\n\t<\/div>\n\t\n\t\t<\/div>\n\t\t\t\t\t<\/div>\n\n\t\n<\/div>\n\t\t<\/div>\n\t\t\t\t\t<\/div>\n\n\t\n\n\t<div id=\"col-239115405\" class=\"col medium-6 small-12 large-6\"  >\n\t\t\t\t<div class=\"col-inner\"  >\n\t\t\t\n\t\t\t\n<h3 class=\"uppercase\" style=\"text-align: left;\"><span style=\"color: #282828;\">ACCESSOIRES<\/span><\/h3>\n<p><strong>TOUT POUR VOTRE SOLUTION COMPL\u00c8TE<\/strong><\/p>\n<p>Les \u00e9l\u00e9ments de montage adapt\u00e9s permettent de cr\u00e9er des syst\u00e8mes d&#8217;\u00e9tablis complets et fonctionnels. Gr\u00e2ce \u00e0 notre vaste gamme d&#8217;accessoires, vous pourrez configurer votre \u00e9tabli selon vos envies et vos besoins:<\/p>\n<ul>\n<li>Parois arri\u00e8re et lat\u00e9rales, tablettes de rangement<\/li>\n<li>Armoires \u00e0 tiroirs stationnaires et mobiles<\/li>\n<li>Syst\u00e8mes d&#8217;armoires et de stockage<\/li>\n<li>Pieds d&#8217;\u00e9tabli statiques, mobiles, r\u00e9glables en hauteur<\/li>\n<li>Etaux &amp; accessoires<\/li>\n<\/ul>\n<a href=\"https:\/\/oxomi.com\/p\/2025299\/catalog\/10673269\" class=\"button primary\"  >\n\t\t<span>Tous les d\u00e9tails dans le folder en ligne<\/span>\n\t<\/a>\n\n<a href=\"https:\/\/oxomi.com\/p\/2025299\/search?selection=filterLang_de&#038;oxDeeplink=ewAiAHUAbgBpAHYAZQByAHMAYQBsAFMAZQBhAHIAYwBoAHwAMgAiADoAewAiAHYAaQBlAHcAIgA6ACIAZgBpAGwAdABlAHIAZQBkACIALAAiAGYAaQBsAHQAZQByAHMAIgA6AHsAIgBjAG8AbgB0AGUAbgB0AFQAeQBwAGUAIgA6AFsAIgBkAGEAdABhAHMAaABlAGUAdAAiAF0ALAAiAGMAbwBuAHQAZQBuAHQATABhAG4AZwB1AGEAZwBlACIAOgBbACIAZgByACIAXQB9ACwAIgBxAHUAZQByAHkAIgA6ACIAIgAsACIAaABpAGQAZABlAG4ARgBpAGwAdABlAHIAcwAiADoAewB9AH0AfQA%3D\" class=\"button primary\"  >\n\t\t<span>Plus de fiches techniques sur le MEDIAPORTAL<\/span>\n\t<\/a>\n\n\t\t<\/div>\n\t\t\t\t\t<\/div>\n\n\t\n<\/div>\n<div class=\"is-divider divider clearfix\" style=\"height:10px;\"><\/div>\n\t\t<\/div>\n\n\t\t\n<style>\n#section_1435963868 {\n  padding-top: 0px;\n  padding-bottom: 0px;\n}\n@media (min-width:550px) {\n  #section_1435963868 {\n    padding-top: 0px;\n    padding-bottom: 0px;\n  }\n}\n<\/style>\n\t<\/section>\n\t\n\n\t<section class=\"section dark hide-for-medium\" id=\"section_946550607\">\n\t\t<div class=\"section-bg fill\" >\n\t\t\t\t\t\t\t\t\t\n\t\t\t\n\n\t\t<\/div>\n\n\t\t\n\n\t\t<div class=\"section-content relative\">\n\t\t\t\n<h3 class=\"uppercase\" style=\"text-align: center;\">NOTRE SERVICE D&#8217;\u00c9TABLIS<\/h3>\n<div class=\"row row-full-width\"  id=\"row-1086665916\">\n\n\t<div id=\"col-1549512032\" class=\"col medium-4 small-12 large-4\"  >\n\t\t\t\t<div class=\"col-inner\"  >\n\t\t\t\n\t\t\t\n\t<div class=\"img has-hover x md-x lg-x y md-y lg-y\" id=\"image_1870985801\">\n\t\t\t\t\t\t\t\t<div class=\"img-inner dark\" >\n\t\t\t<img loading=\"lazy\" decoding=\"async\" width=\"300\" height=\"140\" src=\"https:\/\/www.jeld-wen.ch\/wp-content\/uploads\/2024\/02\/ICON-Bestellung-300x140.png\" class=\"attachment-medium size-medium\" alt=\"\" srcset=\"https:\/\/www.jeld-wen.ch\/wp-content\/uploads\/2024\/02\/ICON-Bestellung-300x140.png 300w, https:\/\/www.jeld-wen.ch\/wp-content\/uploads\/2024\/02\/ICON-Bestellung-1024x478.png 1024w, https:\/\/www.jeld-wen.ch\/wp-content\/uploads\/2024\/02\/ICON-Bestellung-768x359.png 768w, https:\/\/www.jeld-wen.ch\/wp-content\/uploads\/2024\/02\/ICON-Bestellung-1536x717.png 1536w, https:\/\/www.jeld-wen.ch\/wp-content\/uploads\/2024\/02\/ICON-Bestellung-2048x956.png 2048w\" sizes=\"auto, (max-width: 300px) 100vw, 300px\" \/>\t\t\t\t\t\t\n\t\t\t\t\t<\/div>\n\t\t\t\t\t\t\t\t\n<style>\n#image_1870985801 {\n  width: 100%;\n}\n<\/style>\n\t<\/div>\n\t\n\t<div id=\"text-3978575499\" class=\"text\">\n\t\t\n<p>RAPIDE TRAITEMENT<br \/>DES COMMANDES<\/p>\n\t\t\n<style>\n#text-3978575499 {\n  text-align: center;\n  color: rgb(255,255,255);\n}\n#text-3978575499 > * {\n  color: rgb(255,255,255);\n}\n<\/style>\n\t<\/div>\n\t\n\t\t<\/div>\n\t\t\t\t\t<\/div>\n\n\t\n\n\t<div id=\"col-850932615\" class=\"col medium-4 small-12 large-4\"  >\n\t\t\t\t<div class=\"col-inner\"  >\n\t\t\t\n\t\t\t\n\t<div class=\"img has-hover x md-x lg-x y md-y lg-y\" id=\"image_1287674942\">\n\t\t\t\t\t\t\t\t<div class=\"img-inner dark\" >\n\t\t\t<img loading=\"lazy\" decoding=\"async\" width=\"300\" height=\"140\" src=\"https:\/\/www.jeld-wen.ch\/wp-content\/uploads\/2024\/02\/ICON-Plattenherstellung-300x140.png\" class=\"attachment-medium size-medium\" alt=\"\" srcset=\"https:\/\/www.jeld-wen.ch\/wp-content\/uploads\/2024\/02\/ICON-Plattenherstellung-300x140.png 300w, https:\/\/www.jeld-wen.ch\/wp-content\/uploads\/2024\/02\/ICON-Plattenherstellung-1024x478.png 1024w, https:\/\/www.jeld-wen.ch\/wp-content\/uploads\/2024\/02\/ICON-Plattenherstellung-768x359.png 768w, https:\/\/www.jeld-wen.ch\/wp-content\/uploads\/2024\/02\/ICON-Plattenherstellung-1536x717.png 1536w, https:\/\/www.jeld-wen.ch\/wp-content\/uploads\/2024\/02\/ICON-Plattenherstellung-2048x956.png 2048w\" sizes=\"auto, (max-width: 300px) 100vw, 300px\" \/>\t\t\t\t\t\t\n\t\t\t\t\t<\/div>\n\t\t\t\t\t\t\t\t\n<style>\n#image_1287674942 {\n  width: 100%;\n}\n<\/style>\n\t<\/div>\n\t\n\t<div id=\"text-1168703683\" class=\"text\">\n\t\t\n<p style=\"text-align: center;\">FABRICATION DE PLATEAUX<br \/>SUR MESURE<\/p>\n\t\t\n<style>\n#text-1168703683 {\n  text-align: center;\n  color: rgb(255,255,255);\n}\n#text-1168703683 > * {\n  color: rgb(255,255,255);\n}\n<\/style>\n\t<\/div>\n\t\n\t\t<\/div>\n\t\t\t\t\t<\/div>\n\n\t\n\n\t<div id=\"col-1292553105\" class=\"col medium-4 small-12 large-4\"  >\n\t\t\t\t<div class=\"col-inner\"  >\n\t\t\t\n\t\t\t\n\t<div class=\"img has-hover x md-x lg-x y md-y lg-y\" id=\"image_477653576\">\n\t\t\t\t\t\t\t\t<div class=\"img-inner dark\" >\n\t\t\t<img loading=\"lazy\" decoding=\"async\" width=\"300\" height=\"140\" src=\"https:\/\/www.jeld-wen.ch\/wp-content\/uploads\/2024\/02\/ICON-Lieferzeiten-300x140.png\" class=\"attachment-medium size-medium\" alt=\"\" srcset=\"https:\/\/www.jeld-wen.ch\/wp-content\/uploads\/2024\/02\/ICON-Lieferzeiten-300x140.png 300w, https:\/\/www.jeld-wen.ch\/wp-content\/uploads\/2024\/02\/ICON-Lieferzeiten-1024x478.png 1024w, https:\/\/www.jeld-wen.ch\/wp-content\/uploads\/2024\/02\/ICON-Lieferzeiten-768x359.png 768w, https:\/\/www.jeld-wen.ch\/wp-content\/uploads\/2024\/02\/ICON-Lieferzeiten-1536x717.png 1536w, https:\/\/www.jeld-wen.ch\/wp-content\/uploads\/2024\/02\/ICON-Lieferzeiten-2048x956.png 2048w\" sizes=\"auto, (max-width: 300px) 100vw, 300px\" \/>\t\t\t\t\t\t\n\t\t\t\t\t<\/div>\n\t\t\t\t\t\t\t\t\n<style>\n#image_477653576 {\n  width: 100%;\n}\n<\/style>\n\t<\/div>\n\t\n\t<div id=\"text-959380902\" class=\"text\">\n\t\t\n<p style=\"text-align: center;\">D\u00c9LAIS DE LIVRAISON<br \/>COURTS<\/p>\n\t\t\n<style>\n#text-959380902 {\n  text-align: center;\n  color: rgb(255,255,255);\n}\n#text-959380902 > * {\n  color: rgb(255,255,255);\n}\n<\/style>\n\t<\/div>\n\t\n\t\t<\/div>\n\t\t\t\t\t<\/div>\n\n\t\n<\/div>\n\t<div id=\"text-478162765\" class=\"text\">\n\t\t\n<p>Nous nous ferons un plaisir de vous conseiller pour la r\u00e9alisation de votre \u00e9tabli individuel.<br \/>Nous sommes \u00e0 votre disposition pour toutes vos demandes directes par e-mail \u00e0:<br \/>E-Mail: <strong><a href=\"mailto:kellpax@jeldwen.com\"><span style=\"color: #dedede;\">kellpax@jeldwen.com<\/span><\/a><\/strong> ou par t\u00e9l\u00e9phone: <strong>+41 56 648 95 95<\/p>\n<p><\/strong><\/p>\n\t\t\n<style>\n#text-478162765 {\n  text-align: center;\n  color: rgb(255,255,255);\n}\n#text-478162765 > * {\n  color: rgb(255,255,255);\n}\n<\/style>\n\t<\/div>\n\t\n\t<div id=\"text-1405489262\" class=\"text\">\n\t\t\n<p class=\"lead\">Folder sur les \u00e9tablis avec de plus amples informations &#8211; <span style=\"color: #dedede;\"><a style=\"color: #dedede;\" href=\"https:\/\/oxomi.com\/p\/2025299\/catalog\/10529616\"><strong>\u00e0 t\u00e9l\u00e9charger imm\u00e9diatement &gt;&gt;<\/strong><\/a><\/span><\/p>\n\t\t\n<style>\n#text-1405489262 {\n  text-align: center;\n  color: rgb(255,255,255);\n}\n#text-1405489262 > * {\n  color: rgb(255,255,255);\n}\n<\/style>\n\t<\/div>\n\t\n\t\t<\/div>\n\n\t\t\n<style>\n#section_946550607 {\n  padding-top: 30px;\n  padding-bottom: 30px;\n  background-color: rgb(71, 82, 86);\n}\n<\/style>\n\t<\/section>\n\t\n\n\t<section class=\"section show-for-medium\" id=\"section_746913528\">\n\t\t<div class=\"section-bg fill\" >\n\t\t\t\t\t\t\t\t\t\n\t\t\t\n\n\t\t<\/div>\n\n\t\t\n\n\t\t<div class=\"section-content relative\">\n\t\t\t\n<h2 class=\"uppercase\" style=\"text-align: center;\"><span style=\"color: #e0e0e0; font-size: 90%;\">NOTRE SERVICE D&#8217;\u00c9TABLIS<\/span><\/h2>\n<div class=\"row\"  id=\"row-1492483729\">\n\n\t<div id=\"col-107355214\" class=\"col medium-6 small-6 large-6\"  >\n\t\t\t\t<div class=\"col-inner\"  >\n\t\t\t\n\t\t\t\n\t<div class=\"img has-hover x md-x lg-x y md-y lg-y\" id=\"image_1703630247\">\n\t\t\t\t\t\t\t\t<div class=\"img-inner dark\" >\n\t\t\t<img loading=\"lazy\" decoding=\"async\" width=\"632\" height=\"335\" src=\"https:\/\/www.jeld-wen.ch\/wp-content\/uploads\/2024\/03\/ICON-Bestellung_mobil.png\" class=\"attachment-large size-large\" alt=\"\" srcset=\"https:\/\/www.jeld-wen.ch\/wp-content\/uploads\/2024\/03\/ICON-Bestellung_mobil.png 632w, https:\/\/www.jeld-wen.ch\/wp-content\/uploads\/2024\/03\/ICON-Bestellung_mobil-300x159.png 300w\" sizes=\"auto, (max-width: 632px) 100vw, 632px\" \/>\t\t\t\t\t\t\n\t\t\t\t\t<\/div>\n\t\t\t\t\t\t\t\t\n<style>\n#image_1703630247 {\n  width: 100%;\n}\n<\/style>\n\t<\/div>\n\t\n\t\t<\/div>\n\t\t\t\t\t<\/div>\n\n\t\n\n\t<div id=\"col-370532763\" class=\"col medium-6 small-6 large-6\"  >\n\t\t\t\t<div class=\"col-inner\"  >\n\t\t\t\n\t\t\t\n<p><span style=\"font-size: 90%; color: #e0e0e0;\"><br \/>RAPIDE TRAITEMENT <br \/>DES COMMANDES<br \/><\/span><\/p>\n\t\t<\/div>\n\t\t\t\t\t<\/div>\n\n\t\n<\/div>\n<div class=\"row\"  id=\"row-1239565092\">\n\n\t<div id=\"col-1248424341\" class=\"col medium-6 small-6 large-6\"  >\n\t\t\t\t<div class=\"col-inner\"  >\n\t\t\t\n\t\t\t\n\t<div class=\"img has-hover x md-x lg-x y md-y lg-y\" id=\"image_617667892\">\n\t\t\t\t\t\t\t\t<div class=\"img-inner dark\" >\n\t\t\t<img loading=\"lazy\" decoding=\"async\" width=\"632\" height=\"345\" src=\"https:\/\/www.jeld-wen.ch\/wp-content\/uploads\/2024\/03\/ICON-Lieferzeiten_mobil.png\" class=\"attachment-large size-large\" alt=\"\" srcset=\"https:\/\/www.jeld-wen.ch\/wp-content\/uploads\/2024\/03\/ICON-Lieferzeiten_mobil.png 632w, https:\/\/www.jeld-wen.ch\/wp-content\/uploads\/2024\/03\/ICON-Lieferzeiten_mobil-300x164.png 300w\" sizes=\"auto, (max-width: 632px) 100vw, 632px\" \/>\t\t\t\t\t\t\n\t\t\t\t\t<\/div>\n\t\t\t\t\t\t\t\t\n<style>\n#image_617667892 {\n  width: 100%;\n}\n<\/style>\n\t<\/div>\n\t\n\t\t<\/div>\n\t\t\t\t\t<\/div>\n\n\t\n\n\t<div id=\"col-23246569\" class=\"col medium-6 small-6 large-6\"  >\n\t\t\t\t<div class=\"col-inner\"  >\n\t\t\t\n\t\t\t\n<p><span style=\"color: #e0e0e0; font-size: 90%;\"><br \/>FABRICATION DE PLATEAUX<br \/>SUR MESURE<br \/><\/span><\/p>\n\t\t<\/div>\n\t\t\t\t\t<\/div>\n\n\t\n<\/div>\n<div class=\"row\"  id=\"row-779232197\">\n\n\t<div id=\"col-1512745541\" class=\"col medium-6 small-6 large-6\"  >\n\t\t\t\t<div class=\"col-inner\"  >\n\t\t\t\n\t\t\t\n\t<div class=\"img has-hover x md-x lg-x y md-y lg-y\" id=\"image_1217538924\">\n\t\t\t\t\t\t\t\t<div class=\"img-inner dark\" >\n\t\t\t<img loading=\"lazy\" decoding=\"async\" width=\"632\" height=\"335\" src=\"https:\/\/www.jeld-wen.ch\/wp-content\/uploads\/2024\/03\/ICON-Plattenherstellung_mobil.png\" class=\"attachment-large size-large\" alt=\"\" srcset=\"https:\/\/www.jeld-wen.ch\/wp-content\/uploads\/2024\/03\/ICON-Plattenherstellung_mobil.png 632w, https:\/\/www.jeld-wen.ch\/wp-content\/uploads\/2024\/03\/ICON-Plattenherstellung_mobil-300x159.png 300w\" sizes=\"auto, (max-width: 632px) 100vw, 632px\" \/>\t\t\t\t\t\t\n\t\t\t\t\t<\/div>\n\t\t\t\t\t\t\t\t\n<style>\n#image_1217538924 {\n  width: 100%;\n}\n<\/style>\n\t<\/div>\n\t\n\t\t<\/div>\n\t\t\t\t\t<\/div>\n\n\t\n\n\t<div id=\"col-680726980\" class=\"col medium-6 small-6 large-6\"  >\n\t\t\t\t<div class=\"col-inner\"  >\n\t\t\t\n\t\t\t\n<p><span style=\"font-size: 90%; color: #e0e0e0;\"><br \/>D\u00c9LAIS DE LIVRAISON<br \/>COURTS<br \/><\/span><\/p>\n\t\t<\/div>\n\t\t\t\t\t<\/div>\n\n\t\n<\/div>\n<div class=\"row\"  id=\"row-1354026349\">\n\n\t<div id=\"col-1084733644\" class=\"col small-12 large-12\"  >\n\t\t\t\t<div class=\"col-inner\"  >\n\t\t\t\n\t\t\t\n<p style=\"text-align: center;\"><span style=\"color: #e0e0e0;\">Nous nous ferons un plaisir de vous conseiller pour la r\u00e9alisation de votre \u00e9tabli individuel. Nous sommes \u00e0 votre disposition pour toutes vos demandes directes par e-mail \u00e0 : <br \/>E-Mail: <a style=\"color: #e0e0e0;\" href=\"mailto:kellpax@jeldwen.com\">k<span style=\"color: #ebebeb;\">ellpax@jeldwen.com<\/span><\/a><span style=\"color: #ebebeb;\"> ou par<\/span><br \/><\/span><span style=\"color: #ebebeb;\">t\u00e9l\u00e9phone: <strong>+41 56 648 95 95<\/strong><\/span><\/p>\n<p class=\"lead\"><span style=\"color: #ebebeb;\">Folder sur les \u00e9tablis avec de plus amples informations &#8211;<strong> <a style=\"color: #ebebeb;\" href=\"https:\/\/oxomi.com\/p\/2025299\/catalog\/10529609\">\u00e0 t\u00e9l\u00e9charger imm\u00e9diatement &gt;&gt;<\/a><\/strong><\/span><\/p>\n\t\t<\/div>\n\t\t\t\t\t<\/div>\n\n\t\n<\/div>\n\t\t<\/div>\n\n\t\t\n<style>\n#section_746913528 {\n  padding-top: 30px;\n  padding-bottom: 30px;\n  background-color: #475256;\n}\n<\/style>\n\t<\/section>\n\t\n","protected":false},"excerpt":{"rendered":"","protected":false},"author":1,"featured_media":0,"parent":0,"menu_order":0,"comment_status":"closed","ping_status":"closed","template":"page-blank.php","meta":{"_acf_changed":false,"inline_featured_image":false,"footnotes":""},"class_list":["post-3996","page","type-page","status-publish","hentry"],"acf":[],"yoast_head":"<!-- This site is optimized with the Yoast SEO plugin v27.3 - https:\/\/yoast.com\/product\/yoast-seo-wordpress\/ -->\n<title>Etabli - JELD-WEN<\/title>\n<meta name=\"robots\" content=\"index, follow, max-snippet:-1, max-image-preview:large, max-video-preview:-1\" \/>\n<link rel=\"canonical\" href=\"https:\/\/www.jeld-wen.ch\/fr\/etabli\/\" \/>\n<meta property=\"og:locale\" content=\"fr_FR\" \/>\n<meta property=\"og:type\" content=\"article\" \/>\n<meta property=\"og:title\" content=\"Etabli - JELD-WEN\" \/>\n<meta property=\"og:url\" content=\"https:\/\/www.jeld-wen.ch\/fr\/etabli\/\" \/>\n<meta property=\"og:site_name\" content=\"JELD-WEN\" \/>\n<meta property=\"article:modified_time\" content=\"2026-02-10T15:34:55+00:00\" \/>\n<meta property=\"og:image\" content=\"https:\/\/www.jeld-wen.ch\/wp-content\/uploads\/2026\/02\/pefc-label-pefc04-31-1264-full_green__frame__ch-169x300.png\" \/>\n<meta name=\"twitter:card\" content=\"summary_large_image\" \/>\n<meta name=\"twitter:label1\" content=\"Dur\u00e9e de lecture estim\u00e9e\" \/>\n\t<meta name=\"twitter:data1\" content=\"5 minutes\" \/>\n<script type=\"application\/ld+json\" class=\"yoast-schema-graph\">{\"@context\":\"https:\\\/\\\/schema.org\",\"@graph\":[{\"@type\":\"WebPage\",\"@id\":\"https:\\\/\\\/www.jeld-wen.ch\\\/fr\\\/etabli\\\/\",\"url\":\"https:\\\/\\\/www.jeld-wen.ch\\\/fr\\\/etabli\\\/\",\"name\":\"Etabli - JELD-WEN\",\"isPartOf\":{\"@id\":\"https:\\\/\\\/www.jeld-wen.ch\\\/#website\"},\"primaryImageOfPage\":{\"@id\":\"https:\\\/\\\/www.jeld-wen.ch\\\/fr\\\/etabli\\\/#primaryimage\"},\"image\":{\"@id\":\"https:\\\/\\\/www.jeld-wen.ch\\\/fr\\\/etabli\\\/#primaryimage\"},\"thumbnailUrl\":\"https:\\\/\\\/www.jeld-wen.ch\\\/wp-content\\\/uploads\\\/2026\\\/02\\\/pefc-label-pefc04-31-1264-full_green__frame__ch-169x300.png\",\"datePublished\":\"2017-11-24T07:24:58+00:00\",\"dateModified\":\"2026-02-10T15:34:55+00:00\",\"breadcrumb\":{\"@id\":\"https:\\\/\\\/www.jeld-wen.ch\\\/fr\\\/etabli\\\/#breadcrumb\"},\"inLanguage\":\"fr-FR\",\"potentialAction\":[{\"@type\":\"ReadAction\",\"target\":[\"https:\\\/\\\/www.jeld-wen.ch\\\/fr\\\/etabli\\\/\"]}]},{\"@type\":\"ImageObject\",\"inLanguage\":\"fr-FR\",\"@id\":\"https:\\\/\\\/www.jeld-wen.ch\\\/fr\\\/etabli\\\/#primaryimage\",\"url\":\"https:\\\/\\\/www.jeld-wen.ch\\\/wp-content\\\/uploads\\\/2026\\\/02\\\/pefc-label-pefc04-31-1264-full_green__frame__ch-169x300.png\",\"contentUrl\":\"https:\\\/\\\/www.jeld-wen.ch\\\/wp-content\\\/uploads\\\/2026\\\/02\\\/pefc-label-pefc04-31-1264-full_green__frame__ch-169x300.png\"},{\"@type\":\"BreadcrumbList\",\"@id\":\"https:\\\/\\\/www.jeld-wen.ch\\\/fr\\\/etabli\\\/#breadcrumb\",\"itemListElement\":[{\"@type\":\"ListItem\",\"position\":1,\"name\":\"Startseite\",\"item\":\"https:\\\/\\\/www.jeld-wen.ch\\\/fr\\\/\"},{\"@type\":\"ListItem\",\"position\":2,\"name\":\"Etabli\"}]},{\"@type\":\"WebSite\",\"@id\":\"https:\\\/\\\/www.jeld-wen.ch\\\/#website\",\"url\":\"https:\\\/\\\/www.jeld-wen.ch\\\/\",\"name\":\"JELD-WEN\",\"description\":\"3 starke T\u00fcrenmarken unter einem Dach.\",\"potentialAction\":[{\"@type\":\"SearchAction\",\"target\":{\"@type\":\"EntryPoint\",\"urlTemplate\":\"https:\\\/\\\/www.jeld-wen.ch\\\/?s={search_term_string}\"},\"query-input\":{\"@type\":\"PropertyValueSpecification\",\"valueRequired\":true,\"valueName\":\"search_term_string\"}}],\"inLanguage\":\"fr-FR\"}]}<\/script>\n<!-- \/ Yoast SEO plugin. -->","yoast_head_json":{"title":"Etabli - JELD-WEN","robots":{"index":"index","follow":"follow","max-snippet":"max-snippet:-1","max-image-preview":"max-image-preview:large","max-video-preview":"max-video-preview:-1"},"canonical":"https:\/\/www.jeld-wen.ch\/fr\/etabli\/","og_locale":"fr_FR","og_type":"article","og_title":"Etabli - JELD-WEN","og_url":"https:\/\/www.jeld-wen.ch\/fr\/etabli\/","og_site_name":"JELD-WEN","article_modified_time":"2026-02-10T15:34:55+00:00","og_image":[{"url":"https:\/\/www.jeld-wen.ch\/wp-content\/uploads\/2026\/02\/pefc-label-pefc04-31-1264-full_green__frame__ch-169x300.png","type":"","width":"","height":""}],"twitter_card":"summary_large_image","twitter_misc":{"Dur\u00e9e de lecture estim\u00e9e":"5 minutes"},"schema":{"@context":"https:\/\/schema.org","@graph":[{"@type":"WebPage","@id":"https:\/\/www.jeld-wen.ch\/fr\/etabli\/","url":"https:\/\/www.jeld-wen.ch\/fr\/etabli\/","name":"Etabli - JELD-WEN","isPartOf":{"@id":"https:\/\/www.jeld-wen.ch\/#website"},"primaryImageOfPage":{"@id":"https:\/\/www.jeld-wen.ch\/fr\/etabli\/#primaryimage"},"image":{"@id":"https:\/\/www.jeld-wen.ch\/fr\/etabli\/#primaryimage"},"thumbnailUrl":"https:\/\/www.jeld-wen.ch\/wp-content\/uploads\/2026\/02\/pefc-label-pefc04-31-1264-full_green__frame__ch-169x300.png","datePublished":"2017-11-24T07:24:58+00:00","dateModified":"2026-02-10T15:34:55+00:00","breadcrumb":{"@id":"https:\/\/www.jeld-wen.ch\/fr\/etabli\/#breadcrumb"},"inLanguage":"fr-FR","potentialAction":[{"@type":"ReadAction","target":["https:\/\/www.jeld-wen.ch\/fr\/etabli\/"]}]},{"@type":"ImageObject","inLanguage":"fr-FR","@id":"https:\/\/www.jeld-wen.ch\/fr\/etabli\/#primaryimage","url":"https:\/\/www.jeld-wen.ch\/wp-content\/uploads\/2026\/02\/pefc-label-pefc04-31-1264-full_green__frame__ch-169x300.png","contentUrl":"https:\/\/www.jeld-wen.ch\/wp-content\/uploads\/2026\/02\/pefc-label-pefc04-31-1264-full_green__frame__ch-169x300.png"},{"@type":"BreadcrumbList","@id":"https:\/\/www.jeld-wen.ch\/fr\/etabli\/#breadcrumb","itemListElement":[{"@type":"ListItem","position":1,"name":"Startseite","item":"https:\/\/www.jeld-wen.ch\/fr\/"},{"@type":"ListItem","position":2,"name":"Etabli"}]},{"@type":"WebSite","@id":"https:\/\/www.jeld-wen.ch\/#website","url":"https:\/\/www.jeld-wen.ch\/","name":"JELD-WEN","description":"3 starke T\u00fcrenmarken unter einem Dach.","potentialAction":[{"@type":"SearchAction","target":{"@type":"EntryPoint","urlTemplate":"https:\/\/www.jeld-wen.ch\/?s={search_term_string}"},"query-input":{"@type":"PropertyValueSpecification","valueRequired":true,"valueName":"search_term_string"}}],"inLanguage":"fr-FR"}]}},"_links":{"self":[{"href":"https:\/\/www.jeld-wen.ch\/fr\/wp-json\/wp\/v2\/pages\/3996","targetHints":{"allow":["GET"]}}],"collection":[{"href":"https:\/\/www.jeld-wen.ch\/fr\/wp-json\/wp\/v2\/pages"}],"about":[{"href":"https:\/\/www.jeld-wen.ch\/fr\/wp-json\/wp\/v2\/types\/page"}],"author":[{"embeddable":true,"href":"https:\/\/www.jeld-wen.ch\/fr\/wp-json\/wp\/v2\/users\/1"}],"replies":[{"embeddable":true,"href":"https:\/\/www.jeld-wen.ch\/fr\/wp-json\/wp\/v2\/comments?post=3996"}],"version-history":[{"count":32,"href":"https:\/\/www.jeld-wen.ch\/fr\/wp-json\/wp\/v2\/pages\/3996\/revisions"}],"predecessor-version":[{"id":12851,"href":"https:\/\/www.jeld-wen.ch\/fr\/wp-json\/wp\/v2\/pages\/3996\/revisions\/12851"}],"wp:attachment":[{"href":"https:\/\/www.jeld-wen.ch\/fr\/wp-json\/wp\/v2\/media?parent=3996"}],"curies":[{"name":"wp","href":"https:\/\/api.w.org\/{rel}","templated":true}]}}