{"id":3983,"date":"2017-11-24T08:24:58","date_gmt":"2017-11-24T07:24:58","guid":{"rendered":"http:\/\/www.jeld-wen.ch\/?page_id=3983"},"modified":"2025-03-21T13:01:20","modified_gmt":"2025-03-21T12:01:20","slug":"marques-de-portes","status":"publish","type":"page","link":"https:\/\/www.jeld-wen.ch\/fr\/marques-de-portes\/","title":{"rendered":"Marques de portes"},"content":{"rendered":"\n  <div class=\"banner has-hover banner-desktop is-full-height hide-for-medium\" id=\"banner-2038678733\">\n          <div class=\"banner-inner fill\">\n        <div class=\"banner-bg fill\" >\n            <img loading=\"lazy\" decoding=\"async\" width=\"2560\" height=\"1440\" src=\"https:\/\/www.jeld-wen.ch\/wp-content\/uploads\/2017\/06\/Tuerenmarken-1a-Persoenlichkeit.jpg\" class=\"bg\" alt=\"\" srcset=\"https:\/\/www.jeld-wen.ch\/wp-content\/uploads\/2017\/06\/Tuerenmarken-1a-Persoenlichkeit.jpg 2560w, https:\/\/www.jeld-wen.ch\/wp-content\/uploads\/2017\/06\/Tuerenmarken-1a-Persoenlichkeit-300x169.jpg 300w, https:\/\/www.jeld-wen.ch\/wp-content\/uploads\/2017\/06\/Tuerenmarken-1a-Persoenlichkeit-768x432.jpg 768w, https:\/\/www.jeld-wen.ch\/wp-content\/uploads\/2017\/06\/Tuerenmarken-1a-Persoenlichkeit-1024x576.jpg 1024w\" sizes=\"auto, (max-width: 2560px) 100vw, 2560px\" \/>                                    \n                    <\/div>\n\t\t\n        <div class=\"banner-layers container\">\n            <div class=\"fill banner-link\"><\/div>            \n   <div id=\"text-box-1987044681\" class=\"text-box banner-layer x100 md-x100 lg-x100 y50 md-y50 lg-y50 res-text\">\n                                <div class=\"text-box-content text \">\n              \n\t<div class=\"is-border\"\n\t\tstyle=\"border-width:0px 0px 0px 0px;margin:52px 0px 0px 0px;\">\n\t<\/div>\n              <div class=\"text-inner text-left\">\n                  \n<div class=\"maske-light\">\n<h2 style=\"text-align: left;\"><span style=\"color: #333333;\">DES PORTES AVEC DE LA PERSONNALITE.<\/span><\/h2>\n<p style=\"text-align: left;\"><span style=\"color: #333333;\">JELD-WEN offre une gamme unique de portes des plus grandes marques telles que KELLPAX, JELD-WEN, DANA et BOS. Int\u00e9gr\u00e9 dans un grand groupe international, nous n&#8217;avons jamais oubli\u00e9 nos solides racines suisses : nous fabriquons nos portes avec soin dans la plus pure tradition de la menuiserie et avec les technologies les plus modernes dans notre usine de Bremgarten. Nous vous offrons la solution de porte optimale pour chaque espace et chaque exigence, de la porte design exclusive pour votre refuge personnel \u00e0 la solution fonctionnelle pour l&#8217;agencement d&#8217;objets.<\/span><\/p>\n<p style=\"text-align: left;\"><span style=\"color: #333333;\">Quels sont les points communs \u00e0 nos marques ? La qualit\u00e9 suisse, notre passion pour le design, notre amour du d\u00e9tail, notre engagement en faveur de pratiques \u00e9conomiques durables et de la menuiserie traditionnelle.<br \/>\n<\/span><\/p>\n<div class=\"scroll-down-dark\">\n<\/div>\n<\/div>\n              <\/div>\n           <\/div>\n                            \n<style>\n#text-box-1987044681 {\n  width: 42%;\n}\n#text-box-1987044681 .text-box-content {\n  font-size: 100%;\n}\n<\/style>\n    <\/div>\n \n        <\/div>\n      <\/div>\n\n            \n<style>\n#banner-2038678733 {\n  padding-top: 100%;\n}\n<\/style>\n  <\/div>\n\n\n\n  <div class=\"banner has-hover show-for-medium\" id=\"banner-1501785074\">\n          <div class=\"banner-inner fill\">\n        <div class=\"banner-bg fill\" >\n            <img loading=\"lazy\" decoding=\"async\" width=\"1020\" height=\"574\" src=\"https:\/\/www.jeld-wen.ch\/wp-content\/uploads\/2017\/06\/Tuerenmarken-1a-Persoenlichkeit-1024x576.jpg\" class=\"bg\" alt=\"\" srcset=\"https:\/\/www.jeld-wen.ch\/wp-content\/uploads\/2017\/06\/Tuerenmarken-1a-Persoenlichkeit-1024x576.jpg 1024w, https:\/\/www.jeld-wen.ch\/wp-content\/uploads\/2017\/06\/Tuerenmarken-1a-Persoenlichkeit-300x169.jpg 300w, https:\/\/www.jeld-wen.ch\/wp-content\/uploads\/2017\/06\/Tuerenmarken-1a-Persoenlichkeit-768x432.jpg 768w\" sizes=\"auto, (max-width: 1020px) 100vw, 1020px\" \/>                                    \n                    <\/div>\n\t\t\n        <div class=\"banner-layers container\">\n            <div class=\"fill banner-link\"><\/div>            \n        <\/div>\n      <\/div>\n\n            \n<style>\n#banner-1501785074 {\n  padding-top: 500px;\n}\n<\/style>\n  <\/div>\n\n\n\n\t<section class=\"section show-for-medium\" id=\"section_116700780\">\n\t\t<div class=\"section-bg fill\" >\n\t\t\t\t\t\t\t\t\t\n\t\t\t\n\n\t\t<\/div>\n\n\t\t\n\n\t\t<div class=\"section-content relative\">\n\t\t\t\n<div class=\"row align-center\"  id=\"row-1153995312\">\n\n\t<div id=\"col-1114735221\" class=\"col medium-10 small-12 large-10\"  >\n\t\t\t\t<div class=\"col-inner text-center\"  >\n\t\t\t\n\t\t\t\n<h2 class=\"uppercase\">DES PORTES AVEC DE LA PERSONNALITE.<\/h2>\n<p>JELD-WEN propose une gamme de portes des grandes marques KELLPAX, DANA et JELD-WEN unique en Suisse. Int\u00e9gr\u00e9s dans un grand groupe international, nous n&#8217;avons jamais oubli\u00e9 nos solides racines suisses : nous fabriquons nos portes avec soin dans la plus pure tradition de la menuiserie et avec les technologies les plus modernes dans notre usine de Bremgarten. Nous vous offrons la solution de porte optimale pour chaque espace et chaque exigence, de la porte design exclusive pour votre refuge personnel \u00e0 la solution fonctionnelle pour l&#8217;agencement d&#8217;objets.<\/p>\n<p>Quels sont les points communs \u00e0 nos marques ? La qualit\u00e9 suisse, notre passion pour le design, notre amour du d\u00e9tail, notre engagement en faveur de pratiques \u00e9conomiques durables et de la menuiserie traditionnelle.<\/p>\n\t\t<\/div>\n\t\t\t\t\n<style>\n#col-1114735221 > .col-inner {\n  padding: 20px 0px 0px 0px;\n}\n<\/style>\n\t<\/div>\n\n\t\n<\/div>\n\t\t<\/div>\n\n\t\t\n<style>\n#section_116700780 {\n  padding-top: 60px;\n  padding-bottom: 60px;\n  min-height: 300px;\n  background-color: rgb(255,255,255);\n}\n<\/style>\n\t<\/section>\n\t\n\n\t<section class=\"section dark\" id=\"section_1573039700\">\n\t\t<div class=\"section-bg fill\" >\n\t\t\t\t\t\t\t\t\t\n\t\t\t\n\n\t\t<\/div>\n\n\t\t\n\n\t\t<div class=\"section-content relative\">\n\t\t\t\n<div class=\"row\"  id=\"row-802433841\">\n\n\t<div id=\"col-340990978\" class=\"col small-12 large-12\"  >\n\t\t\t\t<div class=\"col-inner\"  >\n\t\t\t\n\t\t\t\n<h2>Quatre marques fortes sous un m\u00eame toit<\/h2>\n<p>JELD-WEN offre des portes et des cadres pour tous les go\u00fbts, tous les styles architecturaux et toutes les exigences avec ses quatre marques fortes. Ce qui les relie : Poign\u00e9e de main suisse de qualit\u00e9, amour de la menuiserie et passion pour le design.<\/p>\n\t\t<\/div>\n\t\t\t\t\t<\/div>\n\n\t\n\n\t<div id=\"col-1020451077\" class=\"col small-12 large-12\"  >\n\t\t\t\t<div class=\"col-inner\"  >\n\t\t\t\n\t\t\t\n\t<div class=\"img has-hover x md-x lg-x y md-y lg-y\" id=\"image_964998802\">\n\t\t\t\t\t\t\t\t<div class=\"img-inner dark\" >\n\t\t\t<img loading=\"lazy\" decoding=\"async\" width=\"2500\" height=\"688\" src=\"https:\/\/www.jeld-wen.ch\/wp-content\/uploads\/2025\/03\/Dachmarke_neu8.png\" class=\"attachment-original size-original\" alt=\"\" srcset=\"https:\/\/www.jeld-wen.ch\/wp-content\/uploads\/2025\/03\/Dachmarke_neu8.png 2500w, https:\/\/www.jeld-wen.ch\/wp-content\/uploads\/2025\/03\/Dachmarke_neu8-300x83.png 300w, https:\/\/www.jeld-wen.ch\/wp-content\/uploads\/2025\/03\/Dachmarke_neu8-1024x282.png 1024w, https:\/\/www.jeld-wen.ch\/wp-content\/uploads\/2025\/03\/Dachmarke_neu8-768x211.png 768w, https:\/\/www.jeld-wen.ch\/wp-content\/uploads\/2025\/03\/Dachmarke_neu8-1536x423.png 1536w, https:\/\/www.jeld-wen.ch\/wp-content\/uploads\/2025\/03\/Dachmarke_neu8-2048x564.png 2048w\" sizes=\"auto, (max-width: 2500px) 100vw, 2500px\" \/>\t\t\t\t\t\t\n\t\t\t\t\t<\/div>\n\t\t\t\t\t\t\t\t\n<style>\n#image_964998802 {\n  width: 100%;\n}\n<\/style>\n\t<\/div>\n\t\n\t\t<\/div>\n\t\t\t\t\t<\/div>\n\n\t\n<\/div>\n\t\t<\/div>\n\n\t\t\n<style>\n#section_1573039700 {\n  padding-top: 110px;\n  padding-bottom: 110px;\n  background-color: rgb(71, 82, 87);\n}\n<\/style>\n\t<\/section>\n\t\n<div id=\"MarkeKellpax\"><\/div>\n\n\t<section class=\"section\" id=\"section_1501300025\">\n\t\t<div class=\"section-bg fill\" >\n\t\t\t\t\t\t\t\t\t\n\t\t\t\n\n\t\t<\/div>\n\n\t\t\n\n\t\t<div class=\"section-content relative\">\n\t\t\t\n\n  <div class=\"banner has-hover\" id=\"banner-1523686246\">\n          <div class=\"banner-inner fill\">\n        <div class=\"banner-bg fill\" >\n            <img loading=\"lazy\" decoding=\"async\" width=\"2560\" height=\"1440\" src=\"https:\/\/www.jeld-wen.ch\/wp-content\/uploads\/2017\/06\/Tuerenmarken-2a-Kellpax.jpg\" class=\"bg\" alt=\"\" srcset=\"https:\/\/www.jeld-wen.ch\/wp-content\/uploads\/2017\/06\/Tuerenmarken-2a-Kellpax.jpg 2560w, https:\/\/www.jeld-wen.ch\/wp-content\/uploads\/2017\/06\/Tuerenmarken-2a-Kellpax-300x169.jpg 300w, https:\/\/www.jeld-wen.ch\/wp-content\/uploads\/2017\/06\/Tuerenmarken-2a-Kellpax-768x432.jpg 768w, https:\/\/www.jeld-wen.ch\/wp-content\/uploads\/2017\/06\/Tuerenmarken-2a-Kellpax-1024x576.jpg 1024w\" sizes=\"auto, (max-width: 2560px) 100vw, 2560px\" \/>                                    \n                    <\/div>\n\t\t\n        <div class=\"banner-layers container\">\n            <div class=\"fill banner-link\"><\/div>            \n        <\/div>\n      <\/div>\n\n              <div class=\"height-fix is-invisible\"><img loading=\"lazy\" decoding=\"async\" width=\"2560\" height=\"1440\" src=\"https:\/\/www.jeld-wen.ch\/wp-content\/uploads\/2017\/06\/Tuerenmarken-2a-Kellpax.jpg\" class=\"attachment-orginal size-orginal\" alt=\"\" srcset=\"https:\/\/www.jeld-wen.ch\/wp-content\/uploads\/2017\/06\/Tuerenmarken-2a-Kellpax.jpg 2560w, https:\/\/www.jeld-wen.ch\/wp-content\/uploads\/2017\/06\/Tuerenmarken-2a-Kellpax-300x169.jpg 300w, https:\/\/www.jeld-wen.ch\/wp-content\/uploads\/2017\/06\/Tuerenmarken-2a-Kellpax-768x432.jpg 768w, https:\/\/www.jeld-wen.ch\/wp-content\/uploads\/2017\/06\/Tuerenmarken-2a-Kellpax-1024x576.jpg 1024w\" sizes=\"auto, (max-width: 2560px) 100vw, 2560px\" \/><\/div>\n              <\/div>\n\n\n\t\t<\/div>\n\n\t\t\n<style>\n#section_1501300025 {\n  padding-top: 30px;\n  padding-bottom: 30px;\n  background-color: #475257;\n}\n<\/style>\n\t<\/section>\n\t\n\n\t<section class=\"section dark\" id=\"section_1158534693\">\n\t\t<div class=\"section-bg fill\" >\n\t\t\t\t\t\t\t\t\t\n\t\t\t\n\n\t\t<\/div>\n\n\t\t\n\n\t\t<div class=\"section-content relative\">\n\t\t\t\n<div class=\"row\"  id=\"row-1377318637\">\n\n\t<div id=\"col-658335044\" class=\"col medium-4 small-12 large-4 tip-top\" title=\"MarkeKellpax\" >\n\t\t\t\t<div class=\"col-inner\"  >\n\t\t\t\n\t\t\t\n\t\t<\/div>\n\t\t\t\t\t<\/div>\n\n\t\n\n\t<div id=\"col-986601231\" class=\"col medium-4 small-12 large-4\"  >\n\t\t\t\t<div class=\"col-inner\"  >\n\t\t\t\n\t\t\t\n\t<div class=\"img has-hover x md-x lg-x y md-y lg-y\" id=\"image_1192782047\">\n\t\t\t\t\t\t\t\t<div class=\"img-inner dark\" >\n\t\t\t<img loading=\"lazy\" decoding=\"async\" width=\"475\" height=\"82\" src=\"https:\/\/www.jeld-wen.ch\/wp-content\/uploads\/2017\/03\/05-Tuerenmarken-02-KELLPAX-Logo.png\" class=\"attachment-original size-original\" alt=\"\" srcset=\"https:\/\/www.jeld-wen.ch\/wp-content\/uploads\/2017\/03\/05-Tuerenmarken-02-KELLPAX-Logo.png 475w, https:\/\/www.jeld-wen.ch\/wp-content\/uploads\/2017\/03\/05-Tuerenmarken-02-KELLPAX-Logo-300x52.png 300w\" sizes=\"auto, (max-width: 475px) 100vw, 475px\" \/>\t\t\t\t\t\t\n\t\t\t\t\t<\/div>\n\t\t\t\t\t\t\t\t\n<style>\n#image_1192782047 {\n  width: 100%;\n}\n<\/style>\n\t<\/div>\n\t\n\t\t<\/div>\n\t\t\t\t\t<\/div>\n\n\t\n\n\t<div id=\"col-1252220266\" class=\"col medium-4 small-12 large-4\"  >\n\t\t\t\t<div class=\"col-inner\"  >\n\t\t\t\n\t\t\t\n\t\t<\/div>\n\t\t\t\t\t<\/div>\n\n\t\n\n\t<div id=\"col-1772739603\" class=\"col medium-1 small-12 large-1\"  >\n\t\t\t\t<div class=\"col-inner\"  >\n\t\t\t\n\t\t\t\n\t\t<\/div>\n\t\t\t\t\t<\/div>\n\n\t\n\n\t<div id=\"col-757438939\" class=\"col medium-10 small-12 large-10\"  >\n\t\t\t\t<div class=\"col-inner\"  >\n\t\t\t\n\t\t\t\n<h2 class=\"uppercase\" style=\"text-align: center;\">PLUS QUE DE SIMPLES PORTES<br \/> PLUS DE DESIGN. PLUS DE PORTE. PLUS DE SUISSE.<\/h2>\n<p style=\"text-align: center;\">Avec la marque traditionnelle KELLPAX, dont l&#8217;histoire a commenc\u00e9 il y a plus de 100 ans \u00e0 Klingnau, JELD-WEN affiche son attachement \u00e0 ses racines suisses, son artisanat traditionnel et son partenariat \u00e9troit avec le menuisier. Dans un m\u00eame temps, KELLPAX emprunte de nouvelles voies avec son concept de produit innovant <a href=\"https:\/\/www.jeld-wen.ch\/featured_item\/designverbund\/\">Harmonie de design<\/a> qui permet de prolonger le design dans les pi\u00e8ces, de l\u2019int\u00e9rieur de la porte d\u2019entr\u00e9e aux portes int\u00e9rieures et \u2013 en \u00e9troite collaboration avec le menuisier \u2013 aux meubles et aux \u00e9l\u00e9ments d\u00e9coratifs sur les murs et les plafonds.<\/p>\n<p style=\"text-align: center;\">D\u00e9couvrez la diversit\u00e9 des portes fabriqu\u00e9es en Suisse. Avec KELLPAX<\/p>\n<p style=\"text-align: center;\"><a href=\"https:\/\/oxomi.com\/p\/2025299\/catalog\/10057293\" target=\"_blank\" rel=\"noopener\">Vers le catalogue de portes KELLPAX &gt;&gt;<\/a><\/p>\n\t\t<\/div>\n\t\t\t\t\t<\/div>\n\n\t\n\n\t<div id=\"col-421880602\" class=\"col medium-1 small-12 large-1\"  >\n\t\t\t\t<div class=\"col-inner\"  >\n\t\t\t\n\t\t\t\n\t\t<\/div>\n\t\t\t\t\t<\/div>\n\n\t\n<\/div>\n<div class=\"row\"  id=\"row-1190167228\">\n\n\t<div id=\"col-1554417015\" class=\"col small-12 large-12\"  >\n\t\t\t\t<div class=\"col-inner\"  >\n\t\t\t\n\t\t\t\n<h3 class=\"uppercase\" style=\"text-align: center;\">DES PORTES ASSOCIANT QUALIT\u00c9 SUISSE ET INDIVIDUALIT\u00c9<\/h3>\n\t\t<\/div>\n\t\t\t\t\t<\/div>\n\n\t\n\n\t<div id=\"col-1670016767\" class=\"col medium-4 small-12 large-4\"  >\n\t\t\t\t<div class=\"col-inner\"  >\n\t\t\t\n\t\t\t\n<p style=\"text-align: center;\"><strong>Design fonctionnel<\/strong> <br \/>Des portes tr\u00e8s fonctionnelles aux surfaces et au design adapt\u00e9s \u00e0 l&#8217;architecture individuelle.<\/p>\n\t\t<\/div>\n\t\t\t\t\t<\/div>\n\n\t\n\n\t<div id=\"col-1371891038\" class=\"col medium-4 small-12 large-4\"  >\n\t\t\t\t<div class=\"col-inner\"  >\n\t\t\t\n\t\t\t\n<p style=\"text-align: center;\"><strong>Vari\u00e9t\u00e9 de syst\u00e8mes<\/strong><br \/>Un syst\u00e8me complet et innovant de portes int\u00e9rieures et ext\u00e9rieures adapt\u00e9es \u00e0 toutes les situations.<\/p>\n\t\t<\/div>\n\t\t\t\t\t<\/div>\n\n\t\n\n\t<div id=\"col-552375121\" class=\"col medium-4 small-12 large-4\"  >\n\t\t\t\t<div class=\"col-inner\"  >\n\t\t\t\n\t\t\t\n<p style=\"text-align: center;\"><strong>La passion de la qualit\u00e9<\/strong><br \/>Des portes uniques fabriqu\u00e9es dans les r\u00e8gles de l&#8217;art et avec une technique de pointe mont\u00e9es de fa\u00e7on professionnelle par un menuisier.<\/p>\n\t\t<\/div>\n\t\t\t\t\t<\/div>\n\n\t\n<\/div>\n\t\t<\/div>\n\n\t\t\n<style>\n#section_1158534693 {\n  padding-top: 110px;\n  padding-bottom: 110px;\n  background-color: rgb(71, 82, 87);\n}\n<\/style>\n\t<\/section>\n\t\n<div id=\"MarkeJeldWen\"><\/div>\n\n\t<section class=\"section\" id=\"section_1763623459\">\n\t\t<div class=\"section-bg fill\" >\n\t\t\t\t\t\t\t\t\t\n\t\t\t\n\n\t\t<\/div>\n\n\t\t\n\n\t\t<div class=\"section-content relative\">\n\t\t\t\n\n  <div class=\"banner has-hover\" id=\"banner-479365760\">\n          <div class=\"banner-inner fill\">\n        <div class=\"banner-bg fill\" >\n            <img loading=\"lazy\" decoding=\"async\" width=\"3000\" height=\"1688\" src=\"https:\/\/www.jeld-wen.ch\/wp-content\/uploads\/2017\/10\/Tuerenmarken-JW.jpg\" class=\"bg\" alt=\"\" srcset=\"https:\/\/www.jeld-wen.ch\/wp-content\/uploads\/2017\/10\/Tuerenmarken-JW.jpg 3000w, https:\/\/www.jeld-wen.ch\/wp-content\/uploads\/2017\/10\/Tuerenmarken-JW-300x169.jpg 300w, https:\/\/www.jeld-wen.ch\/wp-content\/uploads\/2017\/10\/Tuerenmarken-JW-768x432.jpg 768w, https:\/\/www.jeld-wen.ch\/wp-content\/uploads\/2017\/10\/Tuerenmarken-JW-1024x576.jpg 1024w\" sizes=\"auto, (max-width: 3000px) 100vw, 3000px\" \/>                                    \n                    <\/div>\n\t\t\n        <div class=\"banner-layers container\">\n            <div class=\"fill banner-link\"><\/div>            \n        <\/div>\n      <\/div>\n\n              <div class=\"height-fix is-invisible\"><img loading=\"lazy\" decoding=\"async\" width=\"3000\" height=\"1688\" src=\"https:\/\/www.jeld-wen.ch\/wp-content\/uploads\/2017\/10\/Tuerenmarken-JW.jpg\" class=\"attachment-orginal size-orginal\" alt=\"\" srcset=\"https:\/\/www.jeld-wen.ch\/wp-content\/uploads\/2017\/10\/Tuerenmarken-JW.jpg 3000w, https:\/\/www.jeld-wen.ch\/wp-content\/uploads\/2017\/10\/Tuerenmarken-JW-300x169.jpg 300w, https:\/\/www.jeld-wen.ch\/wp-content\/uploads\/2017\/10\/Tuerenmarken-JW-768x432.jpg 768w, https:\/\/www.jeld-wen.ch\/wp-content\/uploads\/2017\/10\/Tuerenmarken-JW-1024x576.jpg 1024w\" sizes=\"auto, (max-width: 3000px) 100vw, 3000px\" \/><\/div>\n              <\/div>\n\n\n\t\t<\/div>\n\n\t\t\n<style>\n#section_1763623459 {\n  padding-top: 30px;\n  padding-bottom: 30px;\n  background-color: #475257;\n}\n<\/style>\n\t<\/section>\n\t\n\n\t<section class=\"section dark\" id=\"section_2139413739\">\n\t\t<div class=\"section-bg fill\" >\n\t\t\t\t\t\t\t\t\t\n\t\t\t\n\n\t\t<\/div>\n\n\t\t\n\n\t\t<div class=\"section-content relative\">\n\t\t\t\n<div class=\"row\"  id=\"row-1258751876\">\n\n\t<div id=\"col-1796472146\" class=\"col medium-4 small-12 large-4\"  >\n\t\t\t\t<div class=\"col-inner\"  >\n\t\t\t\n\t\t\t\n\t\t<\/div>\n\t\t\t\t\t<\/div>\n\n\t\n\n\t<div id=\"col-150109655\" class=\"col medium-4 small-12 large-4 tip-top\" title=\"MarkeJeldWen\" >\n\t\t\t\t<div class=\"col-inner\"  >\n\t\t\t\n\t\t\t\n\t<div class=\"img has-hover x md-x lg-x y md-y lg-y\" id=\"image_1021681988\">\n\t\t\t\t\t\t\t\t<div class=\"img-inner dark\" >\n\t\t\t<img loading=\"lazy\" decoding=\"async\" width=\"513\" height=\"89\" src=\"https:\/\/www.jeld-wen.ch\/wp-content\/uploads\/2017\/10\/Jeld-wen_logo_2017_weiss.png\" class=\"attachment-original size-original\" alt=\"\" srcset=\"https:\/\/www.jeld-wen.ch\/wp-content\/uploads\/2017\/10\/Jeld-wen_logo_2017_weiss.png 513w, https:\/\/www.jeld-wen.ch\/wp-content\/uploads\/2017\/10\/Jeld-wen_logo_2017_weiss-300x52.png 300w\" sizes=\"auto, (max-width: 513px) 100vw, 513px\" \/>\t\t\t\t\t\t\n\t\t\t\t\t<\/div>\n\t\t\t\t\t\t\t\t\n<style>\n#image_1021681988 {\n  width: 100%;\n}\n<\/style>\n\t<\/div>\n\t\n\t\t<\/div>\n\t\t\t\t\t<\/div>\n\n\t\n\n\t<div id=\"col-459638598\" class=\"col medium-4 small-12 large-4\"  >\n\t\t\t\t<div class=\"col-inner\"  >\n\t\t\t\n\t\t\t\n\t\t<\/div>\n\t\t\t\t\t<\/div>\n\n\t\n\n\t<div id=\"col-508821639\" class=\"col medium-1 small-12 large-1\"  >\n\t\t\t\t<div class=\"col-inner\"  >\n\t\t\t\n\t\t\t\n\t\t<\/div>\n\t\t\t\t\t<\/div>\n\n\t\n\n\t<div id=\"col-2132608277\" class=\"col medium-10 small-12 large-10\"  >\n\t\t\t\t<div class=\"col-inner\"  >\n\t\t\t\n\t\t\t\n<h2 class=\"uppercase\" style=\"text-align: center;\">UNE VIE SPECIALE AVEC DES PORTES SPECIALES.<\/h2>\n<p style=\"text-align: center;\">Extravagante et glamour, intemporelle ou simple, classique et traditionnelle, avant-gardiste ou d\u00e9licate, presque transparente :vous trouverez ici la porte qui vous convient, convaincante sur les plans optique et fonctionnel, parfaitement int\u00e9gr\u00e9e \u00e0 votre style de vie ou apportant des touches personnelles \u00e9tonnantes, en fonction de vos go\u00fbts.<\/p>\n<p style=\"text-align: center;\">Depuis plus de 50 ans, JELD-WEN donne des impulsions en mati\u00e8re d\u2019habitat avec sa gamme de portes int\u00e9rieures. D\u00e9couvrez \u00e9galement les portes ouvrant sur vos espaces de vie les plus personnels.<\/p>\n<p style=\"text-align: center;\"><a href=\"https:\/\/oxomi.com\/p\/2025299\/catalog\/10253888\" target=\"_blank\" rel=\"noopener\">Vers le catalogue de portes JELD-WEN&gt;&gt; &gt;&gt;<\/a><\/p>\n\t\t<\/div>\n\t\t\t\t\t<\/div>\n\n\t\n\n\t<div id=\"col-821210227\" class=\"col medium-1 small-12 large-1\"  >\n\t\t\t\t<div class=\"col-inner\"  >\n\t\t\t\n\t\t\t\n\t\t<\/div>\n\t\t\t\t\t<\/div>\n\n\t\n<\/div>\n\t\t<\/div>\n\n\t\t\n<style>\n#section_2139413739 {\n  padding-top: 110px;\n  padding-bottom: 110px;\n  background-color: rgb(71, 82, 87);\n}\n<\/style>\n\t<\/section>\n\t\n<div id=\"MarkeDANA\">\u00a0<\/div>\n\n\t<section class=\"section\" id=\"section_1910751268\">\n\t\t<div class=\"section-bg fill\" >\n\t\t\t\t\t\t\t\t\t\n\t\t\t\n\n\t\t<\/div>\n\n\t\t\n\n\t\t<div class=\"section-content relative\">\n\t\t\t\n\n  <div class=\"banner has-hover\" id=\"banner-171414329\">\n          <div class=\"banner-inner fill\">\n        <div class=\"banner-bg fill\" >\n            <img loading=\"lazy\" decoding=\"async\" width=\"1920\" height=\"2560\" src=\"https:\/\/www.jeld-wen.ch\/wp-content\/uploads\/2023\/07\/DANA_Cover_132_ICv2_low-scaled.jpg\" class=\"bg\" alt=\"\" srcset=\"https:\/\/www.jeld-wen.ch\/wp-content\/uploads\/2023\/07\/DANA_Cover_132_ICv2_low-scaled.jpg 1920w, https:\/\/www.jeld-wen.ch\/wp-content\/uploads\/2023\/07\/DANA_Cover_132_ICv2_low-225x300.jpg 225w, https:\/\/www.jeld-wen.ch\/wp-content\/uploads\/2023\/07\/DANA_Cover_132_ICv2_low-768x1024.jpg 768w, https:\/\/www.jeld-wen.ch\/wp-content\/uploads\/2023\/07\/DANA_Cover_132_ICv2_low-1152x1536.jpg 1152w, https:\/\/www.jeld-wen.ch\/wp-content\/uploads\/2023\/07\/DANA_Cover_132_ICv2_low-1536x2048.jpg 1536w\" sizes=\"auto, (max-width: 1920px) 100vw, 1920px\" \/>                                    \n                    <\/div>\n\t\t\n        <div class=\"banner-layers container\">\n            <div class=\"fill banner-link\"><\/div>            \n        <\/div>\n      <\/div>\n\n              <div class=\"height-fix is-invisible\"><img loading=\"lazy\" decoding=\"async\" width=\"1920\" height=\"2560\" src=\"https:\/\/www.jeld-wen.ch\/wp-content\/uploads\/2023\/07\/DANA_Cover_132_ICv2_low-scaled.jpg\" class=\"attachment-orginal size-orginal\" alt=\"\" srcset=\"https:\/\/www.jeld-wen.ch\/wp-content\/uploads\/2023\/07\/DANA_Cover_132_ICv2_low-scaled.jpg 1920w, https:\/\/www.jeld-wen.ch\/wp-content\/uploads\/2023\/07\/DANA_Cover_132_ICv2_low-225x300.jpg 225w, https:\/\/www.jeld-wen.ch\/wp-content\/uploads\/2023\/07\/DANA_Cover_132_ICv2_low-768x1024.jpg 768w, https:\/\/www.jeld-wen.ch\/wp-content\/uploads\/2023\/07\/DANA_Cover_132_ICv2_low-1152x1536.jpg 1152w, https:\/\/www.jeld-wen.ch\/wp-content\/uploads\/2023\/07\/DANA_Cover_132_ICv2_low-1536x2048.jpg 1536w\" sizes=\"auto, (max-width: 1920px) 100vw, 1920px\" \/><\/div>\n              <\/div>\n\n\n\t\t<\/div>\n\n\t\t\n<style>\n#section_1910751268 {\n  padding-top: 30px;\n  padding-bottom: 30px;\n  background-color: #475257;\n}\n<\/style>\n\t<\/section>\n\t\n\n\t<section class=\"section dark\" id=\"section_1628804660\">\n\t\t<div class=\"section-bg fill\" >\n\t\t\t\t\t\t\t\t\t\n\t\t\t\n\n\t\t<\/div>\n\n\t\t\n\n\t\t<div class=\"section-content relative\">\n\t\t\t\n<div class=\"row\"  id=\"row-2068842640\">\n\n\t<div id=\"col-1405495043\" class=\"col medium-5 small-12 large-5 tip-top\" title=\"MarkeDANA\" >\n\t\t\t\t<div class=\"col-inner\"  >\n\t\t\t\n\t\t\t\n\t\t<\/div>\n\t\t\t\t\t<\/div>\n\n\t\n\n\t<div id=\"col-1205338816\" class=\"col medium-2 small-12 large-2\"  >\n\t\t\t\t<div class=\"col-inner\"  >\n\t\t\t\n\t\t\t\n\t<div class=\"img has-hover x md-x lg-x y md-y lg-y\" id=\"image_1123399296\">\n\t\t\t\t\t\t\t\t<div class=\"img-inner dark\" >\n\t\t\t<img loading=\"lazy\" decoding=\"async\" width=\"224\" height=\"250\" src=\"https:\/\/www.jeld-wen.ch\/wp-content\/uploads\/2017\/03\/05-Tuerenmarken-01-DANA-Logo.png\" class=\"attachment-original size-original\" alt=\"\" \/>\t\t\t\t\t\t\n\t\t\t\t\t<\/div>\n\t\t\t\t\t\t\t\t\n<style>\n#image_1123399296 {\n  width: 100%;\n}\n<\/style>\n\t<\/div>\n\t\n\t\t<\/div>\n\t\t\t\t\t<\/div>\n\n\t\n\n\t<div id=\"col-1947884827\" class=\"col medium-5 small-12 large-5\"  >\n\t\t\t\t<div class=\"col-inner\"  >\n\t\t\t\n\t\t\t\n\t\t<\/div>\n\t\t\t\t\t<\/div>\n\n\t\n\n\t<div id=\"col-1425746571\" class=\"col medium-1 small-12 large-1\"  >\n\t\t\t\t<div class=\"col-inner\"  >\n\t\t\t\n\t\t\t\n\t\t<\/div>\n\t\t\t\t\t<\/div>\n\n\t\n\n\t<div id=\"col-508113313\" class=\"col medium-10 small-12 large-10\"  >\n\t\t\t\t<div class=\"col-inner\"  >\n\t\t\t\n\t\t\t\n<h2 style=\"text-align: center;\">FRANCHEMENT&#8230;<br \/>&#8230; N\u2019EST-CE PAS FORMIDABLE QUAND LES PORTES NOUS ETONNENT ?<\/h2>\n<p style=\"text-align: center;\">Celui qui ouvre une porte DANA d\u00e9couvre de nouveaux mondes. Des mat\u00e9riaux de haute qualit\u00e9 et des raffinements techniques qui facilitent la vie. Des portes qui, par leur apparence et leur toucher, d\u00e9passent toutes les attentes. Chacune d\u2019entre elles est unique en termes de facilit\u00e9 d&#8217;utilisation et de confort de mouvement et exclusive dans sa conception et son design. D\u00e9couvrez avec DANA des univers de portes qui rendent la vie tout simplement plus belle.<\/p>\n<p style=\"text-align: center;\">Portes DANA. Une \u00e9motion pour la vie.<\/p>\n<p style=\"text-align: center;\"><a href=\"https:\/\/oxomi.com\/p\/2025299\/catalog\/10475072\" target=\"_blank\" rel=\"noopener\">Vers le catalogue des portes DANA&gt;&gt; &gt;&gt;<\/a><\/p>\n\t\t<\/div>\n\t\t\t\t\t<\/div>\n\n\t\n\n\t<div id=\"col-1433861534\" class=\"col medium-1 small-12 large-1\"  >\n\t\t\t\t<div class=\"col-inner\"  >\n\t\t\t\n\t\t\t\n\t\t<\/div>\n\t\t\t\t\t<\/div>\n\n\t\n<\/div>\n\t\t<\/div>\n\n\t\t\n<style>\n#section_1628804660 {\n  padding-top: 110px;\n  padding-bottom: 110px;\n  background-color: rgb(71, 82, 87);\n}\n<\/style>\n\t<\/section>\n\t\n<div id=\"MarkeBOS\"><\/div>\n\n\t<section class=\"section\" id=\"section_1586905872\">\n\t\t<div class=\"section-bg fill\" >\n\t\t\t\t\t\t\t\t\t\n\t\t\t\n\n\t\t<\/div>\n\n\t\t\n\n\t\t<div class=\"section-content relative\">\n\t\t\t\n\n  <div class=\"banner has-hover\" id=\"banner-308374497\">\n          <div class=\"banner-inner fill\">\n        <div class=\"banner-bg fill\" >\n            <img loading=\"lazy\" decoding=\"async\" width=\"2560\" height=\"1140\" src=\"https:\/\/www.jeld-wen.ch\/wp-content\/uploads\/2018\/07\/Headerbild-BOS.jpg\" class=\"bg\" alt=\"\" srcset=\"https:\/\/www.jeld-wen.ch\/wp-content\/uploads\/2018\/07\/Headerbild-BOS.jpg 2560w, https:\/\/www.jeld-wen.ch\/wp-content\/uploads\/2018\/07\/Headerbild-BOS-300x134.jpg 300w, https:\/\/www.jeld-wen.ch\/wp-content\/uploads\/2018\/07\/Headerbild-BOS-768x342.jpg 768w, https:\/\/www.jeld-wen.ch\/wp-content\/uploads\/2018\/07\/Headerbild-BOS-1024x456.jpg 1024w\" sizes=\"auto, (max-width: 2560px) 100vw, 2560px\" \/>                                    \n                    <\/div>\n\t\t\n        <div class=\"banner-layers container\">\n            <div class=\"fill banner-link\"><\/div>            \n        <\/div>\n      <\/div>\n\n              <div class=\"height-fix is-invisible\"><img loading=\"lazy\" decoding=\"async\" width=\"2560\" height=\"1140\" src=\"https:\/\/www.jeld-wen.ch\/wp-content\/uploads\/2018\/07\/Headerbild-BOS.jpg\" class=\"attachment-orginal size-orginal\" alt=\"\" srcset=\"https:\/\/www.jeld-wen.ch\/wp-content\/uploads\/2018\/07\/Headerbild-BOS.jpg 2560w, https:\/\/www.jeld-wen.ch\/wp-content\/uploads\/2018\/07\/Headerbild-BOS-300x134.jpg 300w, https:\/\/www.jeld-wen.ch\/wp-content\/uploads\/2018\/07\/Headerbild-BOS-768x342.jpg 768w, https:\/\/www.jeld-wen.ch\/wp-content\/uploads\/2018\/07\/Headerbild-BOS-1024x456.jpg 1024w\" sizes=\"auto, (max-width: 2560px) 100vw, 2560px\" \/><\/div>\n              <\/div>\n\n\n\t\t<\/div>\n\n\t\t\n<style>\n#section_1586905872 {\n  padding-top: 30px;\n  padding-bottom: 30px;\n  background-color: #475257;\n}\n<\/style>\n\t<\/section>\n\t\n\n\t<section class=\"section dark\" id=\"section_1420625491\">\n\t\t<div class=\"section-bg fill\" >\n\t\t\t\t\t\t\t\t\t\n\t\t\t\n\n\t\t<\/div>\n\n\t\t\n\n\t\t<div class=\"section-content relative\">\n\t\t\t\n<div class=\"row\"  id=\"row-1043289933\">\n\n\t<div id=\"col-260342787\" class=\"col medium-5 small-12 large-5\"  >\n\t\t\t\t<div class=\"col-inner\"  >\n\t\t\t\n\t\t\t\n\t\t<\/div>\n\t\t\t\t\t<\/div>\n\n\t\n\n\t<div id=\"col-986096763\" class=\"col medium-2 small-12 large-2 tip-top\" title=\"MarkeJeldWen\" >\n\t\t\t\t<div class=\"col-inner\"  >\n\t\t\t\n\t\t\t\n\t<div class=\"img has-hover x md-x lg-x y md-y lg-y\" id=\"image_116428758\">\n\t\t\t\t\t\t\t\t<div class=\"img-inner dark\" >\n\t\t\t<img loading=\"lazy\" decoding=\"async\" width=\"800\" height=\"485\" src=\"https:\/\/www.jeld-wen.ch\/wp-content\/uploads\/2018\/07\/BOS-Logo.png\" class=\"attachment-original size-original\" alt=\"\" srcset=\"https:\/\/www.jeld-wen.ch\/wp-content\/uploads\/2018\/07\/BOS-Logo.png 800w, https:\/\/www.jeld-wen.ch\/wp-content\/uploads\/2018\/07\/BOS-Logo-300x182.png 300w, https:\/\/www.jeld-wen.ch\/wp-content\/uploads\/2018\/07\/BOS-Logo-768x466.png 768w\" sizes=\"auto, (max-width: 800px) 100vw, 800px\" \/>\t\t\t\t\t\t\n\t\t\t\t\t<\/div>\n\t\t\t\t\t\t\t\t\n<style>\n#image_116428758 {\n  width: 100%;\n}\n<\/style>\n\t<\/div>\n\t\n\t\t<\/div>\n\t\t\t\t\t<\/div>\n\n\t\n\n\t<div id=\"col-1847261547\" class=\"col medium-5 small-12 large-5\"  >\n\t\t\t\t<div class=\"col-inner\"  >\n\t\t\t\n\t\t\t\n\t\t<\/div>\n\t\t\t\t\t<\/div>\n\n\t\n\n\t<div id=\"col-1269299228\" class=\"col medium-1 small-12 large-1\"  >\n\t\t\t\t<div class=\"col-inner\"  >\n\t\t\t\n\t\t\t\n\t\t<\/div>\n\t\t\t\t\t<\/div>\n\n\t\n\n\t<div id=\"col-1338430636\" class=\"col medium-10 small-12 large-10\"  >\n\t\t\t\t<div class=\"col-inner\"  >\n\t\t\t\n\t\t\t\n<h2 class=\"uppercase\" style=\"text-align: center;\">Cadres fonctionnels en acier du leader du march\u00e9 europ\u00e9en<\/h2>\n<p style=\"text-align: center;\">BOS &#8211; Best Of Steel. Les cadres en acier BOS sont fabriqu\u00e9s avec le savoir-faire de 50 ans d&#8217;exp\u00e9rience. Ils ont d\u00e9j\u00e0 re\u00e7u plusieurs prix pour leur design exceptionnel. L&#8217;exp\u00e9rience et la comp\u00e9tence font de BOS un leader des fabriquants d\u2019huisserie m\u00e9tallique. Avec les cadres en acier BOS, nous \u00e9largissons notre gamme de solutions de cadres de haute qualit\u00e9 et offrons \u00e0 vos clients une gamme encore plus large.<\/p>\n\t\t<\/div>\n\t\t\t\t\t<\/div>\n\n\t\n\n\t<div id=\"col-17509642\" class=\"col medium-1 small-12 large-1\"  >\n\t\t\t\t<div class=\"col-inner\"  >\n\t\t\t\n\t\t\t\n\t\t<\/div>\n\t\t\t\t\t<\/div>\n\n\t\n<\/div>\n\t\t<\/div>\n\n\t\t\n<style>\n#section_1420625491 {\n  padding-top: 110px;\n  padding-bottom: 110px;\n  background-color: rgb(71, 82, 87);\n}\n<\/style>\n\t<\/section>\n\t\n\n\n","protected":false},"excerpt":{"rendered":"<p>\u00a0<\/p>\n","protected":false},"author":1,"featured_media":0,"parent":0,"menu_order":0,"comment_status":"closed","ping_status":"closed","template":"page-blank.php","meta":{"_acf_changed":false,"inline_featured_image":false,"footnotes":""},"class_list":["post-3983","page","type-page","status-publish","hentry"],"acf":[],"yoast_head":"<!-- This site is optimized with the Yoast SEO plugin v27.3 - https:\/\/yoast.com\/product\/yoast-seo-wordpress\/ -->\n<title>Marques de portes - JELD-WEN<\/title>\n<meta name=\"robots\" content=\"index, follow, max-snippet:-1, max-image-preview:large, max-video-preview:-1\" \/>\n<link rel=\"canonical\" href=\"https:\/\/www.jeld-wen.ch\/fr\/marques-de-portes\/\" \/>\n<meta property=\"og:locale\" content=\"fr_FR\" \/>\n<meta property=\"og:type\" content=\"article\" \/>\n<meta property=\"og:title\" content=\"Marques de portes - JELD-WEN\" \/>\n<meta property=\"og:description\" content=\"\u00a0\" \/>\n<meta property=\"og:url\" content=\"https:\/\/www.jeld-wen.ch\/fr\/marques-de-portes\/\" \/>\n<meta property=\"og:site_name\" content=\"JELD-WEN\" \/>\n<meta property=\"article:modified_time\" content=\"2025-03-21T12:01:20+00:00\" \/>\n<meta name=\"twitter:card\" content=\"summary_large_image\" \/>\n<meta name=\"twitter:label1\" content=\"Dur\u00e9e de lecture estim\u00e9e\" \/>\n\t<meta name=\"twitter:data1\" content=\"7 minutes\" \/>\n<script type=\"application\/ld+json\" class=\"yoast-schema-graph\">{\"@context\":\"https:\\\/\\\/schema.org\",\"@graph\":[{\"@type\":\"WebPage\",\"@id\":\"https:\\\/\\\/www.jeld-wen.ch\\\/fr\\\/marques-de-portes\\\/\",\"url\":\"https:\\\/\\\/www.jeld-wen.ch\\\/fr\\\/marques-de-portes\\\/\",\"name\":\"Marques de portes - JELD-WEN\",\"isPartOf\":{\"@id\":\"https:\\\/\\\/www.jeld-wen.ch\\\/#website\"},\"datePublished\":\"2017-11-24T07:24:58+00:00\",\"dateModified\":\"2025-03-21T12:01:20+00:00\",\"breadcrumb\":{\"@id\":\"https:\\\/\\\/www.jeld-wen.ch\\\/fr\\\/marques-de-portes\\\/#breadcrumb\"},\"inLanguage\":\"fr-FR\",\"potentialAction\":[{\"@type\":\"ReadAction\",\"target\":[\"https:\\\/\\\/www.jeld-wen.ch\\\/fr\\\/marques-de-portes\\\/\"]}]},{\"@type\":\"BreadcrumbList\",\"@id\":\"https:\\\/\\\/www.jeld-wen.ch\\\/fr\\\/marques-de-portes\\\/#breadcrumb\",\"itemListElement\":[{\"@type\":\"ListItem\",\"position\":1,\"name\":\"Startseite\",\"item\":\"https:\\\/\\\/www.jeld-wen.ch\\\/fr\\\/\"},{\"@type\":\"ListItem\",\"position\":2,\"name\":\"Marques de portes\"}]},{\"@type\":\"WebSite\",\"@id\":\"https:\\\/\\\/www.jeld-wen.ch\\\/#website\",\"url\":\"https:\\\/\\\/www.jeld-wen.ch\\\/\",\"name\":\"JELD-WEN\",\"description\":\"3 starke T\u00fcrenmarken unter einem Dach.\",\"potentialAction\":[{\"@type\":\"SearchAction\",\"target\":{\"@type\":\"EntryPoint\",\"urlTemplate\":\"https:\\\/\\\/www.jeld-wen.ch\\\/?s={search_term_string}\"},\"query-input\":{\"@type\":\"PropertyValueSpecification\",\"valueRequired\":true,\"valueName\":\"search_term_string\"}}],\"inLanguage\":\"fr-FR\"}]}<\/script>\n<!-- \/ Yoast SEO plugin. -->","yoast_head_json":{"title":"Marques de portes - JELD-WEN","robots":{"index":"index","follow":"follow","max-snippet":"max-snippet:-1","max-image-preview":"max-image-preview:large","max-video-preview":"max-video-preview:-1"},"canonical":"https:\/\/www.jeld-wen.ch\/fr\/marques-de-portes\/","og_locale":"fr_FR","og_type":"article","og_title":"Marques de portes - JELD-WEN","og_description":"\u00a0","og_url":"https:\/\/www.jeld-wen.ch\/fr\/marques-de-portes\/","og_site_name":"JELD-WEN","article_modified_time":"2025-03-21T12:01:20+00:00","twitter_card":"summary_large_image","twitter_misc":{"Dur\u00e9e de lecture estim\u00e9e":"7 minutes"},"schema":{"@context":"https:\/\/schema.org","@graph":[{"@type":"WebPage","@id":"https:\/\/www.jeld-wen.ch\/fr\/marques-de-portes\/","url":"https:\/\/www.jeld-wen.ch\/fr\/marques-de-portes\/","name":"Marques de portes - JELD-WEN","isPartOf":{"@id":"https:\/\/www.jeld-wen.ch\/#website"},"datePublished":"2017-11-24T07:24:58+00:00","dateModified":"2025-03-21T12:01:20+00:00","breadcrumb":{"@id":"https:\/\/www.jeld-wen.ch\/fr\/marques-de-portes\/#breadcrumb"},"inLanguage":"fr-FR","potentialAction":[{"@type":"ReadAction","target":["https:\/\/www.jeld-wen.ch\/fr\/marques-de-portes\/"]}]},{"@type":"BreadcrumbList","@id":"https:\/\/www.jeld-wen.ch\/fr\/marques-de-portes\/#breadcrumb","itemListElement":[{"@type":"ListItem","position":1,"name":"Startseite","item":"https:\/\/www.jeld-wen.ch\/fr\/"},{"@type":"ListItem","position":2,"name":"Marques de portes"}]},{"@type":"WebSite","@id":"https:\/\/www.jeld-wen.ch\/#website","url":"https:\/\/www.jeld-wen.ch\/","name":"JELD-WEN","description":"3 starke T\u00fcrenmarken unter einem Dach.","potentialAction":[{"@type":"SearchAction","target":{"@type":"EntryPoint","urlTemplate":"https:\/\/www.jeld-wen.ch\/?s={search_term_string}"},"query-input":{"@type":"PropertyValueSpecification","valueRequired":true,"valueName":"search_term_string"}}],"inLanguage":"fr-FR"}]}},"_links":{"self":[{"href":"https:\/\/www.jeld-wen.ch\/fr\/wp-json\/wp\/v2\/pages\/3983","targetHints":{"allow":["GET"]}}],"collection":[{"href":"https:\/\/www.jeld-wen.ch\/fr\/wp-json\/wp\/v2\/pages"}],"about":[{"href":"https:\/\/www.jeld-wen.ch\/fr\/wp-json\/wp\/v2\/types\/page"}],"author":[{"embeddable":true,"href":"https:\/\/www.jeld-wen.ch\/fr\/wp-json\/wp\/v2\/users\/1"}],"replies":[{"embeddable":true,"href":"https:\/\/www.jeld-wen.ch\/fr\/wp-json\/wp\/v2\/comments?post=3983"}],"version-history":[{"count":22,"href":"https:\/\/www.jeld-wen.ch\/fr\/wp-json\/wp\/v2\/pages\/3983\/revisions"}],"predecessor-version":[{"id":11925,"href":"https:\/\/www.jeld-wen.ch\/fr\/wp-json\/wp\/v2\/pages\/3983\/revisions\/11925"}],"wp:attachment":[{"href":"https:\/\/www.jeld-wen.ch\/fr\/wp-json\/wp\/v2\/media?parent=3983"}],"curies":[{"name":"wp","href":"https:\/\/api.w.org\/{rel}","templated":true}]}}