{"id":3914,"date":"2017-11-24T08:24:59","date_gmt":"2017-11-24T07:24:59","guid":{"rendered":"http:\/\/www.jeld-wen.ch\/?page_id=3914"},"modified":"2025-05-13T15:28:03","modified_gmt":"2025-05-13T13:28:03","slug":"portes-interieures","status":"publish","type":"page","link":"https:\/\/www.jeld-wen.ch\/fr\/portes-interieures\/","title":{"rendered":"Portes int\u00e9rieures"},"content":{"rendered":"\t<div id=\"gap-1395943431\" class=\"gap-element clearfix\" style=\"display:block; height:auto;\">\n\t\t\n<style>\n#gap-1395943431 {\n  padding-top: 15%;\n}\n<\/style>\n\t<\/div>\n\t\n\n\t<section class=\"section\" id=\"section_1160088370\">\n\t\t<div class=\"section-bg fill\" >\n\t\t\t\t\t\t\t\t\t\n\t\t\t\n\n\t\t<\/div>\n\n\t\t\n\n\t\t<div class=\"section-content relative\">\n\t\t\t\n<div class=\"row\"  id=\"row-414853855\">\n\n\t<div id=\"col-1258007844\" class=\"col small-12 large-12\"  >\n\t\t\t\t<div class=\"col-inner\"  >\n\t\t\t\n\t\t\t\n<h2>LES UNIVERS DES PORTES INTERIEURES<\/h2>\n<p>Les portes int\u00e9rieures sont l&#8217;acc\u00e8s \u00e0 nos espaces de vie les plus personnels, elles ouvrent sur nos univers les plus intimes. Chez JELD-WEN, vous trouverez exactement la solution de porte qui vous convient. Entrez dans nos univers de portes et d\u00e9couvrez le plus grand choix de portes int\u00e9rieures pour toutes les situations (porte tournante ou coulissante, porte vitr\u00e9e, porte avec rev\u00eatement en bois, etc.) et tous les styles de vie, du plus traditionnel au plus avant-gardiste. Laissez-vous inspirer !<\/p>\n\t<div id=\"gap-1125568842\" class=\"gap-element clearfix\" style=\"display:block; height:auto;\">\n\t\t\n<style>\n#gap-1125568842 {\n  padding-top: 70px;\n}\n<\/style>\n\t<\/div>\n\t\n<div id=\"portfolio-1021172596\" class=\"portfolio-element-wrapper has-filtering\">\n  \n    <div id=\"portfolio-1021172596\" class=\"row large-columns-3 medium-columns- small-columns-2 row-small row-masonry\" data-packery-options='{\"itemSelector\": \".col\", \"gutter\": 0, \"presentageWidth\" : true}'>\n\n    <div class=\"col\" data-terms=\"[&quot;Portes int\u00e9rieures&quot;]\" >\n          <div class=\"col-inner\" >\n          <a href=\"https:\/\/www.jeld-wen.ch\/fr\/featured_item\/portes-lisses\/\" class=\"plain \">\n          <div class=\"portfolio-box box has-hover box-default\">\n            <div class=\"box-image\" >\n                <div class=\"image-cover\" style=\"padding-top:100%;\">\n                <img loading=\"lazy\" decoding=\"async\" width=\"300\" height=\"300\" src=\"https:\/\/www.jeld-wen.ch\/wp-content\/uploads\/2017\/10\/\u00dcbersicht_Glatte_T\u00fcren-300x300.jpg\" class=\"attachment-medium size-medium\" alt=\"\" srcset=\"https:\/\/www.jeld-wen.ch\/wp-content\/uploads\/2017\/10\/\u00dcbersicht_Glatte_T\u00fcren-300x300.jpg 300w, https:\/\/www.jeld-wen.ch\/wp-content\/uploads\/2017\/10\/\u00dcbersicht_Glatte_T\u00fcren-300x300-150x150.jpg 150w\" sizes=\"auto, (max-width: 300px) 100vw, 300px\" \/>                                                <\/div>\n            <\/div>\n            <div class=\"box-text text-center is-xlarge\" style=\"padding:0px 0px 0px 0px;\">\n                  <div class=\"box-text-inner\">\n                      <h6 class=\"uppercase portfolio-box-title\">Portes lisses<\/h6>\n                      <p class=\"uppercase portfolio-box-category is-xsmall op-6\">\n                        <span class=\"show-on-hover\">\n                         Portes int\u00e9rieures                        <\/span>\n                      <\/p>\n                  <\/div>\n            <\/div>\n           <\/div>\n           <\/a>\n           <\/div>\n           <\/div><div class=\"col\" data-terms=\"[&quot;Portes int\u00e9rieures&quot;]\" >\n          <div class=\"col-inner\" >\n          <a href=\"https:\/\/www.jeld-wen.ch\/fr\/featured_item\/placage-en-bois-veritable\/\" class=\"plain \">\n          <div class=\"portfolio-box box has-hover box-default\">\n            <div class=\"box-image\" >\n                <div class=\"image-cover\" style=\"padding-top:100%;\">\n                <img loading=\"lazy\" decoding=\"async\" width=\"300\" height=\"300\" src=\"https:\/\/www.jeld-wen.ch\/wp-content\/uploads\/2017\/10\/\u00dcbersicht_Echtholz_furniert-300x300.jpg\" class=\"attachment-medium size-medium\" alt=\"\" srcset=\"https:\/\/www.jeld-wen.ch\/wp-content\/uploads\/2017\/10\/\u00dcbersicht_Echtholz_furniert-300x300.jpg 300w, https:\/\/www.jeld-wen.ch\/wp-content\/uploads\/2017\/10\/\u00dcbersicht_Echtholz_furniert-300x300-150x150.jpg 150w\" sizes=\"auto, (max-width: 300px) 100vw, 300px\" \/>                                                <\/div>\n            <\/div>\n            <div class=\"box-text text-center is-xlarge\" style=\"padding:0px 0px 0px 0px;\">\n                  <div class=\"box-text-inner\">\n                      <h6 class=\"uppercase portfolio-box-title\">Placage en bois veritable<\/h6>\n                      <p class=\"uppercase portfolio-box-category is-xsmall op-6\">\n                        <span class=\"show-on-hover\">\n                         Portes int\u00e9rieures                        <\/span>\n                      <\/p>\n                  <\/div>\n            <\/div>\n           <\/div>\n           <\/a>\n           <\/div>\n           <\/div><div class=\"col\" data-terms=\"[&quot;Portes int\u00e9rieures&quot;]\" >\n          <div class=\"col-inner\" >\n          <a href=\"https:\/\/www.jeld-wen.ch\/fr\/featured_item\/portes-en-bois-massif\/\" class=\"plain \">\n          <div class=\"portfolio-box box has-hover box-default\">\n            <div class=\"box-image\" >\n                <div class=\"image-cover\" style=\"padding-top:100%;\">\n                <img loading=\"lazy\" decoding=\"async\" width=\"300\" height=\"300\" src=\"https:\/\/www.jeld-wen.ch\/wp-content\/uploads\/2017\/10\/\u00dcbersicht_Massivholztueren-300x300.jpg\" class=\"attachment-medium size-medium\" alt=\"\" srcset=\"https:\/\/www.jeld-wen.ch\/wp-content\/uploads\/2017\/10\/\u00dcbersicht_Massivholztueren-300x300.jpg 300w, https:\/\/www.jeld-wen.ch\/wp-content\/uploads\/2017\/10\/\u00dcbersicht_Massivholztueren-300x300-150x150.jpg 150w\" sizes=\"auto, (max-width: 300px) 100vw, 300px\" \/>                                                <\/div>\n            <\/div>\n            <div class=\"box-text text-center is-xlarge\" style=\"padding:0px 0px 0px 0px;\">\n                  <div class=\"box-text-inner\">\n                      <h6 class=\"uppercase portfolio-box-title\">Portes en bois massif<\/h6>\n                      <p class=\"uppercase portfolio-box-category is-xsmall op-6\">\n                        <span class=\"show-on-hover\">\n                         Portes int\u00e9rieures                        <\/span>\n                      <\/p>\n                  <\/div>\n            <\/div>\n           <\/div>\n           <\/a>\n           <\/div>\n           <\/div><div class=\"col\" data-terms=\"[&quot;Portes int\u00e9rieures&quot;]\" >\n          <div class=\"col-inner\" >\n          <a href=\"https:\/\/www.jeld-wen.ch\/fr\/featured_item\/portes-de-style\/\" class=\"plain \">\n          <div class=\"portfolio-box box has-hover box-default\">\n            <div class=\"box-image\" >\n                <div class=\"image-cover\" style=\"padding-top:100%;\">\n                <img loading=\"lazy\" decoding=\"async\" width=\"300\" height=\"300\" src=\"https:\/\/www.jeld-wen.ch\/wp-content\/uploads\/2017\/10\/\u00dcbersicht_Stilt\u00fcren-300x300.jpg\" class=\"attachment-medium size-medium\" alt=\"\" srcset=\"https:\/\/www.jeld-wen.ch\/wp-content\/uploads\/2017\/10\/\u00dcbersicht_Stilt\u00fcren-300x300.jpg 300w, https:\/\/www.jeld-wen.ch\/wp-content\/uploads\/2017\/10\/\u00dcbersicht_Stilt\u00fcren-300x300-150x150.jpg 150w\" sizes=\"auto, (max-width: 300px) 100vw, 300px\" \/>                                                <\/div>\n            <\/div>\n            <div class=\"box-text text-center is-xlarge\" style=\"padding:0px 0px 0px 0px;\">\n                  <div class=\"box-text-inner\">\n                      <h6 class=\"uppercase portfolio-box-title\">Portes de style<\/h6>\n                      <p class=\"uppercase portfolio-box-category is-xsmall op-6\">\n                        <span class=\"show-on-hover\">\n                         Portes int\u00e9rieures                        <\/span>\n                      <\/p>\n                  <\/div>\n            <\/div>\n           <\/div>\n           <\/a>\n           <\/div>\n           <\/div><div class=\"col\" data-terms=\"[&quot;Portes int\u00e9rieures&quot;]\" >\n          <div class=\"col-inner\" >\n          <a href=\"https:\/\/www.jeld-wen.ch\/fr\/featured_item\/portes-en-verre\/\" class=\"plain \">\n          <div class=\"portfolio-box box has-hover box-default\">\n            <div class=\"box-image\" >\n                <div class=\"image-cover\" style=\"padding-top:100%;\">\n                <img loading=\"lazy\" decoding=\"async\" width=\"300\" height=\"300\" src=\"https:\/\/www.jeld-wen.ch\/wp-content\/uploads\/2017\/10\/\u00dcbersicht_Glast\u00fcr-300x300.jpg\" class=\"attachment-medium size-medium\" alt=\"\" srcset=\"https:\/\/www.jeld-wen.ch\/wp-content\/uploads\/2017\/10\/\u00dcbersicht_Glast\u00fcr-300x300.jpg 300w, https:\/\/www.jeld-wen.ch\/wp-content\/uploads\/2017\/10\/\u00dcbersicht_Glast\u00fcr-300x300-150x150.jpg 150w\" sizes=\"auto, (max-width: 300px) 100vw, 300px\" \/>                                                <\/div>\n            <\/div>\n            <div class=\"box-text text-center is-xlarge\" style=\"padding:0px 0px 0px 0px;\">\n                  <div class=\"box-text-inner\">\n                      <h6 class=\"uppercase portfolio-box-title\">Portes en verre<\/h6>\n                      <p class=\"uppercase portfolio-box-category is-xsmall op-6\">\n                        <span class=\"show-on-hover\">\n                         Portes int\u00e9rieures                        <\/span>\n                      <\/p>\n                  <\/div>\n            <\/div>\n           <\/div>\n           <\/a>\n           <\/div>\n           <\/div><div class=\"col\" data-terms=\"[&quot;Portes int\u00e9rieures&quot;]\" >\n          <div class=\"col-inner\" >\n          <a href=\"https:\/\/www.jeld-wen.ch\/fr\/featured_item\/portes-avec-rainures\/\" class=\"plain \">\n          <div class=\"portfolio-box box has-hover box-default\">\n            <div class=\"box-image\" >\n                <div class=\"image-cover\" style=\"padding-top:100%;\">\n                <img loading=\"lazy\" decoding=\"async\" width=\"300\" height=\"300\" src=\"https:\/\/www.jeld-wen.ch\/wp-content\/uploads\/2017\/10\/\u00dcbersicht_T\u00fcren_mit_Relief-300x300.jpg\" class=\"attachment-medium size-medium\" alt=\"\" srcset=\"https:\/\/www.jeld-wen.ch\/wp-content\/uploads\/2017\/10\/\u00dcbersicht_T\u00fcren_mit_Relief-300x300.jpg 300w, https:\/\/www.jeld-wen.ch\/wp-content\/uploads\/2017\/10\/\u00dcbersicht_T\u00fcren_mit_Relief-300x300-150x150.jpg 150w\" sizes=\"auto, (max-width: 300px) 100vw, 300px\" \/>                                                <\/div>\n            <\/div>\n            <div class=\"box-text text-center is-xlarge\" style=\"padding:0px 0px 0px 0px;\">\n                  <div class=\"box-text-inner\">\n                      <h6 class=\"uppercase portfolio-box-title\">Portes avec rainures<\/h6>\n                      <p class=\"uppercase portfolio-box-category is-xsmall op-6\">\n                        <span class=\"show-on-hover\">\n                         Portes int\u00e9rieures                        <\/span>\n                      <\/p>\n                  <\/div>\n            <\/div>\n           <\/div>\n           <\/a>\n           <\/div>\n           <\/div><div class=\"col\" data-terms=\"[&quot;Portes int\u00e9rieures&quot;]\" >\n          <div class=\"col-inner\" >\n          <a href=\"https:\/\/www.jeld-wen.ch\/fr\/featured_item\/portes-coulissantes\/\" class=\"plain \">\n          <div class=\"portfolio-box box has-hover box-default\">\n            <div class=\"box-image\" >\n                <div class=\"image-cover\" style=\"padding-top:100%;\">\n                <img loading=\"lazy\" decoding=\"async\" width=\"300\" height=\"300\" src=\"https:\/\/www.jeld-wen.ch\/wp-content\/uploads\/2017\/10\/\u00dcbersicht_Schiebet\u00fcren-300x300.jpg\" class=\"attachment-medium size-medium\" alt=\"\" srcset=\"https:\/\/www.jeld-wen.ch\/wp-content\/uploads\/2017\/10\/\u00dcbersicht_Schiebet\u00fcren-300x300.jpg 300w, https:\/\/www.jeld-wen.ch\/wp-content\/uploads\/2017\/10\/\u00dcbersicht_Schiebet\u00fcren-300x300-150x150.jpg 150w\" sizes=\"auto, (max-width: 300px) 100vw, 300px\" \/>                                                <\/div>\n            <\/div>\n            <div class=\"box-text text-center is-xlarge\" style=\"padding:0px 0px 0px 0px;\">\n                  <div class=\"box-text-inner\">\n                      <h6 class=\"uppercase portfolio-box-title\">Portes coulissantes<\/h6>\n                      <p class=\"uppercase portfolio-box-category is-xsmall op-6\">\n                        <span class=\"show-on-hover\">\n                         Portes int\u00e9rieures                        <\/span>\n                      <\/p>\n                  <\/div>\n            <\/div>\n           <\/div>\n           <\/a>\n           <\/div>\n           <\/div><div class=\"col\" data-terms=\"[&quot;Portes int\u00e9rieures&quot;]\" >\n          <div class=\"col-inner\" >\n          <a href=\"https:\/\/www.jeld-wen.ch\/fr\/featured_item\/portes-dentree\/\" class=\"plain \">\n          <div class=\"portfolio-box box has-hover box-default\">\n            <div class=\"box-image\" >\n                <div class=\"image-cover\" style=\"padding-top:100%;\">\n                <img loading=\"lazy\" decoding=\"async\" width=\"300\" height=\"300\" src=\"https:\/\/www.jeld-wen.ch\/wp-content\/uploads\/2017\/10\/\u00dcbersicht_Abschlusst\u00fcr-300x300.jpg\" class=\"attachment-medium size-medium\" alt=\"\" srcset=\"https:\/\/www.jeld-wen.ch\/wp-content\/uploads\/2017\/10\/\u00dcbersicht_Abschlusst\u00fcr-300x300.jpg 300w, https:\/\/www.jeld-wen.ch\/wp-content\/uploads\/2017\/10\/\u00dcbersicht_Abschlusst\u00fcr-300x300-150x150.jpg 150w\" sizes=\"auto, (max-width: 300px) 100vw, 300px\" \/>                                                <\/div>\n            <\/div>\n            <div class=\"box-text text-center is-xlarge\" style=\"padding:0px 0px 0px 0px;\">\n                  <div class=\"box-text-inner\">\n                      <h6 class=\"uppercase portfolio-box-title\">Portes d\u2019entr\u00e9e<\/h6>\n                      <p class=\"uppercase portfolio-box-category is-xsmall op-6\">\n                        <span class=\"show-on-hover\">\n                         Portes int\u00e9rieures                        <\/span>\n                      <\/p>\n                  <\/div>\n            <\/div>\n           <\/div>\n           <\/a>\n           <\/div>\n           <\/div><div class=\"col\" data-terms=\"[&quot;Portes int\u00e9rieures&quot;]\" >\n          <div class=\"col-inner\" >\n          <a href=\"https:\/\/www.jeld-wen.ch\/fr\/featured_item\/cloisons-de-separation\/\" class=\"plain \">\n          <div class=\"portfolio-box box has-hover box-default\">\n            <div class=\"box-image\" >\n                <div class=\"image-cover\" style=\"padding-top:100%;\">\n                <img loading=\"lazy\" decoding=\"async\" width=\"300\" height=\"300\" src=\"https:\/\/www.jeld-wen.ch\/wp-content\/uploads\/2017\/10\/\u00dcbersicht_Trennwand-300x300.jpg\" class=\"attachment-medium size-medium\" alt=\"\" srcset=\"https:\/\/www.jeld-wen.ch\/wp-content\/uploads\/2017\/10\/\u00dcbersicht_Trennwand-300x300.jpg 300w, https:\/\/www.jeld-wen.ch\/wp-content\/uploads\/2017\/10\/\u00dcbersicht_Trennwand-300x300-150x150.jpg 150w\" sizes=\"auto, (max-width: 300px) 100vw, 300px\" \/>                                                <\/div>\n            <\/div>\n            <div class=\"box-text text-center is-xlarge\" style=\"padding:0px 0px 0px 0px;\">\n                  <div class=\"box-text-inner\">\n                      <h6 class=\"uppercase portfolio-box-title\">Cloisons de s\u00e9paration<\/h6>\n                      <p class=\"uppercase portfolio-box-category is-xsmall op-6\">\n                        <span class=\"show-on-hover\">\n                         Portes int\u00e9rieures                        <\/span>\n                      <\/p>\n                  <\/div>\n            <\/div>\n           <\/div>\n           <\/a>\n           <\/div>\n           <\/div><div class=\"col\" data-terms=\"[&quot;Portes int\u00e9rieures&quot;]\" >\n          <div class=\"col-inner\" >\n          <a href=\"https:\/\/www.jeld-wen.ch\/fr\/featured_item\/duritop\/\" class=\"plain \">\n          <div class=\"portfolio-box box has-hover box-default\">\n            <div class=\"box-image\" >\n                <div class=\"image-cover\" style=\"padding-top:100%;\">\n                <img loading=\"lazy\" decoding=\"async\" width=\"300\" height=\"203\" src=\"https:\/\/www.jeld-wen.ch\/wp-content\/uploads\/2024\/07\/Subheader_DuriTop_Desktop_1560x1056-px_72-dpi-300x203.jpg\" class=\"attachment-medium size-medium\" alt=\"\" srcset=\"https:\/\/www.jeld-wen.ch\/wp-content\/uploads\/2024\/07\/Subheader_DuriTop_Desktop_1560x1056-px_72-dpi-300x203.jpg 300w, https:\/\/www.jeld-wen.ch\/wp-content\/uploads\/2024\/07\/Subheader_DuriTop_Desktop_1560x1056-px_72-dpi-1024x693.jpg 1024w, https:\/\/www.jeld-wen.ch\/wp-content\/uploads\/2024\/07\/Subheader_DuriTop_Desktop_1560x1056-px_72-dpi-768x520.jpg 768w, https:\/\/www.jeld-wen.ch\/wp-content\/uploads\/2024\/07\/Subheader_DuriTop_Desktop_1560x1056-px_72-dpi-1536x1040.jpg 1536w, https:\/\/www.jeld-wen.ch\/wp-content\/uploads\/2024\/07\/Subheader_DuriTop_Desktop_1560x1056-px_72-dpi.jpg 1560w\" sizes=\"auto, (max-width: 300px) 100vw, 300px\" \/>                                                <\/div>\n            <\/div>\n            <div class=\"box-text text-center is-xlarge\" style=\"padding:0px 0px 0px 0px;\">\n                  <div class=\"box-text-inner\">\n                      <h6 class=\"uppercase portfolio-box-title\">DuriTop<\/h6>\n                      <p class=\"uppercase portfolio-box-category is-xsmall op-6\">\n                        <span class=\"show-on-hover\">\n                         Portes int\u00e9rieures                        <\/span>\n                      <\/p>\n                  <\/div>\n            <\/div>\n           <\/div>\n           <\/a>\n           <\/div>\n           <\/div><div class=\"col\" data-terms=\"[&quot;Portes int\u00e9rieures&quot;]\" >\n          <div class=\"col-inner\" >\n          <a href=\"https:\/\/www.jeld-wen.ch\/fr\/featured_item\/dana-portes\/\" class=\"plain \">\n          <div class=\"portfolio-box box has-hover box-default\">\n            <div class=\"box-image\" >\n                <div class=\"image-cover\" style=\"padding-top:100%;\">\n                <img loading=\"lazy\" decoding=\"async\" width=\"300\" height=\"300\" src=\"https:\/\/www.jeld-wen.ch\/wp-content\/uploads\/2025\/05\/Vorschaubild_DANA_300x300px6.jpg\" class=\"attachment-medium size-medium\" alt=\"\" srcset=\"https:\/\/www.jeld-wen.ch\/wp-content\/uploads\/2025\/05\/Vorschaubild_DANA_300x300px6.jpg 300w, https:\/\/www.jeld-wen.ch\/wp-content\/uploads\/2025\/05\/Vorschaubild_DANA_300x300px6-150x150.jpg 150w\" sizes=\"auto, (max-width: 300px) 100vw, 300px\" \/>                                                <\/div>\n            <\/div>\n            <div class=\"box-text text-center is-xlarge\" style=\"padding:0px 0px 0px 0px;\">\n                  <div class=\"box-text-inner\">\n                      <h6 class=\"uppercase portfolio-box-title\">Qualit\u00e9 et  innovation dans  chaque porte DANA<\/h6>\n                      <p class=\"uppercase portfolio-box-category is-xsmall op-6\">\n                        <span class=\"show-on-hover\">\n                         Portes int\u00e9rieures                        <\/span>\n                      <\/p>\n                  <\/div>\n            <\/div>\n           <\/div>\n           <\/a>\n           <\/div>\n           <\/div><\/div><\/div>\n<style>\n#portfolio-1021172596 .box-text {\n  padding: 0px 0px 0px 0px;\n}\n<\/style>\n\n\t\t<\/div>\n\t\t\t\t\t<\/div>\n\n\t\n<\/div>\n\t\t<\/div>\n\n\t\t\n<style>\n#section_1160088370 {\n  padding-top: 30px;\n  padding-bottom: 30px;\n}\n<\/style>\n\t<\/section>\n\t\n","protected":false},"excerpt":{"rendered":"","protected":false},"author":1,"featured_media":0,"parent":0,"menu_order":0,"comment_status":"closed","ping_status":"closed","template":"","meta":{"_acf_changed":false,"inline_featured_image":false,"footnotes":""},"class_list":["post-3914","page","type-page","status-publish","hentry"],"acf":[],"yoast_head":"<!-- This site is optimized with the Yoast SEO plugin v27.3 - https:\/\/yoast.com\/product\/yoast-seo-wordpress\/ -->\n<title>Portes int\u00e9rieures - JELD-WEN<\/title>\n<meta name=\"description\" content=\"Les portes int\u00e9rieures sont l&#039;acc\u00e8s \u00e0 nos espaces de vie les plus personnels, elles ouvrent sur nos univers les plus intimes.\" \/>\n<meta name=\"robots\" content=\"index, follow, max-snippet:-1, max-image-preview:large, max-video-preview:-1\" \/>\n<link rel=\"canonical\" href=\"https:\/\/www.jeld-wen.ch\/fr\/portes-interieures\/\" \/>\n<meta property=\"og:locale\" content=\"fr_FR\" \/>\n<meta property=\"og:type\" content=\"article\" \/>\n<meta property=\"og:title\" content=\"Portes int\u00e9rieures - JELD-WEN\" \/>\n<meta property=\"og:description\" content=\"Les portes int\u00e9rieures sont l&#039;acc\u00e8s \u00e0 nos espaces de vie les plus personnels, elles ouvrent sur nos univers les plus intimes.\" \/>\n<meta property=\"og:url\" content=\"https:\/\/www.jeld-wen.ch\/fr\/portes-interieures\/\" \/>\n<meta property=\"og:site_name\" content=\"JELD-WEN\" \/>\n<meta property=\"article:modified_time\" content=\"2025-05-13T13:28:03+00:00\" \/>\n<meta name=\"twitter:card\" content=\"summary_large_image\" \/>\n<meta name=\"twitter:label1\" content=\"Dur\u00e9e de lecture estim\u00e9e\" \/>\n\t<meta name=\"twitter:data1\" content=\"1 minute\" \/>\n<script type=\"application\/ld+json\" class=\"yoast-schema-graph\">{\"@context\":\"https:\\\/\\\/schema.org\",\"@graph\":[{\"@type\":\"WebPage\",\"@id\":\"https:\\\/\\\/www.jeld-wen.ch\\\/fr\\\/portes-interieures\\\/\",\"url\":\"https:\\\/\\\/www.jeld-wen.ch\\\/fr\\\/portes-interieures\\\/\",\"name\":\"Portes int\u00e9rieures - JELD-WEN\",\"isPartOf\":{\"@id\":\"https:\\\/\\\/www.jeld-wen.ch\\\/#website\"},\"datePublished\":\"2017-11-24T07:24:59+00:00\",\"dateModified\":\"2025-05-13T13:28:03+00:00\",\"description\":\"Les portes int\u00e9rieures sont l'acc\u00e8s \u00e0 nos espaces de vie les plus personnels, elles ouvrent sur nos univers les plus intimes.\",\"breadcrumb\":{\"@id\":\"https:\\\/\\\/www.jeld-wen.ch\\\/fr\\\/portes-interieures\\\/#breadcrumb\"},\"inLanguage\":\"fr-FR\",\"potentialAction\":[{\"@type\":\"ReadAction\",\"target\":[\"https:\\\/\\\/www.jeld-wen.ch\\\/fr\\\/portes-interieures\\\/\"]}]},{\"@type\":\"BreadcrumbList\",\"@id\":\"https:\\\/\\\/www.jeld-wen.ch\\\/fr\\\/portes-interieures\\\/#breadcrumb\",\"itemListElement\":[{\"@type\":\"ListItem\",\"position\":1,\"name\":\"Startseite\",\"item\":\"https:\\\/\\\/www.jeld-wen.ch\\\/fr\\\/\"},{\"@type\":\"ListItem\",\"position\":2,\"name\":\"Portes int\u00e9rieures\"}]},{\"@type\":\"WebSite\",\"@id\":\"https:\\\/\\\/www.jeld-wen.ch\\\/#website\",\"url\":\"https:\\\/\\\/www.jeld-wen.ch\\\/\",\"name\":\"JELD-WEN\",\"description\":\"3 starke T\u00fcrenmarken unter einem Dach.\",\"potentialAction\":[{\"@type\":\"SearchAction\",\"target\":{\"@type\":\"EntryPoint\",\"urlTemplate\":\"https:\\\/\\\/www.jeld-wen.ch\\\/?s={search_term_string}\"},\"query-input\":{\"@type\":\"PropertyValueSpecification\",\"valueRequired\":true,\"valueName\":\"search_term_string\"}}],\"inLanguage\":\"fr-FR\"}]}<\/script>\n<!-- \/ Yoast SEO plugin. -->","yoast_head_json":{"title":"Portes int\u00e9rieures - JELD-WEN","description":"Les portes int\u00e9rieures sont l'acc\u00e8s \u00e0 nos espaces de vie les plus personnels, elles ouvrent sur nos univers les plus intimes.","robots":{"index":"index","follow":"follow","max-snippet":"max-snippet:-1","max-image-preview":"max-image-preview:large","max-video-preview":"max-video-preview:-1"},"canonical":"https:\/\/www.jeld-wen.ch\/fr\/portes-interieures\/","og_locale":"fr_FR","og_type":"article","og_title":"Portes int\u00e9rieures - JELD-WEN","og_description":"Les portes int\u00e9rieures sont l'acc\u00e8s \u00e0 nos espaces de vie les plus personnels, elles ouvrent sur nos univers les plus intimes.","og_url":"https:\/\/www.jeld-wen.ch\/fr\/portes-interieures\/","og_site_name":"JELD-WEN","article_modified_time":"2025-05-13T13:28:03+00:00","twitter_card":"summary_large_image","twitter_misc":{"Dur\u00e9e de lecture estim\u00e9e":"1 minute"},"schema":{"@context":"https:\/\/schema.org","@graph":[{"@type":"WebPage","@id":"https:\/\/www.jeld-wen.ch\/fr\/portes-interieures\/","url":"https:\/\/www.jeld-wen.ch\/fr\/portes-interieures\/","name":"Portes int\u00e9rieures - JELD-WEN","isPartOf":{"@id":"https:\/\/www.jeld-wen.ch\/#website"},"datePublished":"2017-11-24T07:24:59+00:00","dateModified":"2025-05-13T13:28:03+00:00","description":"Les portes int\u00e9rieures sont l'acc\u00e8s \u00e0 nos espaces de vie les plus personnels, elles ouvrent sur nos univers les plus intimes.","breadcrumb":{"@id":"https:\/\/www.jeld-wen.ch\/fr\/portes-interieures\/#breadcrumb"},"inLanguage":"fr-FR","potentialAction":[{"@type":"ReadAction","target":["https:\/\/www.jeld-wen.ch\/fr\/portes-interieures\/"]}]},{"@type":"BreadcrumbList","@id":"https:\/\/www.jeld-wen.ch\/fr\/portes-interieures\/#breadcrumb","itemListElement":[{"@type":"ListItem","position":1,"name":"Startseite","item":"https:\/\/www.jeld-wen.ch\/fr\/"},{"@type":"ListItem","position":2,"name":"Portes int\u00e9rieures"}]},{"@type":"WebSite","@id":"https:\/\/www.jeld-wen.ch\/#website","url":"https:\/\/www.jeld-wen.ch\/","name":"JELD-WEN","description":"3 starke T\u00fcrenmarken unter einem Dach.","potentialAction":[{"@type":"SearchAction","target":{"@type":"EntryPoint","urlTemplate":"https:\/\/www.jeld-wen.ch\/?s={search_term_string}"},"query-input":{"@type":"PropertyValueSpecification","valueRequired":true,"valueName":"search_term_string"}}],"inLanguage":"fr-FR"}]}},"_links":{"self":[{"href":"https:\/\/www.jeld-wen.ch\/fr\/wp-json\/wp\/v2\/pages\/3914","targetHints":{"allow":["GET"]}}],"collection":[{"href":"https:\/\/www.jeld-wen.ch\/fr\/wp-json\/wp\/v2\/pages"}],"about":[{"href":"https:\/\/www.jeld-wen.ch\/fr\/wp-json\/wp\/v2\/types\/page"}],"author":[{"embeddable":true,"href":"https:\/\/www.jeld-wen.ch\/fr\/wp-json\/wp\/v2\/users\/1"}],"replies":[{"embeddable":true,"href":"https:\/\/www.jeld-wen.ch\/fr\/wp-json\/wp\/v2\/comments?post=3914"}],"version-history":[{"count":3,"href":"https:\/\/www.jeld-wen.ch\/fr\/wp-json\/wp\/v2\/pages\/3914\/revisions"}],"predecessor-version":[{"id":12300,"href":"https:\/\/www.jeld-wen.ch\/fr\/wp-json\/wp\/v2\/pages\/3914\/revisions\/12300"}],"wp:attachment":[{"href":"https:\/\/www.jeld-wen.ch\/fr\/wp-json\/wp\/v2\/media?parent=3914"}],"curies":[{"name":"wp","href":"https:\/\/api.w.org\/{rel}","templated":true}]}}