{"id":12516,"date":"2025-09-08T15:33:42","date_gmt":"2025-09-08T13:33:42","guid":{"rendered":"https:\/\/www.jeld-wen.ch\/?page_id=12516"},"modified":"2026-01-07T07:18:11","modified_gmt":"2026-01-07T06:18:11","slug":"startseite-neu-ab-09-2025","status":"publish","type":"page","link":"https:\/\/www.jeld-wen.ch\/fr\/","title":{"rendered":"Startseite FR NEU ab 09.2025"},"content":{"rendered":"\n\t<section class=\"section hide-for-small\" id=\"section_1061783734\">\n\t\t<div class=\"section-bg fill\" >\n\t\t\t\t\t\t\t\t\t\n\t\t\t\n\n\t\t<\/div>\n\n\t\t\n\n\t\t<div class=\"section-content relative\">\n\t\t\t\n\t<div class=\"img has-hover hidden x md-x lg-x y md-y lg-y\" id=\"image_942588730\">\n\t\t\t\t\t\t\t\t<div class=\"img-inner dark\" >\n\t\t\t<img loading=\"lazy\" decoding=\"async\" width=\"2560\" height=\"307\" src=\"https:\/\/www.jeld-wen.ch\/wp-content\/uploads\/2025\/04\/JWCH-W25015_Header-2560x302px-DE2.jpg\" class=\"attachment-original size-original\" alt=\"\" srcset=\"https:\/\/www.jeld-wen.ch\/wp-content\/uploads\/2025\/04\/JWCH-W25015_Header-2560x302px-DE2.jpg 2560w, https:\/\/www.jeld-wen.ch\/wp-content\/uploads\/2025\/04\/JWCH-W25015_Header-2560x302px-DE2-300x36.jpg 300w, https:\/\/www.jeld-wen.ch\/wp-content\/uploads\/2025\/04\/JWCH-W25015_Header-2560x302px-DE2-1024x123.jpg 1024w, https:\/\/www.jeld-wen.ch\/wp-content\/uploads\/2025\/04\/JWCH-W25015_Header-2560x302px-DE2-768x92.jpg 768w, https:\/\/www.jeld-wen.ch\/wp-content\/uploads\/2025\/04\/JWCH-W25015_Header-2560x302px-DE2-1536x184.jpg 1536w, https:\/\/www.jeld-wen.ch\/wp-content\/uploads\/2025\/04\/JWCH-W25015_Header-2560x302px-DE2-2048x246.jpg 2048w\" sizes=\"auto, (max-width: 2560px) 100vw, 2560px\" \/>\t\t\t\t\t\t\n\t\t\t\t\t<\/div>\n\t\t\t\t\t\t\t\t\n<style>\n#image_942588730 {\n  width: 100%;\n}\n<\/style>\n\t<\/div>\n\t\n\t\t<\/div>\n\n\t\t\n<style>\n#section_1061783734 {\n  padding-top: 0px;\n  padding-bottom: 0px;\n}\n<\/style>\n\t<\/section>\n\t\n\n\t<section class=\"section show-for-small\" id=\"section_206393357\">\n\t\t<div class=\"section-bg fill\" >\n\t\t\t\t\t\t\t\t\t\n\t\t\t\n\n\t\t<\/div>\n\n\t\t\n\n\t\t<div class=\"section-content relative\">\n\t\t\t\n\t<div class=\"img has-hover hidden x md-x lg-x y md-y lg-y\" id=\"image_1594675843\">\n\t\t\t\t\t\t\t\t<div class=\"img-inner dark\" >\n\t\t\t<img loading=\"lazy\" decoding=\"async\" width=\"660\" height=\"187\" src=\"https:\/\/www.jeld-wen.ch\/wp-content\/uploads\/2025\/04\/JWCH-W25015_Header-660x187px-DE2.jpg\" class=\"attachment-original size-original\" alt=\"\" srcset=\"https:\/\/www.jeld-wen.ch\/wp-content\/uploads\/2025\/04\/JWCH-W25015_Header-660x187px-DE2.jpg 660w, https:\/\/www.jeld-wen.ch\/wp-content\/uploads\/2025\/04\/JWCH-W25015_Header-660x187px-DE2-300x85.jpg 300w\" sizes=\"auto, (max-width: 660px) 100vw, 660px\" \/>\t\t\t\t\t\t\n\t\t\t\t\t<\/div>\n\t\t\t\t\t\t\t\t\n<style>\n#image_1594675843 {\n  width: 100%;\n}\n<\/style>\n\t<\/div>\n\t\n\t\t<\/div>\n\n\t\t\n<style>\n#section_206393357 {\n  padding-top: 0px;\n  padding-bottom: 0px;\n}\n<\/style>\n\t<\/section>\n\t\n<div class=\"slider-wrapper relative hide-for-medium\" id=\"slider-727805822\" >\n    <div class=\"slider slider-nav-circle slider-nav-large slider-nav-light slider-style-normal slider-show-nav\"\n        data-flickity-options='{\n            \"cellAlign\": \"center\",\n            \"imagesLoaded\": true,\n            \"lazyLoad\": 1,\n            \"freeScroll\": false,\n            \"wrapAround\": true,\n            \"autoPlay\": false,\n            \"pauseAutoPlayOnHover\" : true,\n            \"prevNextButtons\": true,\n            \"contain\" : true,\n            \"adaptiveHeight\" : true,\n            \"dragThreshold\" : 10,\n            \"percentPosition\": true,\n            \"pageDots\": true,\n            \"rightToLeft\": false,\n            \"draggable\": true,\n            \"selectedAttraction\": 0.1,\n            \"parallax\" : 0,\n            \"friction\": 0.6        }'\n        >\n        \n\n  <div class=\"banner has-hover hide-for-medium\" id=\"banner-485890849\">\n          <div class=\"banner-inner fill\">\n        <div class=\"banner-bg fill\" >\n            <img loading=\"lazy\" decoding=\"async\" width=\"2560\" height=\"1056\" src=\"https:\/\/www.jeld-wen.ch\/wp-content\/uploads\/2025\/09\/dana-web-header-fr-2560x1056_Text-1.jpg\" class=\"bg\" alt=\"\" srcset=\"https:\/\/www.jeld-wen.ch\/wp-content\/uploads\/2025\/09\/dana-web-header-fr-2560x1056_Text-1.jpg 2560w, https:\/\/www.jeld-wen.ch\/wp-content\/uploads\/2025\/09\/dana-web-header-fr-2560x1056_Text-1-300x124.jpg 300w, https:\/\/www.jeld-wen.ch\/wp-content\/uploads\/2025\/09\/dana-web-header-fr-2560x1056_Text-1-1024x422.jpg 1024w, https:\/\/www.jeld-wen.ch\/wp-content\/uploads\/2025\/09\/dana-web-header-fr-2560x1056_Text-1-768x317.jpg 768w, https:\/\/www.jeld-wen.ch\/wp-content\/uploads\/2025\/09\/dana-web-header-fr-2560x1056_Text-1-1536x634.jpg 1536w, https:\/\/www.jeld-wen.ch\/wp-content\/uploads\/2025\/09\/dana-web-header-fr-2560x1056_Text-1-2048x845.jpg 2048w\" sizes=\"auto, (max-width: 2560px) 100vw, 2560px\" \/>                                    \n                    <\/div>\n\t\t\n        <div class=\"banner-layers container\">\n            <a class=\"fill\" href=\"\/fr\/featured_item\/dana-portes\/\" ><div class=\"fill banner-link\"><\/div><\/a>            \n   <div id=\"text-box-15663285\" class=\"text-box banner-layer x50 md-x10 lg-x10 y50 md-y20 lg-y20 res-text\">\n                     <div data-animate=\"flipInY\">           <div class=\"text-box-content text dark text-shadow-1\">\n              \n              <div class=\"text-inner text-left\">\n                  \n<p class=\"lead slidertext\" style=\"text-align: left;\"><span style=\"color: #ffffff;\">Plus d\u00b4espace, <br \/><\/span><span style=\"color: #ffffff;\">plus de <\/span><span style=\"color: #ffffff;\">style : <br \/>REVERSO de DANA<\/span><\/p>\n              <\/div>\n           <\/div>\n       <\/div>                     \n<style>\n#text-box-15663285 {\n  width: 81%;\n}\n#text-box-15663285 .text-box-content {\n  font-size: 93%;\n}\n@media (min-width:550px) {\n  #text-box-15663285 {\n    width: 46%;\n  }\n  #text-box-15663285 .text-box-content {\n    font-size: 100%;\n  }\n}\n@media (min-width:850px) {\n  #text-box-15663285 {\n    width: 50%;\n  }\n}\n<\/style>\n    <\/div>\n \n        <\/div>\n      <\/div>\n\n            \n<style>\n#banner-485890849 {\n  padding-top: 100%;\n}\n@media (min-width:550px) {\n  #banner-485890849 {\n    padding-top: 45%;\n  }\n}\n@media (min-width:850px) {\n  #banner-485890849 {\n    padding-top: 45%;\n  }\n}\n<\/style>\n  <\/div>\n\n\n\n  <div class=\"banner has-hover\" id=\"banner-1432376327\">\n          <div class=\"banner-inner fill\">\n        <div class=\"banner-bg fill\" >\n            <img loading=\"lazy\" decoding=\"async\" width=\"2560\" height=\"1056\" src=\"https:\/\/www.jeld-wen.ch\/wp-content\/uploads\/2025\/03\/Header_2560x1056px_Ruggli.jpg\" class=\"bg\" alt=\"\" srcset=\"https:\/\/www.jeld-wen.ch\/wp-content\/uploads\/2025\/03\/Header_2560x1056px_Ruggli.jpg 2560w, https:\/\/www.jeld-wen.ch\/wp-content\/uploads\/2025\/03\/Header_2560x1056px_Ruggli-300x124.jpg 300w, https:\/\/www.jeld-wen.ch\/wp-content\/uploads\/2025\/03\/Header_2560x1056px_Ruggli-1024x422.jpg 1024w, https:\/\/www.jeld-wen.ch\/wp-content\/uploads\/2025\/03\/Header_2560x1056px_Ruggli-768x317.jpg 768w, https:\/\/www.jeld-wen.ch\/wp-content\/uploads\/2025\/03\/Header_2560x1056px_Ruggli-1536x634.jpg 1536w, https:\/\/www.jeld-wen.ch\/wp-content\/uploads\/2025\/03\/Header_2560x1056px_Ruggli-2048x845.jpg 2048w\" sizes=\"auto, (max-width: 2560px) 100vw, 2560px\" \/>                                    \n                    <\/div>\n\t\t\n        <div class=\"banner-layers container\">\n            <a class=\"fill\" href=\"https:\/\/www.jeld-wen.ch\/featured_item\/duritop-tueren\/\" ><div class=\"fill banner-link\"><\/div><\/a>            \n   <div id=\"text-box-1171691983\" class=\"text-box banner-layer x50 md-x10 lg-x10 y50 md-y10 lg-y10 res-text\">\n                     <div data-animate=\"flipInY\">           <div class=\"text-box-content text dark\">\n              \n              <div class=\"text-inner text-left\">\n                  \n<p class=\"lead slidertext\" style=\"text-align: left;\"><span style=\"color: #ffffff;\">Esth\u00e9tique et robuste \u2013<\/span><br \/>\n<span style=\"color: #ffffff;\"> la collection DuriTop<\/span><\/p>\n<a href=\"\/unternehmen\" class=\"button primary hidden\"  >\n\t\t<span>Mehr erfahren<\/span>\n\t<\/a>\n\n              <\/div>\n           <\/div>\n       <\/div>                     \n<style>\n#text-box-1171691983 {\n  width: 81%;\n}\n#text-box-1171691983 .text-box-content {\n  font-size: 93%;\n}\n@media (min-width:550px) {\n  #text-box-1171691983 {\n    width: 76%;\n  }\n  #text-box-1171691983 .text-box-content {\n    font-size: 100%;\n  }\n}\n@media (min-width:850px) {\n  #text-box-1171691983 {\n    width: 75%;\n  }\n}\n<\/style>\n    <\/div>\n \n        <\/div>\n      <\/div>\n\n            \n<style>\n#banner-1432376327 {\n  padding-top: 100%;\n}\n@media (min-width:550px) {\n  #banner-1432376327 {\n    padding-top: 45%;\n  }\n}\n@media (min-width:850px) {\n  #banner-1432376327 {\n    padding-top: 45%;\n  }\n}\n<\/style>\n  <\/div>\n\n\n\n  <div class=\"banner has-hover\" id=\"banner-1385427856\">\n          <div class=\"banner-inner fill\">\n        <div class=\"banner-bg fill\" >\n            <img loading=\"lazy\" decoding=\"async\" width=\"2560\" height=\"1056\" src=\"https:\/\/www.jeld-wen.ch\/wp-content\/uploads\/2024\/05\/JWCH-W24012_Header-de_03.05.jpg\" class=\"bg\" alt=\"\" srcset=\"https:\/\/www.jeld-wen.ch\/wp-content\/uploads\/2024\/05\/JWCH-W24012_Header-de_03.05.jpg 2560w, https:\/\/www.jeld-wen.ch\/wp-content\/uploads\/2024\/05\/JWCH-W24012_Header-de_03.05-300x124.jpg 300w, https:\/\/www.jeld-wen.ch\/wp-content\/uploads\/2024\/05\/JWCH-W24012_Header-de_03.05-1024x422.jpg 1024w, https:\/\/www.jeld-wen.ch\/wp-content\/uploads\/2024\/05\/JWCH-W24012_Header-de_03.05-768x317.jpg 768w, https:\/\/www.jeld-wen.ch\/wp-content\/uploads\/2024\/05\/JWCH-W24012_Header-de_03.05-1536x634.jpg 1536w, https:\/\/www.jeld-wen.ch\/wp-content\/uploads\/2024\/05\/JWCH-W24012_Header-de_03.05-2048x845.jpg 2048w\" sizes=\"auto, (max-width: 2560px) 100vw, 2560px\" \/>                                    \n                    <\/div>\n\t\t\n        <div class=\"banner-layers container\">\n            <a class=\"fill\" href=\"https:\/\/www.jeld-wen.ch\/tuerengalerien\/\" ><div class=\"fill banner-link\"><\/div><\/a>            \n   <div id=\"text-box-704422807\" class=\"text-box banner-layer x50 md-x10 lg-x10 y50 md-y10 lg-y10 res-text\">\n                     <div data-animate=\"flipInY\">           <div class=\"text-box-content text dark\">\n              \n              <div class=\"text-inner text-left\">\n                  \n<p class=\"lead slidertext\" style=\"text-align: left;\">Bienvenue chez JELD-WEN:<br \/>\nle plus grand choix de portes<br \/>\nen suisse<\/p>\n<a href=\"\/unternehmen\" class=\"button primary hidden\"  >\n\t\t<span>Mehr erfahren<\/span>\n\t<\/a>\n\n              <\/div>\n           <\/div>\n       <\/div>                     \n<style>\n#text-box-704422807 {\n  width: 81%;\n}\n#text-box-704422807 .text-box-content {\n  font-size: 93%;\n}\n@media (min-width:550px) {\n  #text-box-704422807 {\n    width: 76%;\n  }\n  #text-box-704422807 .text-box-content {\n    font-size: 100%;\n  }\n}\n@media (min-width:850px) {\n  #text-box-704422807 {\n    width: 75%;\n  }\n}\n<\/style>\n    <\/div>\n \n        <\/div>\n      <\/div>\n\n            \n<style>\n#banner-1385427856 {\n  padding-top: 100%;\n}\n@media (min-width:550px) {\n  #banner-1385427856 {\n    padding-top: 45%;\n  }\n}\n@media (min-width:850px) {\n  #banner-1385427856 {\n    padding-top: 45%;\n  }\n}\n<\/style>\n  <\/div>\n\n\n\n  <div class=\"banner has-hover\" id=\"banner-1941164270\">\n          <div class=\"banner-inner fill\">\n        <div class=\"banner-bg fill\" >\n            <img loading=\"lazy\" decoding=\"async\" width=\"2560\" height=\"1056\" src=\"https:\/\/www.jeld-wen.ch\/wp-content\/uploads\/2021\/02\/Desktop-HeaderSlider-3840x1584px-1-scaled.jpg\" class=\"bg\" alt=\"\" srcset=\"https:\/\/www.jeld-wen.ch\/wp-content\/uploads\/2021\/02\/Desktop-HeaderSlider-3840x1584px-1-scaled.jpg 2560w, https:\/\/www.jeld-wen.ch\/wp-content\/uploads\/2021\/02\/Desktop-HeaderSlider-3840x1584px-1-300x124.jpg 300w, https:\/\/www.jeld-wen.ch\/wp-content\/uploads\/2021\/02\/Desktop-HeaderSlider-3840x1584px-1-1024x422.jpg 1024w, https:\/\/www.jeld-wen.ch\/wp-content\/uploads\/2021\/02\/Desktop-HeaderSlider-3840x1584px-1-768x317.jpg 768w, https:\/\/www.jeld-wen.ch\/wp-content\/uploads\/2021\/02\/Desktop-HeaderSlider-3840x1584px-1-1536x634.jpg 1536w, https:\/\/www.jeld-wen.ch\/wp-content\/uploads\/2021\/02\/Desktop-HeaderSlider-3840x1584px-1-2048x845.jpg 2048w\" sizes=\"auto, (max-width: 2560px) 100vw, 2560px\" \/>                                    \n                    <\/div>\n\t\t\n        <div class=\"banner-layers container\">\n            <div class=\"fill banner-link\"><\/div>            \n   <div id=\"text-box-1351511740\" class=\"text-box banner-layer x50 md-x10 lg-x10 y50 md-y10 lg-y10 res-text\">\n                     <div data-animate=\"flipInY\">           <div class=\"text-box-content text dark\">\n              \n              <div class=\"text-inner text-left\">\n                  \n<p class=\"lead slidertext\" style=\"text-align: left;\">Bienvenue chez JELD-WEN:<br \/>\nle plus grand choix de portes<br \/>\nen suisse<\/p>\n<a href=\"\/unternehmen\" class=\"button primary hidden\"  >\n\t\t<span>Mehr erfahren<\/span>\n\t<\/a>\n\n              <\/div>\n           <\/div>\n       <\/div>                     \n<style>\n#text-box-1351511740 {\n  width: 81%;\n}\n#text-box-1351511740 .text-box-content {\n  font-size: 93%;\n}\n@media (min-width:550px) {\n  #text-box-1351511740 {\n    width: 76%;\n  }\n  #text-box-1351511740 .text-box-content {\n    font-size: 100%;\n  }\n}\n@media (min-width:850px) {\n  #text-box-1351511740 {\n    width: 75%;\n  }\n}\n<\/style>\n    <\/div>\n \n        <\/div>\n      <\/div>\n\n            \n<style>\n#banner-1941164270 {\n  padding-top: 100%;\n}\n@media (min-width:550px) {\n  #banner-1941164270 {\n    padding-top: 45%;\n  }\n}\n@media (min-width:850px) {\n  #banner-1941164270 {\n    padding-top: 45%;\n  }\n}\n<\/style>\n  <\/div>\n\n\n\n  <div class=\"banner has-hover\" id=\"banner-344109546\">\n          <div class=\"banner-inner fill\">\n        <div class=\"banner-bg fill\" >\n            <img loading=\"lazy\" decoding=\"async\" width=\"2560\" height=\"1056\" src=\"https:\/\/www.jeld-wen.ch\/wp-content\/uploads\/2021\/02\/Desktop-HeaderSlider-3840x1584px-2-scaled.jpg\" class=\"bg\" alt=\"\" srcset=\"https:\/\/www.jeld-wen.ch\/wp-content\/uploads\/2021\/02\/Desktop-HeaderSlider-3840x1584px-2-scaled.jpg 2560w, https:\/\/www.jeld-wen.ch\/wp-content\/uploads\/2021\/02\/Desktop-HeaderSlider-3840x1584px-2-300x124.jpg 300w, https:\/\/www.jeld-wen.ch\/wp-content\/uploads\/2021\/02\/Desktop-HeaderSlider-3840x1584px-2-1024x422.jpg 1024w, https:\/\/www.jeld-wen.ch\/wp-content\/uploads\/2021\/02\/Desktop-HeaderSlider-3840x1584px-2-768x317.jpg 768w, https:\/\/www.jeld-wen.ch\/wp-content\/uploads\/2021\/02\/Desktop-HeaderSlider-3840x1584px-2-1536x634.jpg 1536w, https:\/\/www.jeld-wen.ch\/wp-content\/uploads\/2021\/02\/Desktop-HeaderSlider-3840x1584px-2-2048x845.jpg 2048w\" sizes=\"auto, (max-width: 2560px) 100vw, 2560px\" \/>                                    \n                    <\/div>\n\t\t\n        <div class=\"banner-layers container\">\n            <div class=\"fill banner-link\"><\/div>            \n   <div id=\"text-box-1118835193\" class=\"text-box banner-layer x50 md-x10 lg-x10 y50 md-y10 lg-y10 res-text\">\n                     <div data-animate=\"flipInY\">           <div class=\"text-box-content text dark\">\n              \n              <div class=\"text-inner text-left\">\n                  \n<p class=\"lead slidertext\" style=\"text-align: left;\">Bienvenue chez JELD-WEN:<br \/>\nle plus grand choix de portes<br \/>\nen suisse<\/p>\n<a href=\"\/unternehmen\" class=\"button primary hidden\"  >\n\t\t<span>Mehr erfahren<\/span>\n\t<\/a>\n\n              <\/div>\n           <\/div>\n       <\/div>                     \n<style>\n#text-box-1118835193 {\n  width: 81%;\n}\n#text-box-1118835193 .text-box-content {\n  font-size: 93%;\n}\n@media (min-width:550px) {\n  #text-box-1118835193 {\n    width: 75%;\n  }\n  #text-box-1118835193 .text-box-content {\n    font-size: 100%;\n  }\n}\n<\/style>\n    <\/div>\n \n        <\/div>\n      <\/div>\n\n            \n<style>\n#banner-344109546 {\n  padding-top: 45%;\n}\n@media (min-width:850px) {\n  #banner-344109546 {\n    padding-top: 45%;\n  }\n}\n<\/style>\n  <\/div>\n\n\n\n     <\/div>\n\n     <div class=\"loading-spin dark large centered\"><\/div>\n\n\t<\/div>\n\n\n<div class=\"slider-wrapper relative show-for-medium hide-for-small\" id=\"slider-1507358067\" >\n    <div class=\"slider slider-nav-circle slider-nav-large slider-nav-light slider-style-normal slider-show-nav\"\n        data-flickity-options='{\n            \"cellAlign\": \"center\",\n            \"imagesLoaded\": true,\n            \"lazyLoad\": 1,\n            \"freeScroll\": false,\n            \"wrapAround\": true,\n            \"autoPlay\": false,\n            \"pauseAutoPlayOnHover\" : true,\n            \"prevNextButtons\": true,\n            \"contain\" : true,\n            \"adaptiveHeight\" : true,\n            \"dragThreshold\" : 10,\n            \"percentPosition\": true,\n            \"pageDots\": true,\n            \"rightToLeft\": false,\n            \"draggable\": true,\n            \"selectedAttraction\": 0.1,\n            \"parallax\" : 0,\n            \"friction\": 0.6        }'\n        >\n        \n\n  <div class=\"banner has-hover\" id=\"banner-763209476\">\n          <div class=\"banner-inner fill\">\n        <div class=\"banner-bg fill\" >\n            <img loading=\"lazy\" decoding=\"async\" width=\"2560\" height=\"1056\" src=\"https:\/\/www.jeld-wen.ch\/wp-content\/uploads\/2025\/09\/dana-web-header-fr-2560x1056_Text-1.jpg\" class=\"bg\" alt=\"\" srcset=\"https:\/\/www.jeld-wen.ch\/wp-content\/uploads\/2025\/09\/dana-web-header-fr-2560x1056_Text-1.jpg 2560w, https:\/\/www.jeld-wen.ch\/wp-content\/uploads\/2025\/09\/dana-web-header-fr-2560x1056_Text-1-300x124.jpg 300w, https:\/\/www.jeld-wen.ch\/wp-content\/uploads\/2025\/09\/dana-web-header-fr-2560x1056_Text-1-1024x422.jpg 1024w, https:\/\/www.jeld-wen.ch\/wp-content\/uploads\/2025\/09\/dana-web-header-fr-2560x1056_Text-1-768x317.jpg 768w, https:\/\/www.jeld-wen.ch\/wp-content\/uploads\/2025\/09\/dana-web-header-fr-2560x1056_Text-1-1536x634.jpg 1536w, https:\/\/www.jeld-wen.ch\/wp-content\/uploads\/2025\/09\/dana-web-header-fr-2560x1056_Text-1-2048x845.jpg 2048w\" sizes=\"auto, (max-width: 2560px) 100vw, 2560px\" \/>                                    \n                    <\/div>\n\t\t\n        <div class=\"banner-layers container\">\n            <a class=\"fill\" href=\"\/fr\/featured_item\/dana-portes\/\" ><div class=\"fill banner-link\"><\/div><\/a>            \n   <div id=\"text-box-1154004967\" class=\"text-box banner-layer x50 md-x10 lg-x5 y50 md-y15 lg-y20 res-text\">\n                     <div data-animate=\"flipInY\">           <div class=\"text-box-content text dark text-shadow-1\">\n              \n              <div class=\"text-inner text-left\">\n                  \n<p class=\"lead slidertext\" style=\"text-align: left;\"><span style=\"color: #ffffff;\">Plus d\u00b4espace, plus de style: RESERVO de DANA<\/span><\/p>\n              <\/div>\n           <\/div>\n       <\/div>                     \n<style>\n#text-box-1154004967 {\n  width: 81%;\n}\n#text-box-1154004967 .text-box-content {\n  font-size: 93%;\n}\n@media (min-width:550px) {\n  #text-box-1154004967 {\n    width: 60%;\n  }\n  #text-box-1154004967 .text-box-content {\n    font-size: 100%;\n  }\n}\n@media (min-width:850px) {\n  #text-box-1154004967 {\n    width: 46%;\n  }\n}\n<\/style>\n    <\/div>\n \n        <\/div>\n      <\/div>\n\n            \n<style>\n#banner-763209476 {\n  padding-top: 100%;\n}\n@media (min-width:550px) {\n  #banner-763209476 {\n    padding-top: 45%;\n  }\n}\n@media (min-width:850px) {\n  #banner-763209476 {\n    padding-top: 45%;\n  }\n}\n<\/style>\n  <\/div>\n\n\n\n  <div class=\"banner has-hover\" id=\"banner-368915512\">\n          <div class=\"banner-inner fill\">\n        <div class=\"banner-bg fill\" >\n            <img loading=\"lazy\" decoding=\"async\" width=\"2560\" height=\"1056\" src=\"https:\/\/www.jeld-wen.ch\/wp-content\/uploads\/2025\/03\/Header_2560x1056px_Ruggli.jpg\" class=\"bg\" alt=\"\" srcset=\"https:\/\/www.jeld-wen.ch\/wp-content\/uploads\/2025\/03\/Header_2560x1056px_Ruggli.jpg 2560w, https:\/\/www.jeld-wen.ch\/wp-content\/uploads\/2025\/03\/Header_2560x1056px_Ruggli-300x124.jpg 300w, https:\/\/www.jeld-wen.ch\/wp-content\/uploads\/2025\/03\/Header_2560x1056px_Ruggli-1024x422.jpg 1024w, https:\/\/www.jeld-wen.ch\/wp-content\/uploads\/2025\/03\/Header_2560x1056px_Ruggli-768x317.jpg 768w, https:\/\/www.jeld-wen.ch\/wp-content\/uploads\/2025\/03\/Header_2560x1056px_Ruggli-1536x634.jpg 1536w, https:\/\/www.jeld-wen.ch\/wp-content\/uploads\/2025\/03\/Header_2560x1056px_Ruggli-2048x845.jpg 2048w\" sizes=\"auto, (max-width: 2560px) 100vw, 2560px\" \/>                                    \n                    <\/div>\n\t\t\n        <div class=\"banner-layers container\">\n            <a class=\"fill\" href=\"https:\/\/www.jeld-wen.ch\/featured_item\/duritop-tueren\/\" ><div class=\"fill banner-link\"><\/div><\/a>            \n   <div id=\"text-box-1404560438\" class=\"text-box banner-layer x50 md-x10 lg-x10 y50 md-y20 lg-y10 res-text\">\n                     <div data-animate=\"flipInY\">           <div class=\"text-box-content text dark\">\n              \n              <div class=\"text-inner text-left\">\n                  \n<p class=\"lead slidertext\" style=\"text-align: left;\"><span style=\"color: #ffffff;\">Esth\u00e9tique et robuste \u2013 la collection DuriTop<\/span><\/p>\n<a href=\"\/unternehmen\" class=\"button primary hidden\"  >\n\t\t<span>Mehr erfahren<\/span>\n\t<\/a>\n\n              <\/div>\n           <\/div>\n       <\/div>                     \n<style>\n#text-box-1404560438 {\n  width: 81%;\n}\n#text-box-1404560438 .text-box-content {\n  font-size: 93%;\n}\n@media (min-width:550px) {\n  #text-box-1404560438 {\n    width: 70%;\n  }\n  #text-box-1404560438 .text-box-content {\n    font-size: 100%;\n  }\n}\n@media (min-width:850px) {\n  #text-box-1404560438 {\n    width: 76%;\n  }\n}\n<\/style>\n    <\/div>\n \n        <\/div>\n      <\/div>\n\n            \n<style>\n#banner-368915512 {\n  padding-top: 100%;\n}\n@media (min-width:550px) {\n  #banner-368915512 {\n    padding-top: 45%;\n  }\n}\n@media (min-width:850px) {\n  #banner-368915512 {\n    padding-top: 45%;\n  }\n}\n<\/style>\n  <\/div>\n\n\n\n  <div class=\"banner has-hover\" id=\"banner-1411032222\">\n          <div class=\"banner-inner fill\">\n        <div class=\"banner-bg fill\" >\n            <img loading=\"lazy\" decoding=\"async\" width=\"2560\" height=\"1056\" src=\"https:\/\/www.jeld-wen.ch\/wp-content\/uploads\/2024\/05\/JWCH-W24012_Header-de_03.05.jpg\" class=\"bg\" alt=\"\" srcset=\"https:\/\/www.jeld-wen.ch\/wp-content\/uploads\/2024\/05\/JWCH-W24012_Header-de_03.05.jpg 2560w, https:\/\/www.jeld-wen.ch\/wp-content\/uploads\/2024\/05\/JWCH-W24012_Header-de_03.05-300x124.jpg 300w, https:\/\/www.jeld-wen.ch\/wp-content\/uploads\/2024\/05\/JWCH-W24012_Header-de_03.05-1024x422.jpg 1024w, https:\/\/www.jeld-wen.ch\/wp-content\/uploads\/2024\/05\/JWCH-W24012_Header-de_03.05-768x317.jpg 768w, https:\/\/www.jeld-wen.ch\/wp-content\/uploads\/2024\/05\/JWCH-W24012_Header-de_03.05-1536x634.jpg 1536w, https:\/\/www.jeld-wen.ch\/wp-content\/uploads\/2024\/05\/JWCH-W24012_Header-de_03.05-2048x845.jpg 2048w\" sizes=\"auto, (max-width: 2560px) 100vw, 2560px\" \/>                                    \n                    <\/div>\n\t\t\n        <div class=\"banner-layers container\">\n            <a class=\"fill\" href=\"https:\/\/www.jeld-wen.ch\/tuerengalerien\/\" ><div class=\"fill banner-link\"><\/div><\/a>            \n   <div id=\"text-box-917973313\" class=\"text-box banner-layer x50 md-x10 lg-x10 y50 md-y10 lg-y10 res-text\">\n                     <div data-animate=\"flipInY\">           <div class=\"text-box-content text dark\">\n              \n              <div class=\"text-inner text-left\">\n                  \n<p class=\"lead slidertext\" style=\"text-align: left;\">Bienvenue chez JELD-WEN: le plus grand choix de portes en suisse<\/p>\n<a href=\"\/unternehmen\" class=\"button primary hidden\"  >\n\t\t<span>Mehr erfahren<\/span>\n\t<\/a>\n\n              <\/div>\n           <\/div>\n       <\/div>                     \n<style>\n#text-box-917973313 {\n  width: 81%;\n}\n#text-box-917973313 .text-box-content {\n  font-size: 93%;\n}\n@media (min-width:550px) {\n  #text-box-917973313 {\n    width: 70%;\n  }\n  #text-box-917973313 .text-box-content {\n    font-size: 100%;\n  }\n}\n@media (min-width:850px) {\n  #text-box-917973313 {\n    width: 76%;\n  }\n}\n<\/style>\n    <\/div>\n \n        <\/div>\n      <\/div>\n\n            \n<style>\n#banner-1411032222 {\n  padding-top: 100%;\n}\n@media (min-width:550px) {\n  #banner-1411032222 {\n    padding-top: 45%;\n  }\n}\n@media (min-width:850px) {\n  #banner-1411032222 {\n    padding-top: 45%;\n  }\n}\n<\/style>\n  <\/div>\n\n\n\n  <div class=\"banner has-hover\" id=\"banner-1417489165\">\n          <div class=\"banner-inner fill\">\n        <div class=\"banner-bg fill\" >\n            <img loading=\"lazy\" decoding=\"async\" width=\"2560\" height=\"1056\" src=\"https:\/\/www.jeld-wen.ch\/wp-content\/uploads\/2021\/02\/Desktop-HeaderSlider-3840x1584px-1-scaled.jpg\" class=\"bg\" alt=\"\" srcset=\"https:\/\/www.jeld-wen.ch\/wp-content\/uploads\/2021\/02\/Desktop-HeaderSlider-3840x1584px-1-scaled.jpg 2560w, https:\/\/www.jeld-wen.ch\/wp-content\/uploads\/2021\/02\/Desktop-HeaderSlider-3840x1584px-1-300x124.jpg 300w, https:\/\/www.jeld-wen.ch\/wp-content\/uploads\/2021\/02\/Desktop-HeaderSlider-3840x1584px-1-1024x422.jpg 1024w, https:\/\/www.jeld-wen.ch\/wp-content\/uploads\/2021\/02\/Desktop-HeaderSlider-3840x1584px-1-768x317.jpg 768w, https:\/\/www.jeld-wen.ch\/wp-content\/uploads\/2021\/02\/Desktop-HeaderSlider-3840x1584px-1-1536x634.jpg 1536w, https:\/\/www.jeld-wen.ch\/wp-content\/uploads\/2021\/02\/Desktop-HeaderSlider-3840x1584px-1-2048x845.jpg 2048w\" sizes=\"auto, (max-width: 2560px) 100vw, 2560px\" \/>                                    \n                    <\/div>\n\t\t\n        <div class=\"banner-layers container\">\n            <div class=\"fill banner-link\"><\/div>            \n   <div id=\"text-box-2027671786\" class=\"text-box banner-layer x50 md-x10 lg-x10 y50 md-y10 lg-y10 res-text\">\n                     <div data-animate=\"flipInY\">           <div class=\"text-box-content text dark\">\n              \n              <div class=\"text-inner text-left\">\n                  \n<p class=\"lead slidertext\" style=\"text-align: left;\">Bienvenue chez JELD-WEN: le plus grand choix de portes en suisse<\/p>\n<a href=\"\/unternehmen\" class=\"button primary hidden\"  >\n\t\t<span>Mehr erfahren<\/span>\n\t<\/a>\n\n              <\/div>\n           <\/div>\n       <\/div>                     \n<style>\n#text-box-2027671786 {\n  width: 81%;\n}\n#text-box-2027671786 .text-box-content {\n  font-size: 93%;\n}\n@media (min-width:550px) {\n  #text-box-2027671786 {\n    width: 70%;\n  }\n  #text-box-2027671786 .text-box-content {\n    font-size: 100%;\n  }\n}\n@media (min-width:850px) {\n  #text-box-2027671786 {\n    width: 76%;\n  }\n}\n<\/style>\n    <\/div>\n \n        <\/div>\n      <\/div>\n\n            \n<style>\n#banner-1417489165 {\n  padding-top: 100%;\n}\n@media (min-width:550px) {\n  #banner-1417489165 {\n    padding-top: 45%;\n  }\n}\n@media (min-width:850px) {\n  #banner-1417489165 {\n    padding-top: 45%;\n  }\n}\n<\/style>\n  <\/div>\n\n\n\n  <div class=\"banner has-hover\" id=\"banner-1901907338\">\n          <div class=\"banner-inner fill\">\n        <div class=\"banner-bg fill\" >\n            <img loading=\"lazy\" decoding=\"async\" width=\"2560\" height=\"1056\" src=\"https:\/\/www.jeld-wen.ch\/wp-content\/uploads\/2021\/02\/Desktop-HeaderSlider-3840x1584px-2-scaled.jpg\" class=\"bg\" alt=\"\" srcset=\"https:\/\/www.jeld-wen.ch\/wp-content\/uploads\/2021\/02\/Desktop-HeaderSlider-3840x1584px-2-scaled.jpg 2560w, https:\/\/www.jeld-wen.ch\/wp-content\/uploads\/2021\/02\/Desktop-HeaderSlider-3840x1584px-2-300x124.jpg 300w, https:\/\/www.jeld-wen.ch\/wp-content\/uploads\/2021\/02\/Desktop-HeaderSlider-3840x1584px-2-1024x422.jpg 1024w, https:\/\/www.jeld-wen.ch\/wp-content\/uploads\/2021\/02\/Desktop-HeaderSlider-3840x1584px-2-768x317.jpg 768w, https:\/\/www.jeld-wen.ch\/wp-content\/uploads\/2021\/02\/Desktop-HeaderSlider-3840x1584px-2-1536x634.jpg 1536w, https:\/\/www.jeld-wen.ch\/wp-content\/uploads\/2021\/02\/Desktop-HeaderSlider-3840x1584px-2-2048x845.jpg 2048w\" sizes=\"auto, (max-width: 2560px) 100vw, 2560px\" \/>                                    \n                    <\/div>\n\t\t\n        <div class=\"banner-layers container\">\n            <div class=\"fill banner-link\"><\/div>            \n   <div id=\"text-box-1639266255\" class=\"text-box banner-layer x50 md-x10 lg-x10 y50 md-y10 lg-y10 res-text\">\n                     <div data-animate=\"flipInY\">           <div class=\"text-box-content text dark\">\n              \n              <div class=\"text-inner text-left\">\n                  \n<p class=\"lead slidertext\" style=\"text-align: left;\">Bienvenue chez JELD-WEN: le plus grand choix de portes en suisse<\/p>\n<a href=\"\/unternehmen\" class=\"button primary hidden\"  >\n\t\t<span>Mehr erfahren<\/span>\n\t<\/a>\n\n              <\/div>\n           <\/div>\n       <\/div>                     \n<style>\n#text-box-1639266255 {\n  width: 81%;\n}\n#text-box-1639266255 .text-box-content {\n  font-size: 93%;\n}\n@media (min-width:550px) {\n  #text-box-1639266255 {\n    width: 70%;\n  }\n  #text-box-1639266255 .text-box-content {\n    font-size: 100%;\n  }\n}\n@media (min-width:850px) {\n  #text-box-1639266255 {\n    width: 76%;\n  }\n}\n<\/style>\n    <\/div>\n \n        <\/div>\n      <\/div>\n\n            \n<style>\n#banner-1901907338 {\n  padding-top: 45%;\n}\n@media (min-width:850px) {\n  #banner-1901907338 {\n    padding-top: 45%;\n  }\n}\n<\/style>\n  <\/div>\n\n\n\n     <\/div>\n\n     <div class=\"loading-spin dark large centered\"><\/div>\n\n\t<\/div>\n\n\n<div class=\"slider-wrapper relative show-for-small\" id=\"slider-439912911\" >\n    <div class=\"slider slider-nav-circle slider-nav-large slider-nav-light slider-style-normal\"\n        data-flickity-options='{\n            \"cellAlign\": \"center\",\n            \"imagesLoaded\": true,\n            \"lazyLoad\": 1,\n            \"freeScroll\": false,\n            \"wrapAround\": true,\n            \"autoPlay\": false,\n            \"pauseAutoPlayOnHover\" : true,\n            \"prevNextButtons\": false,\n            \"contain\" : true,\n            \"adaptiveHeight\" : true,\n            \"dragThreshold\" : 10,\n            \"percentPosition\": true,\n            \"pageDots\": true,\n            \"rightToLeft\": false,\n            \"draggable\": true,\n            \"selectedAttraction\": 0.1,\n            \"parallax\" : 0,\n            \"friction\": 0.6        }'\n        >\n        \n\n  <div class=\"banner has-hover show-for-medium\" id=\"banner-130348829\">\n          <div class=\"banner-inner fill\">\n        <div class=\"banner-bg fill\" >\n            <img loading=\"lazy\" decoding=\"async\" width=\"750\" height=\"868\" src=\"https:\/\/www.jeld-wen.ch\/wp-content\/uploads\/2025\/09\/dana-web-header-fr-750x868_ohne-Text.jpg\" class=\"bg\" alt=\"\" srcset=\"https:\/\/www.jeld-wen.ch\/wp-content\/uploads\/2025\/09\/dana-web-header-fr-750x868_ohne-Text.jpg 750w, https:\/\/www.jeld-wen.ch\/wp-content\/uploads\/2025\/09\/dana-web-header-fr-750x868_ohne-Text-259x300.jpg 259w\" sizes=\"auto, (max-width: 750px) 100vw, 750px\" \/>                        <div class=\"overlay\"><\/div>            \n                    <\/div>\n\t\t\n        <div class=\"banner-layers container\">\n            <a class=\"fill\" href=\"https:\/\/www.jeld-wen.ch\/featured_item\/dana-tueren\/\" ><div class=\"fill banner-link\"><\/div><\/a>            \n   <div id=\"text-box-1841196437\" class=\"text-box banner-layer x50 md-x10 lg-x10 y50 md-y10 lg-y10 res-text\">\n                     <div data-animate=\"flipInY\">           <div class=\"text-box-content text dark\">\n              \n              <div class=\"text-inner text-left\">\n                  \n<p class=\"lead slidertext\" style=\"text-align: left;\">Plus d\u00b4espace, plus de style: RESERVO de DANA<\/p>\n              <\/div>\n           <\/div>\n       <\/div>                     \n<style>\n#text-box-1841196437 {\n  width: 70%;\n}\n#text-box-1841196437 .text-box-content {\n  font-size: 90%;\n}\n@media (min-width:550px) {\n  #text-box-1841196437 {\n    width: 84%;\n  }\n  #text-box-1841196437 .text-box-content {\n    font-size: 100%;\n  }\n}\n@media (min-width:850px) {\n  #text-box-1841196437 {\n    width: 76%;\n  }\n}\n<\/style>\n    <\/div>\n \n        <\/div>\n      <\/div>\n\n            \n<style>\n#banner-130348829 {\n  padding-top: 500px;\n}\n#banner-130348829 .overlay {\n  background-color: rgba(71, 82, 87, 0);\n}\n#banner-130348829 .banner-bg img {\n  object-position: 100% 0%;\n}\n@media (min-width:550px) {\n  #banner-130348829 {\n    padding-top: 99.99%;\n  }\n  #banner-130348829 .overlay {\n    background-color: rgba(71,82,87,0.15);\n  }\n}\n<\/style>\n  <\/div>\n\n\n\n  <div class=\"banner has-hover show-for-medium\" id=\"banner-2015584261\">\n          <div class=\"banner-inner fill\">\n        <div class=\"banner-bg fill\" >\n            <img loading=\"lazy\" decoding=\"async\" width=\"750\" height=\"868\" src=\"https:\/\/www.jeld-wen.ch\/wp-content\/uploads\/2025\/03\/Header_750x868px_Ruggli2.jpg\" class=\"bg\" alt=\"\" srcset=\"https:\/\/www.jeld-wen.ch\/wp-content\/uploads\/2025\/03\/Header_750x868px_Ruggli2.jpg 750w, https:\/\/www.jeld-wen.ch\/wp-content\/uploads\/2025\/03\/Header_750x868px_Ruggli2-259x300.jpg 259w\" sizes=\"auto, (max-width: 750px) 100vw, 750px\" \/>                        <div class=\"overlay\"><\/div>            \n                    <\/div>\n\t\t\n        <div class=\"banner-layers container\">\n            <a class=\"fill\" href=\"https:\/\/www.jeld-wen.ch\/featured_item\/duritop-tueren\/\" ><div class=\"fill banner-link\"><\/div><\/a>            \n   <div id=\"text-box-2001282529\" class=\"text-box banner-layer x50 md-x10 lg-x10 y50 md-y10 lg-y10 res-text\">\n                     <div data-animate=\"flipInY\">           <div class=\"text-box-content text dark\">\n              \n              <div class=\"text-inner text-left\">\n                  \n<p class=\"lead slidertext\" style=\"text-align: left;\"><span style=\"color: #ffffff;\">Esth\u00e9tique et robuste \u2013 la collection DuriTop<\/span><\/p>\n<a class=\"button primary hidden\"  >\n\t\t<span>Mehr erfahren<\/span>\n\t<\/a>\n\n              <\/div>\n           <\/div>\n       <\/div>                     \n<style>\n#text-box-2001282529 {\n  width: 70%;\n}\n#text-box-2001282529 .text-box-content {\n  font-size: 90%;\n}\n@media (min-width:550px) {\n  #text-box-2001282529 {\n    width: 84%;\n  }\n  #text-box-2001282529 .text-box-content {\n    font-size: 100%;\n  }\n}\n@media (min-width:850px) {\n  #text-box-2001282529 {\n    width: 76%;\n  }\n}\n<\/style>\n    <\/div>\n \n        <\/div>\n      <\/div>\n\n            \n<style>\n#banner-2015584261 {\n  padding-top: 500px;\n}\n#banner-2015584261 .overlay {\n  background-color: rgba(71, 82, 87, 0);\n}\n#banner-2015584261 .banner-bg img {\n  object-position: 66% 29%;\n}\n@media (min-width:550px) {\n  #banner-2015584261 {\n    padding-top: 99.99%;\n  }\n  #banner-2015584261 .overlay {\n    background-color: rgba(71,82,87,0.15);\n  }\n}\n<\/style>\n  <\/div>\n\n\n\n  <div class=\"banner has-hover show-for-medium\" id=\"banner-1415686927\">\n          <div class=\"banner-inner fill\">\n        <div class=\"banner-bg fill\" >\n            <img loading=\"lazy\" decoding=\"async\" width=\"750\" height=\"868\" src=\"https:\/\/www.jeld-wen.ch\/wp-content\/uploads\/2024\/05\/Startbild_mobil_750x868px_de_07.05.jpg\" class=\"bg\" alt=\"\" srcset=\"https:\/\/www.jeld-wen.ch\/wp-content\/uploads\/2024\/05\/Startbild_mobil_750x868px_de_07.05.jpg 750w, https:\/\/www.jeld-wen.ch\/wp-content\/uploads\/2024\/05\/Startbild_mobil_750x868px_de_07.05-259x300.jpg 259w\" sizes=\"auto, (max-width: 750px) 100vw, 750px\" \/>                        <div class=\"overlay\"><\/div>            \n                    <\/div>\n\t\t\n        <div class=\"banner-layers container\">\n            <a class=\"fill\" href=\"https:\/\/www.jeld-wen.ch\/tuerengalerien\/\" ><div class=\"fill banner-link\"><\/div><\/a>            \n   <div id=\"text-box-391791712\" class=\"text-box banner-layer x50 md-x10 lg-x10 y50 md-y10 lg-y10 res-text\">\n                     <div data-animate=\"flipInY\">           <div class=\"text-box-content text dark\">\n              \n              <div class=\"text-inner text-left\">\n                  \n<p class=\"lead slidertext\" style=\"text-align: left;\">Bienvenue chez JELD-WEN: le plus grand choix de portes en suisse<\/p>\n<a class=\"button primary hidden\"  >\n\t\t<span>Mehr erfahren<\/span>\n\t<\/a>\n\n              <\/div>\n           <\/div>\n       <\/div>                     \n<style>\n#text-box-391791712 {\n  width: 70%;\n}\n#text-box-391791712 .text-box-content {\n  font-size: 90%;\n}\n@media (min-width:550px) {\n  #text-box-391791712 {\n    width: 84%;\n  }\n  #text-box-391791712 .text-box-content {\n    font-size: 100%;\n  }\n}\n@media (min-width:850px) {\n  #text-box-391791712 {\n    width: 76%;\n  }\n}\n<\/style>\n    <\/div>\n \n        <\/div>\n      <\/div>\n\n            \n<style>\n#banner-1415686927 {\n  padding-top: 500px;\n}\n#banner-1415686927 .overlay {\n  background-color: rgba(71, 82, 87, 0);\n}\n#banner-1415686927 .banner-bg img {\n  object-position: 57% 51%;\n}\n@media (min-width:550px) {\n  #banner-1415686927 {\n    padding-top: 99.99%;\n  }\n  #banner-1415686927 .overlay {\n    background-color: rgba(71,82,87,0.15);\n  }\n}\n<\/style>\n  <\/div>\n\n\n\n  <div class=\"banner has-hover show-for-medium\" id=\"banner-9165129\">\n          <div class=\"banner-inner fill\">\n        <div class=\"banner-bg fill\" >\n            <img loading=\"lazy\" decoding=\"async\" width=\"750\" height=\"868\" src=\"https:\/\/www.jeld-wen.ch\/wp-content\/uploads\/2021\/02\/Mobile-HeaderSlider-1.jpg\" class=\"bg\" alt=\"\" srcset=\"https:\/\/www.jeld-wen.ch\/wp-content\/uploads\/2021\/02\/Mobile-HeaderSlider-1.jpg 750w, https:\/\/www.jeld-wen.ch\/wp-content\/uploads\/2021\/02\/Mobile-HeaderSlider-1-259x300.jpg 259w\" sizes=\"auto, (max-width: 750px) 100vw, 750px\" \/>                        <div class=\"overlay\"><\/div>            \n                    <\/div>\n\t\t\n        <div class=\"banner-layers container\">\n            <div class=\"fill banner-link\"><\/div>            \n   <div id=\"text-box-1742742805\" class=\"text-box banner-layer x50 md-x10 lg-x10 y50 md-y10 lg-y10 res-text\">\n                     <div data-animate=\"flipInY\">           <div class=\"text-box-content text dark\">\n              \n              <div class=\"text-inner text-left\">\n                  \n<p class=\"lead slidertext\" style=\"text-align: left;\">Bienvenue chez JELD-WEN: le plus grand choix de portes en suisse<\/p>\n<a class=\"button primary hidden\"  >\n\t\t<span>Mehr erfahren<\/span>\n\t<\/a>\n\n              <\/div>\n           <\/div>\n       <\/div>                     \n<style>\n#text-box-1742742805 {\n  width: 70%;\n}\n#text-box-1742742805 .text-box-content {\n  font-size: 90%;\n}\n@media (min-width:550px) {\n  #text-box-1742742805 {\n    width: 84%;\n  }\n  #text-box-1742742805 .text-box-content {\n    font-size: 100%;\n  }\n}\n@media (min-width:850px) {\n  #text-box-1742742805 {\n    width: 76%;\n  }\n}\n<\/style>\n    <\/div>\n \n        <\/div>\n      <\/div>\n\n            \n<style>\n#banner-9165129 {\n  padding-top: 500px;\n}\n#banner-9165129 .overlay {\n  background-color: rgba(71, 82, 87, 0);\n}\n#banner-9165129 .banner-bg img {\n  object-position: 57% 51%;\n}\n@media (min-width:550px) {\n  #banner-9165129 {\n    padding-top: 99.99%;\n  }\n  #banner-9165129 .overlay {\n    background-color: rgba(71,82,87,0.15);\n  }\n}\n<\/style>\n  <\/div>\n\n\n\n  <div class=\"banner has-hover show-for-medium\" id=\"banner-1846301355\">\n          <div class=\"banner-inner fill\">\n        <div class=\"banner-bg fill\" >\n            <img loading=\"lazy\" decoding=\"async\" width=\"750\" height=\"868\" src=\"https:\/\/www.jeld-wen.ch\/wp-content\/uploads\/2021\/02\/Mobile-HeaderSlider-2.jpg\" class=\"bg\" alt=\"\" srcset=\"https:\/\/www.jeld-wen.ch\/wp-content\/uploads\/2021\/02\/Mobile-HeaderSlider-2.jpg 750w, https:\/\/www.jeld-wen.ch\/wp-content\/uploads\/2021\/02\/Mobile-HeaderSlider-2-259x300.jpg 259w\" sizes=\"auto, (max-width: 750px) 100vw, 750px\" \/>                        <div class=\"overlay\"><\/div>            \n                    <\/div>\n\t\t\n        <div class=\"banner-layers container\">\n            <div class=\"fill banner-link\"><\/div>            \n   <div id=\"text-box-1104126295\" class=\"text-box banner-layer x50 md-x10 lg-x10 y50 md-y10 lg-y10 res-text\">\n                     <div data-animate=\"flipInY\">           <div class=\"text-box-content text dark\">\n              \n              <div class=\"text-inner text-left\">\n                  \n<p class=\"lead slidertext\" style=\"text-align: left;\">Bienvenue chez JELD-WEN: le plus grand choix de portes en suisse<\/p>\n<a class=\"button primary hidden\"  >\n\t\t<span>Mehr erfahren<\/span>\n\t<\/a>\n\n              <\/div>\n           <\/div>\n       <\/div>                     \n<style>\n#text-box-1104126295 {\n  width: 70%;\n}\n#text-box-1104126295 .text-box-content {\n  font-size: 90%;\n}\n@media (min-width:550px) {\n  #text-box-1104126295 {\n    width: 84%;\n  }\n  #text-box-1104126295 .text-box-content {\n    font-size: 100%;\n  }\n}\n@media (min-width:850px) {\n  #text-box-1104126295 {\n    width: 76%;\n  }\n}\n<\/style>\n    <\/div>\n \n        <\/div>\n      <\/div>\n\n            \n<style>\n#banner-1846301355 {\n  padding-top: 500px;\n}\n#banner-1846301355 .overlay {\n  background-color: rgba(71, 82, 87, 0);\n}\n#banner-1846301355 .banner-bg img {\n  object-position: 43% 38%;\n}\n@media (min-width:550px) {\n  #banner-1846301355 {\n    padding-top: 99.99%;\n  }\n  #banner-1846301355 .overlay {\n    background-color: rgba(71,82,87,0.15);\n  }\n}\n<\/style>\n  <\/div>\n\n\n\n     <\/div>\n\n     <div class=\"loading-spin dark large centered\"><\/div>\n\n\t<\/div>\n\n\n\n\t<section class=\"section hide-for-small\" id=\"section_1713312271\">\n\t\t<div class=\"section-bg fill\" >\n\t\t\t\t\t\t\t\t\t\n\t\t\t\n\n\t\t<\/div>\n\n\t\t\n\n\t\t<div class=\"section-content relative\">\n\t\t\t\n\t<div class=\"img has-hover hidden x md-x lg-x y md-y lg-y\" id=\"image_1749281351\">\n\t\t\t\t\t\t\t\t<div class=\"img-inner dark\" >\n\t\t\t<img loading=\"lazy\" decoding=\"async\" width=\"2560\" height=\"307\" src=\"https:\/\/www.jeld-wen.ch\/wp-content\/uploads\/2025\/04\/JWCH-W25015_Header-2560x302px-DE2.jpg\" class=\"attachment-original size-original\" alt=\"\" srcset=\"https:\/\/www.jeld-wen.ch\/wp-content\/uploads\/2025\/04\/JWCH-W25015_Header-2560x302px-DE2.jpg 2560w, https:\/\/www.jeld-wen.ch\/wp-content\/uploads\/2025\/04\/JWCH-W25015_Header-2560x302px-DE2-300x36.jpg 300w, https:\/\/www.jeld-wen.ch\/wp-content\/uploads\/2025\/04\/JWCH-W25015_Header-2560x302px-DE2-1024x123.jpg 1024w, https:\/\/www.jeld-wen.ch\/wp-content\/uploads\/2025\/04\/JWCH-W25015_Header-2560x302px-DE2-768x92.jpg 768w, https:\/\/www.jeld-wen.ch\/wp-content\/uploads\/2025\/04\/JWCH-W25015_Header-2560x302px-DE2-1536x184.jpg 1536w, https:\/\/www.jeld-wen.ch\/wp-content\/uploads\/2025\/04\/JWCH-W25015_Header-2560x302px-DE2-2048x246.jpg 2048w\" sizes=\"auto, (max-width: 2560px) 100vw, 2560px\" \/>\t\t\t\t\t\t\n\t\t\t\t\t<\/div>\n\t\t\t\t\t\t\t\t\n<style>\n#image_1749281351 {\n  width: 100%;\n}\n<\/style>\n\t<\/div>\n\t\n\t\t<\/div>\n\n\t\t\n<style>\n#section_1713312271 {\n  padding-top: 0px;\n  padding-bottom: 0px;\n}\n<\/style>\n\t<\/section>\n\t\n\n\t<section class=\"section show-for-small\" id=\"section_681960114\">\n\t\t<div class=\"section-bg fill\" >\n\t\t\t\t\t\t\t\t\t\n\t\t\t\n\n\t\t<\/div>\n\n\t\t\n\n\t\t<div class=\"section-content relative\">\n\t\t\t\n\t<div class=\"img has-hover hidden x md-x lg-x y md-y lg-y\" id=\"image_2058757124\">\n\t\t\t\t\t\t\t\t<div class=\"img-inner dark\" >\n\t\t\t<img loading=\"lazy\" decoding=\"async\" width=\"660\" height=\"187\" src=\"https:\/\/www.jeld-wen.ch\/wp-content\/uploads\/2025\/04\/JWCH-W25015_Header-660x187px-DE2.jpg\" class=\"attachment-original size-original\" alt=\"\" srcset=\"https:\/\/www.jeld-wen.ch\/wp-content\/uploads\/2025\/04\/JWCH-W25015_Header-660x187px-DE2.jpg 660w, https:\/\/www.jeld-wen.ch\/wp-content\/uploads\/2025\/04\/JWCH-W25015_Header-660x187px-DE2-300x85.jpg 300w\" sizes=\"auto, (max-width: 660px) 100vw, 660px\" \/>\t\t\t\t\t\t\n\t\t\t\t\t<\/div>\n\t\t\t\t\t\t\t\t\n<style>\n#image_2058757124 {\n  width: 100%;\n}\n<\/style>\n\t<\/div>\n\t\n\t\t<\/div>\n\n\t\t\n<style>\n#section_681960114 {\n  padding-top: 0px;\n  padding-bottom: 0px;\n}\n<\/style>\n\t<\/section>\n\t\n\n\t<section class=\"section\" id=\"section_612226165\">\n\t\t<div class=\"section-bg fill\" >\n\t\t\t\t\t\t\t\t\t\n\t\t\t\n\n\t\t<\/div>\n\n\t\t\n\n\t\t<div class=\"section-content relative\">\n\t\t\t\n<div class=\"row row-collapse\"  id=\"row-1819924825\">\n\n\t<div id=\"col-1706734864\" class=\"col small-12 large-12\"  >\n\t\t\t\t<div class=\"col-inner text-center\"  >\n\t\t\t\n\t\t\t\n\t<div id=\"text-3781225221\" class=\"text\">\n\t\t\n<h4><strong>QUATRE GRANDES MARQUES SOUS UN M\u00caME TOIT<\/strong><\/h4>\n<h1><span style=\"font-size: 80%;\">JELD-WEN, DES PORTES AVEC DE LA PERSONNALIT\u00c9<\/span><\/h1>\n\t\t\n<style>\n#text-3781225221 {\n  color: rgb(71, 82, 87);\n}\n#text-3781225221 > * {\n  color: rgb(71, 82, 87);\n}\n<\/style>\n\t<\/div>\n\t\n\t\t<\/div>\n\t\t\t\t\n<style>\n#col-1706734864 > .col-inner {\n  padding: 0px 0px 0px 0px;\n  margin: 0px 0px 0px 0px;\n}\n<\/style>\n\t<\/div>\n\n\t\n<\/div>\n<div class=\"row align-center\"  id=\"row-1031195689\">\n\n\t<div id=\"col-1772545240\" class=\"col hide-for-medium medium-3 small-12 large-3\"  >\n\t\t\t\t<div class=\"col-inner\"  >\n\t\t\t\n\t\t\t\n\t\t<\/div>\n\t\t\t\t\t<\/div>\n\n\t\n\n\t<div id=\"col-2108101420\" class=\"col medium-10 small-12 large-6\"  >\n\t\t\t\t<div class=\"col-inner text-center\"  >\n\t\t\t\n\t\t\t\n\t<div id=\"text-1628087981\" class=\"text\">\n\t\t\n<p>Avec les marques KELLPAX, JELD-WEN, DANA et BOSS, JELD-WEN propose des portes ext\u00e9rieures, des portes int\u00e9rieures et des cadres pour tous les go\u00fbts, tous les styles architecturaux et toutes les exigences. Leurs points communs? Une qualit\u00e9 de toute confiance, l\u2019amour de la menuiserie traditionnelle et la passion du design. D\u00e9couvrez une vari\u00e9t\u00e9 de portes in\u00e9dite et sans \u00e9gale.<br \/>\n\t\t\n<style>\n#text-1628087981 {\n  text-align: center;\n}\n<\/style>\n\t<\/div>\n\t\n<a href=\"\/fr\/marques-de-portes\/\" class=\"button primary\"  >\n\t\t<span>Marques de portes<\/span>\n\t<\/a>\n\n\t\t<\/div>\n\t\t\t\t\t<\/div>\n\n\t\n\n\t<div id=\"col-2030637438\" class=\"col hide-for-medium medium-3 small-12 large-3\"  >\n\t\t\t\t<div class=\"col-inner\"  >\n\t\t\t\n\t\t\t\n\t\t<\/div>\n\t\t\t\t\t<\/div>\n\n\t\n\n<style>\n#row-1031195689 > .col > .col-inner {\n  padding: 0px 0px 0px 0px;\n}\n@media (min-width:550px) {\n  #row-1031195689 > .col > .col-inner {\n    padding: 0px 0px 0px 0px;\n  }\n}\n<\/style>\n<\/div>\n<div class=\"row align-center\"  id=\"row-1416302317\">\n\n\t<div id=\"col-1887900143\" class=\"col hide-for-medium medium-3 small-12 large-3\"  >\n\t\t\t\t<div class=\"col-inner\"  >\n\t\t\t\n\t\t\t\n\t\t<\/div>\n\t\t\t\t\t<\/div>\n\n\t\n\n\t<div id=\"col-1456845325\" class=\"col medium-10 small-12 large-6\"  >\n\t\t\t\t<div class=\"col-inner text-center\"  >\n\t\t\t\n\t\t\t\n\t<div id=\"text-3956970540\" class=\"text\">\n\t\t\n<h4><strong>GALERIE DES PORTES : PRENDRE RENDEZ-VOUS EST D\u00c9SORMAIS ENCORE PLUS SIMPLE<\/strong><\/h4>\n<p>Vous aussi, profitez de notre galerie des portes pour vous inspirer et b\u00e9n\u00e9ficier de conseils personnalis\u00e9s. Les prises de rendez-vous sont d\u00e9sormais possibles online, en toute simplicit\u00e9.<br \/>\n\t\t\n<style>\n#text-3956970540 {\n  text-align: center;\n}\n<\/style>\n\t<\/div>\n\t\n<a href=\"mailto:tueren@jeldwen.com\" class=\"button primary\"  >\n\t\t<span>R\u00c9SERVER UN RENDEZ-VOUS<\/span>\n\t<\/a>\n\n\t\t<\/div>\n\t\t\t\t\t<\/div>\n\n\t\n\n\t<div id=\"col-62186009\" class=\"col hide-for-medium medium-3 small-12 large-3\"  >\n\t\t\t\t<div class=\"col-inner\"  >\n\t\t\t\n\t\t\t\n\t\t<\/div>\n\t\t\t\t\t<\/div>\n\n\t\n\n<style>\n#row-1416302317 > .col > .col-inner {\n  padding: 0px 0px 0px 0px;\n}\n@media (min-width:550px) {\n  #row-1416302317 > .col > .col-inner {\n    padding: 0px 0px 0px 0px;\n  }\n}\n<\/style>\n<\/div>\n<div class=\"row row-box-shadow-1 row-box-shadow-5-hover\"  id=\"row-1601408182\">\n\n\t<div id=\"col-312046843\" class=\"col medium-6 small-12 large-6\"  >\n\t\t\t\t<div class=\"col-inner\"  >\n\t\t\t\n\t\t\t\n\n  <div class=\"banner has-hover box-mobile\" id=\"banner-789825375\">\n          <div class=\"banner-inner fill\">\n        <div class=\"banner-bg fill\" >\n            <img loading=\"lazy\" decoding=\"async\" width=\"770\" height=\"434\" src=\"https:\/\/www.jeld-wen.ch\/wp-content\/uploads\/2021\/02\/group-6.jpg\" class=\"bg\" alt=\"\" srcset=\"https:\/\/www.jeld-wen.ch\/wp-content\/uploads\/2021\/02\/group-6.jpg 770w, https:\/\/www.jeld-wen.ch\/wp-content\/uploads\/2021\/02\/group-6-300x169.jpg 300w, https:\/\/www.jeld-wen.ch\/wp-content\/uploads\/2021\/02\/group-6-768x433.jpg 768w\" sizes=\"auto, (max-width: 770px) 100vw, 770px\" \/>                        <div class=\"overlay\"><\/div>            \n                    <\/div>\n\t\t\n        <div class=\"banner-layers container\">\n            <a class=\"fill\" href=\"\/fr\/portes-exterieures\/\" ><div class=\"fill banner-link\"><\/div><\/a>            \n   <div id=\"text-box-625955064\" class=\"text-box banner-layer teaser x50 md-x50 lg-x50 y90 md-y90 lg-y90 res-text\">\n                                <div class=\"text-box-content text dark\">\n              \n              <div class=\"text-inner text-center\">\n                  \n\t<div id=\"text-2172533076\" class=\"text teaser\">\n\t\t\n<h3 class=\"uppercase\">PORTES EXT\u00c9RIEURES<\/h3>\n<p>La premi\u00e8re impression compte, et elle tient ses promesses: nos portes d\u2019entr\u00e9e et nos portes ext\u00e9rieures secondaires enthousiasment gr\u00e2ce \u00e0 leurs couleurs et \u00e0 leurs formes tout en offrant des fonctions qui conf\u00e8rent un sentiment de s\u00e9curit\u00e9.<br \/>\n\t\t\n<style>\n#text-2172533076 {\n  text-align: left;\n}\n<\/style>\n\t<\/div>\n\t\n              <\/div>\n           <\/div>\n                            \n<style>\n#text-box-625955064 {\n  width: 90%;\n}\n#text-box-625955064 .text-box-content {\n  font-size: 100%;\n}\n@media (min-width:550px) {\n  #text-box-625955064 {\n    width: 92%;\n  }\n}\n<\/style>\n    <\/div>\n \n        <\/div>\n      <\/div>\n\n              <div class=\"height-fix is-invisible\"><img loading=\"lazy\" decoding=\"async\" width=\"770\" height=\"434\" src=\"https:\/\/www.jeld-wen.ch\/wp-content\/uploads\/2021\/02\/group-6.jpg\" class=\"attachment-original size-original\" alt=\"\" srcset=\"https:\/\/www.jeld-wen.ch\/wp-content\/uploads\/2021\/02\/group-6.jpg 770w, https:\/\/www.jeld-wen.ch\/wp-content\/uploads\/2021\/02\/group-6-300x169.jpg 300w, https:\/\/www.jeld-wen.ch\/wp-content\/uploads\/2021\/02\/group-6-768x433.jpg 768w\" sizes=\"auto, (max-width: 770px) 100vw, 770px\" \/><\/div>\n            \n<style>\n#banner-789825375 {\n  padding-top: 350px;\n}\n#banner-789825375 .overlay {\n  background-color: rgba(0, 0, 0, 0.06);\n}\n<\/style>\n  <\/div>\n\n\n\t\t<\/div>\n\t\t\t\t\t<\/div>\n\n\t\n\n\t<div id=\"col-1211686263\" class=\"col medium-6 small-12 large-6\"  >\n\t\t\t\t<div class=\"col-inner\"  >\n\t\t\t\n\t\t\t\n\n  <div class=\"banner has-hover box-mobile\" id=\"banner-339497828\">\n          <div class=\"banner-inner fill\">\n        <div class=\"banner-bg fill\" >\n            <img loading=\"lazy\" decoding=\"async\" width=\"770\" height=\"434\" src=\"https:\/\/www.jeld-wen.ch\/wp-content\/uploads\/2021\/02\/innentueren-770x434px-1.jpg\" class=\"bg\" alt=\"\" srcset=\"https:\/\/www.jeld-wen.ch\/wp-content\/uploads\/2021\/02\/innentueren-770x434px-1.jpg 770w, https:\/\/www.jeld-wen.ch\/wp-content\/uploads\/2021\/02\/innentueren-770x434px-1-300x169.jpg 300w, https:\/\/www.jeld-wen.ch\/wp-content\/uploads\/2021\/02\/innentueren-770x434px-1-768x433.jpg 768w\" sizes=\"auto, (max-width: 770px) 100vw, 770px\" \/>                        <div class=\"overlay\"><\/div>            \n                    <\/div>\n\t\t\n        <div class=\"banner-layers container\">\n            <a class=\"fill\" href=\"\/fr\/portes-interieures\/\" ><div class=\"fill banner-link\"><\/div><\/a>            \n   <div id=\"text-box-814246227\" class=\"text-box banner-layer teaser x50 md-x50 lg-x50 y90 md-y90 lg-y90 res-text\">\n                                <div class=\"text-box-content text dark\">\n              \n              <div class=\"text-inner text-center\">\n                  \n\t<div id=\"text-1528393895\" class=\"text teaser\">\n\t\t\n<h3 class=\"uppercase\">PORTES INT\u00c9RIEURES<\/h3>\n<p>Portes battantes ou coulissantes, portes avec rev\u00eatement en bois, portes de s\u00e9curit\u00e9 ou portes en verre: nos portes s\u2019adaptent \u00e0 tous les espaces et \u00e0 tous les besoins, avec des mod\u00e8les allant du classique au moderne.<br \/>\n\t\t\n<style>\n#text-1528393895 {\n  text-align: left;\n}\n<\/style>\n\t<\/div>\n\t\n              <\/div>\n           <\/div>\n                            \n<style>\n#text-box-814246227 {\n  width: 90%;\n}\n#text-box-814246227 .text-box-content {\n  font-size: 100%;\n}\n@media (min-width:550px) {\n  #text-box-814246227 {\n    width: 92%;\n  }\n}\n<\/style>\n    <\/div>\n \n        <\/div>\n      <\/div>\n\n              <div class=\"height-fix is-invisible\"><img loading=\"lazy\" decoding=\"async\" width=\"770\" height=\"434\" src=\"https:\/\/www.jeld-wen.ch\/wp-content\/uploads\/2021\/02\/innentueren-770x434px-1.jpg\" class=\"attachment-original size-original\" alt=\"\" srcset=\"https:\/\/www.jeld-wen.ch\/wp-content\/uploads\/2021\/02\/innentueren-770x434px-1.jpg 770w, https:\/\/www.jeld-wen.ch\/wp-content\/uploads\/2021\/02\/innentueren-770x434px-1-300x169.jpg 300w, https:\/\/www.jeld-wen.ch\/wp-content\/uploads\/2021\/02\/innentueren-770x434px-1-768x433.jpg 768w\" sizes=\"auto, (max-width: 770px) 100vw, 770px\" \/><\/div>\n            \n<style>\n#banner-339497828 {\n  padding-top: 350px;\n}\n#banner-339497828 .overlay {\n  background-color: rgba(0, 0, 0, 0.06);\n}\n<\/style>\n  <\/div>\n\n\n\t\t<\/div>\n\t\t\t\t\t<\/div>\n\n\t\n<\/div>\n<div class=\"row row-box-shadow-1 row-box-shadow-5-hover\"  id=\"row-1816674784\">\n\n\t<div id=\"col-1580062699\" class=\"col medium-8 small-12 large-8\"  >\n\t\t\t\t<div class=\"col-inner\"  >\n\t\t\t\n\t\t\t\n\n  <div class=\"banner has-hover box-mobile\" id=\"banner-1461516610\">\n          <div class=\"banner-inner fill\">\n        <div class=\"banner-bg fill\" >\n            <img loading=\"lazy\" decoding=\"async\" width=\"1040\" height=\"435\" src=\"https:\/\/www.jeld-wen.ch\/wp-content\/uploads\/2021\/02\/group-7-copy-2-1.jpg\" class=\"bg\" alt=\"\" srcset=\"https:\/\/www.jeld-wen.ch\/wp-content\/uploads\/2021\/02\/group-7-copy-2-1.jpg 1040w, https:\/\/www.jeld-wen.ch\/wp-content\/uploads\/2021\/02\/group-7-copy-2-1-300x125.jpg 300w, https:\/\/www.jeld-wen.ch\/wp-content\/uploads\/2021\/02\/group-7-copy-2-1-1024x428.jpg 1024w, https:\/\/www.jeld-wen.ch\/wp-content\/uploads\/2021\/02\/group-7-copy-2-1-768x321.jpg 768w\" sizes=\"auto, (max-width: 1040px) 100vw, 1040px\" \/>                        <div class=\"overlay\"><\/div>            \n                    <\/div>\n\t\t\n        <div class=\"banner-layers container\">\n            <a class=\"fill\" href=\"\/fr\/loi-sur-les-produits-de-construction-nouveau\/\" ><div class=\"fill banner-link\"><\/div><\/a>            \n   <div id=\"text-box-1399212124\" class=\"text-box banner-layer x50 md-x50 lg-x50 y90 md-y90 lg-y90 res-text\">\n                                <div class=\"text-box-content text dark\">\n              \n              <div class=\"text-inner text-left\">\n                  \n\t<div id=\"text-843691548\" class=\"text teaser\">\n\t\t\n<h3 style=\"text-align: left;\"><strong>NOUVELLE LOI SUR LES PRODUITS DE CONSTRUCTION<\/strong><\/h3>\n<p style=\"text-align: left;\">Nous vous apportons notre soutien lors de la mise en \u0153uvre des r\u00e9glementations concernant la d\u00e9claration et la certification des portes coupe-feu ext\u00e9rieures.<\/p>\n\t\t\n<style>\n#text-843691548 {\n  text-align: left;\n}\n<\/style>\n\t<\/div>\n\t\n              <\/div>\n           <\/div>\n                            \n<style>\n#text-box-1399212124 {\n  width: 90%;\n}\n#text-box-1399212124 .text-box-content {\n  font-size: 100%;\n}\n@media (min-width:550px) {\n  #text-box-1399212124 {\n    width: 92%;\n  }\n}\n<\/style>\n    <\/div>\n \n        <\/div>\n      <\/div>\n\n              <div class=\"height-fix is-invisible\"><img loading=\"lazy\" decoding=\"async\" width=\"1040\" height=\"435\" src=\"https:\/\/www.jeld-wen.ch\/wp-content\/uploads\/2021\/02\/group-7-copy-2-1.jpg\" class=\"attachment-original size-original\" alt=\"\" srcset=\"https:\/\/www.jeld-wen.ch\/wp-content\/uploads\/2021\/02\/group-7-copy-2-1.jpg 1040w, https:\/\/www.jeld-wen.ch\/wp-content\/uploads\/2021\/02\/group-7-copy-2-1-300x125.jpg 300w, https:\/\/www.jeld-wen.ch\/wp-content\/uploads\/2021\/02\/group-7-copy-2-1-1024x428.jpg 1024w, https:\/\/www.jeld-wen.ch\/wp-content\/uploads\/2021\/02\/group-7-copy-2-1-768x321.jpg 768w\" sizes=\"auto, (max-width: 1040px) 100vw, 1040px\" \/><\/div>\n            \n<style>\n#banner-1461516610 {\n  padding-top: 350px;\n}\n#banner-1461516610 .overlay {\n  background-color: rgba(0, 0, 0, 0.06);\n}\n<\/style>\n  <\/div>\n\n\n\t\t<\/div>\n\t\t\t\t\t<\/div>\n\n\t\n\n\t<div id=\"col-870452949\" class=\"col medium-4 small-12 large-4\"  >\n\t\t\t\t<div class=\"col-inner\"  >\n\t\t\t\n\t\t\t\n\n  <div class=\"banner has-hover box-mobile\" id=\"banner-1295226852\">\n          <div class=\"banner-inner fill\">\n        <div class=\"banner-bg fill\" >\n            <img loading=\"lazy\" decoding=\"async\" width=\"501\" height=\"434\" src=\"https:\/\/www.jeld-wen.ch\/wp-content\/uploads\/2021\/02\/group-6-copy-2.jpg\" class=\"bg\" alt=\"\" srcset=\"https:\/\/www.jeld-wen.ch\/wp-content\/uploads\/2021\/02\/group-6-copy-2.jpg 501w, https:\/\/www.jeld-wen.ch\/wp-content\/uploads\/2021\/02\/group-6-copy-2-300x260.jpg 300w\" sizes=\"auto, (max-width: 501px) 100vw, 501px\" \/>                        <div class=\"overlay\"><\/div>            \n                    <\/div>\n\t\t\n        <div class=\"banner-layers container\">\n            <a class=\"fill\" href=\"\/fr\/marques-de-portes\/\" ><div class=\"fill banner-link\"><\/div><\/a>            \n   <div id=\"text-box-34853790\" class=\"text-box banner-layer teaser x50 md-x50 lg-x50 y90 md-y90 lg-y90 res-text\">\n                                <div class=\"text-box-content text dark\">\n              \n              <div class=\"text-inner text-center\">\n                  \n\t<div id=\"text-1043456303\" class=\"text teaser\">\n\t\t\n<h3 class=\"uppercase\">MARQUES DE PORTES<\/h3>\n<p>Les marques de qualit\u00e9 KELLPAX, JELD-WEN, DANA et BOS vous ouvrent toutes les portes pour personnaliser vos espaces de vie.<br \/>\n\t\t\n<style>\n#text-1043456303 {\n  text-align: left;\n}\n<\/style>\n\t<\/div>\n\t\n              <\/div>\n           <\/div>\n                            \n<style>\n#text-box-34853790 {\n  width: 90%;\n}\n#text-box-34853790 .text-box-content {\n  font-size: 100%;\n}\n@media (min-width:550px) {\n  #text-box-34853790 {\n    width: 85%;\n  }\n}\n<\/style>\n    <\/div>\n \n        <\/div>\n      <\/div>\n\n              <div class=\"height-fix is-invisible\"><img loading=\"lazy\" decoding=\"async\" width=\"501\" height=\"434\" src=\"https:\/\/www.jeld-wen.ch\/wp-content\/uploads\/2021\/02\/group-6-copy-2.jpg\" class=\"attachment-original size-original\" alt=\"\" srcset=\"https:\/\/www.jeld-wen.ch\/wp-content\/uploads\/2021\/02\/group-6-copy-2.jpg 501w, https:\/\/www.jeld-wen.ch\/wp-content\/uploads\/2021\/02\/group-6-copy-2-300x260.jpg 300w\" sizes=\"auto, (max-width: 501px) 100vw, 501px\" \/><\/div>\n            \n<style>\n#banner-1295226852 {\n  padding-top: 350px;\n}\n#banner-1295226852 .overlay {\n  background-color: rgba(0, 0, 0, 0.06);\n}\n<\/style>\n  <\/div>\n\n\n\t\t<\/div>\n\t\t\t\t\t<\/div>\n\n\t\n<\/div>\n<div class=\"row row-box-shadow-1 row-box-shadow-5-hover\"  id=\"row-1310018296\">\n\n\t<div id=\"col-571143314\" class=\"col medium-7 small-12 large-7\"  >\n\t\t\t\t<div class=\"col-inner\"  >\n\t\t\t\n\t\t\t\n\n  <div class=\"banner has-hover\" id=\"banner-106692928\">\n          <div class=\"banner-inner fill\">\n        <div class=\"banner-bg fill\" >\n            <img loading=\"lazy\" decoding=\"async\" width=\"1810\" height=\"866\" src=\"https:\/\/www.jeld-wen.ch\/wp-content\/uploads\/2021\/02\/Desktop-Video-1810x866px.jpg\" class=\"bg\" alt=\"\" srcset=\"https:\/\/www.jeld-wen.ch\/wp-content\/uploads\/2021\/02\/Desktop-Video-1810x866px.jpg 1810w, https:\/\/www.jeld-wen.ch\/wp-content\/uploads\/2021\/02\/Desktop-Video-1810x866px-300x144.jpg 300w, https:\/\/www.jeld-wen.ch\/wp-content\/uploads\/2021\/02\/Desktop-Video-1810x866px-1024x490.jpg 1024w, https:\/\/www.jeld-wen.ch\/wp-content\/uploads\/2021\/02\/Desktop-Video-1810x866px-768x367.jpg 768w, https:\/\/www.jeld-wen.ch\/wp-content\/uploads\/2021\/02\/Desktop-Video-1810x866px-1536x735.jpg 1536w\" sizes=\"auto, (max-width: 1810px) 100vw, 1810px\" \/>                        <div class=\"overlay\"><\/div>            \n                    <\/div>\n\t\t\n        <div class=\"banner-layers container\">\n            <a class=\"fill\" href=\"#\" ><div class=\"fill banner-link\"><\/div><\/a>            \n   <div id=\"text-box-86043307\" class=\"text-box banner-layer x95 md-x100 lg-x100 y75 md-y80 lg-y80 res-text\">\n                                <div class=\"text-box-content text dark\">\n              \n              <div class=\"text-inner text-left\">\n                  \n<div class=\"video-button-wrapper\" style=\"font-size:345%\"><a href=\"https:\/\/www.jeld-wen.ch\/wp-content\/uploads\/2020\/01\/JELD_WEN_DryFix_0612.mp4\" class=\"button open-video icon circle is-outline is-xlarge\"><i class=\"icon-play\" style=\"font-size:1.5em;\" ><\/i><\/a><\/div>\n              <\/div>\n           <\/div>\n                            \n<style>\n#text-box-86043307 {\n  width: 56%;\n}\n#text-box-86043307 .text-box-content {\n  font-size: 28%;\n}\n@media (min-width:550px) {\n  #text-box-86043307 {\n    width: 62%;\n  }\n  #text-box-86043307 .text-box-content {\n    font-size: 100%;\n  }\n}\n<\/style>\n    <\/div>\n \n        <\/div>\n      <\/div>\n\n              <div class=\"height-fix is-invisible\"><img loading=\"lazy\" decoding=\"async\" width=\"1810\" height=\"866\" src=\"https:\/\/www.jeld-wen.ch\/wp-content\/uploads\/2021\/02\/Desktop-Video-1810x866px.jpg\" class=\"attachment-original size-original\" alt=\"\" srcset=\"https:\/\/www.jeld-wen.ch\/wp-content\/uploads\/2021\/02\/Desktop-Video-1810x866px.jpg 1810w, https:\/\/www.jeld-wen.ch\/wp-content\/uploads\/2021\/02\/Desktop-Video-1810x866px-300x144.jpg 300w, https:\/\/www.jeld-wen.ch\/wp-content\/uploads\/2021\/02\/Desktop-Video-1810x866px-1024x490.jpg 1024w, https:\/\/www.jeld-wen.ch\/wp-content\/uploads\/2021\/02\/Desktop-Video-1810x866px-768x367.jpg 768w, https:\/\/www.jeld-wen.ch\/wp-content\/uploads\/2021\/02\/Desktop-Video-1810x866px-1536x735.jpg 1536w\" sizes=\"auto, (max-width: 1810px) 100vw, 1810px\" \/><\/div>\n            \n<style>\n#banner-106692928 .overlay {\n  background-color: rgba(0, 0, 0, 0.06);\n}\n<\/style>\n  <\/div>\n\n\n\t\t<\/div>\n\t\t\t\t\t<\/div>\n\n\t\n\n\t<div id=\"col-1086903181\" class=\"col medium-5 small-12 large-5\"  >\n\t\t\t\t<div class=\"col-inner\"  >\n\t\t\t\n\t\t\t\n\n  <div class=\"banner has-hover box-mobilek\" id=\"banner-2013867689\">\n          <div class=\"banner-inner fill\">\n        <div class=\"banner-bg fill\" >\n            <img loading=\"lazy\" decoding=\"async\" width=\"640\" height=\"433\" src=\"https:\/\/www.jeld-wen.ch\/wp-content\/uploads\/2023\/02\/Desktop-Technikbereich-NEU.jpg\" class=\"bg\" alt=\"\" srcset=\"https:\/\/www.jeld-wen.ch\/wp-content\/uploads\/2023\/02\/Desktop-Technikbereich-NEU.jpg 640w, https:\/\/www.jeld-wen.ch\/wp-content\/uploads\/2023\/02\/Desktop-Technikbereich-NEU-300x203.jpg 300w\" sizes=\"auto, (max-width: 640px) 100vw, 640px\" \/>                        <div class=\"overlay\"><\/div>            \n                    <\/div>\n\t\t\n        <div class=\"banner-layers container\">\n            <a class=\"fill\" href=\"https:\/\/my.jeld-wen.ch\/techdok\/fr\/\" target=\"_blank\" rel=\"noopener\" ><div class=\"fill banner-link\"><\/div><\/a>            \n   <div id=\"text-box-613690814\" class=\"text-box banner-layer x50 md-x50 lg-x50 y90 md-y90 lg-y90 res-text\">\n                                <div class=\"text-box-content text dark\">\n              \n              <div class=\"text-inner text-center\">\n                  \n\t<div id=\"text-3618913613\" class=\"text teaser\">\n\t\t\n<h3 class=\"uppercase\">DOCUMENTATION TECHNIQUE<\/h3>\n<p>Qu\u2019il s\u2019agisse de protection contre l\u2019incendie, le bruit ou le cambriolage: les planificateurs, architectes et transformateurs trouveront ici tous les d\u00e9tails pour l\u2019ensemble de la gamme de portes KELLPAX.<br \/>\n\t\t\n<style>\n#text-3618913613 {\n  text-align: left;\n}\n<\/style>\n\t<\/div>\n\t\n              <\/div>\n           <\/div>\n                            \n<style>\n#text-box-613690814 {\n  width: 90%;\n}\n#text-box-613690814 .text-box-content {\n  font-size: 100%;\n}\n@media (min-width:550px) {\n  #text-box-613690814 {\n    width: 85%;\n  }\n}\n<\/style>\n    <\/div>\n \n        <\/div>\n      <\/div>\n\n              <div class=\"height-fix is-invisible\"><img loading=\"lazy\" decoding=\"async\" width=\"640\" height=\"433\" src=\"https:\/\/www.jeld-wen.ch\/wp-content\/uploads\/2023\/02\/Desktop-Technikbereich-NEU.jpg\" class=\"attachment-original size-original\" alt=\"\" srcset=\"https:\/\/www.jeld-wen.ch\/wp-content\/uploads\/2023\/02\/Desktop-Technikbereich-NEU.jpg 640w, https:\/\/www.jeld-wen.ch\/wp-content\/uploads\/2023\/02\/Desktop-Technikbereich-NEU-300x203.jpg 300w\" sizes=\"auto, (max-width: 640px) 100vw, 640px\" \/><\/div>\n            \n<style>\n#banner-2013867689 {\n  padding-top: 350px;\n}\n#banner-2013867689 .overlay {\n  background-color: rgba(0, 0, 0, 0.06);\n}\n#banner-2013867689 .banner-bg img {\n  object-position: 50% 52%;\n}\n<\/style>\n  <\/div>\n\n\n\t\t<\/div>\n\t\t\t\t\t<\/div>\n\n\t\n<\/div>\n\t\t<\/div>\n\n\t\t\n<style>\n#section_612226165 {\n  padding-top: 30px;\n  padding-bottom: 30px;\n}\n<\/style>\n\t<\/section>\n\t\n\n\t<section class=\"section\" id=\"section_624506003\">\n\t\t<div class=\"section-bg fill\" >\n\t\t\t\t\t\t\t\t\t\n\t\t\t\n\n\t\t<\/div>\n\n\t\t\n\n\t\t<div class=\"section-content relative\">\n\t\t\t\n<div class=\"row align-center\"  id=\"row-1866313820\">\n\n\t<div id=\"col-844590872\" class=\"col small-12 large-12\"  >\n\t\t\t\t<div class=\"col-inner text-center\"  >\n\t\t\t\n\t\t\t\n\t<div id=\"gap-1679741520\" class=\"gap-element clearfix\" style=\"display:block; height:auto;\">\n\t\t\n<style>\n#gap-1679741520 {\n  padding-top: 30px;\n}\n<\/style>\n\t<\/div>\n\t\n\t<div id=\"text-2405264933\" class=\"text\">\n\t\t\n<h4><strong>LE CONFORT ALLI\u00c9 \u00c0 UNE VALEUR AJOUT\u00c9E<\/strong><\/h4>\n<h2>DES PORTES QUI REFL\u00c8TENT LA QUALIT\u00c9 DE VIE<\/h2>\n\t\t\n<style>\n#text-2405264933 {\n  text-align: center;\n}\n<\/style>\n\t<\/div>\n\t\n\t\t<\/div>\n\t\t\t\t\t<\/div>\n\n\t\n\n\t<div id=\"col-304666980\" class=\"col hide-for-medium medium-3 small-12 large-3\"  >\n\t\t\t\t<div class=\"col-inner\"  >\n\t\t\t\n\t\t\t\n\t\t<\/div>\n\t\t\t\t\t<\/div>\n\n\t\n\n\t<div id=\"col-480700641\" class=\"col medium-10 small-12 large-6\"  >\n\t\t\t\t<div class=\"col-inner text-center\"  >\n\t\t\t\n\t\t\t\n\t<div id=\"text-1058801627\" class=\"text\">\n\t\t\n<p>JELD-WEN est synonyme de portes misant sur la durabilit\u00e9 et un mode de vie sain sur la base du mat\u00e9riau naturellement renouvelable qu\u2019est le bois. L\u2019esth\u00e9tique va de pair avec la fonctionnalit\u00e9, qu\u2019il s\u2019agisse de portes int\u00e9rieures ou de portes ext\u00e9rieures, de portes battantes, de portes coulissantes, de portes coupe-feu ou de portes en verre. Des solutions de portes tout simplement faites pour la vie.<br \/>\n\t\t\n<style>\n#text-1058801627 {\n  text-align: center;\n}\n<\/style>\n\t<\/div>\n\t\n\t\t<\/div>\n\t\t\t\t\t<\/div>\n\n\t\n\n\t<div id=\"col-568348821\" class=\"col hide-for-medium medium-3 small-12 large-3\"  >\n\t\t\t\t<div class=\"col-inner\"  >\n\t\t\t\n\t\t\t\n\t\t<\/div>\n\t\t\t\t\t<\/div>\n\n\t\n\n<style>\n#row-1866313820 > .col > .col-inner {\n  padding: 0px 0px 0px 0px;\n}\n<\/style>\n<\/div>\n\t\t<\/div>\n\n\t\t\n<style>\n#section_624506003 {\n  padding-top: 30px;\n  padding-bottom: 30px;\n}\n<\/style>\n\t<\/section>\n\t\n\n\t<section class=\"section dark\" id=\"section_185074585\">\n\t\t<div class=\"section-bg fill\" >\n\t\t\t\t\t\t\t\t\t\n\t\t\t\n\n\t\t<\/div>\n\n\t\t\n\n\t\t<div class=\"section-content relative\">\n\t\t\t\n<div class=\"row\"  id=\"row-478594999\">\n\n\t<div id=\"col-540422611\" class=\"col medium-6 small-12 large-4\"  >\n\t\t\t\t<div class=\"col-inner\"  >\n\t\t\t\n\t\t\t\n\t<div class=\"img has-hover x md-x lg-x y md-y lg-y\" id=\"image_595770905\">\n\t\t<a class=\"\" href=\"https:\/\/brandschutzverordnung.jeld-wen.ch\/fr\/\" >\t\t\t\t\t\t<div class=\"img-inner dark\" >\n\t\t\t<img loading=\"lazy\" decoding=\"async\" width=\"500\" height=\"265\" src=\"https:\/\/www.jeld-wen.ch\/wp-content\/uploads\/2021\/03\/brandschutzportal_fr.jpg\" class=\"attachment-original size-original\" alt=\"\" srcset=\"https:\/\/www.jeld-wen.ch\/wp-content\/uploads\/2021\/03\/brandschutzportal_fr.jpg 500w, https:\/\/www.jeld-wen.ch\/wp-content\/uploads\/2021\/03\/brandschutzportal_fr-300x159.jpg 300w\" sizes=\"auto, (max-width: 500px) 100vw, 500px\" \/>\t\t\t\t\t\t\n\t\t\t\t\t<\/div>\n\t\t\t\t\t\t<\/a>\t\t\n<style>\n#image_595770905 {\n  width: 100%;\n}\n<\/style>\n\t<\/div>\n\t\n\t<div id=\"text-484727114\" class=\"text\">\n\t\t\n<h3>NOUVELLE LOI SUR LES PRODUITS DE CONSTRUCTION<\/h3>\n<p>Nous vous apportons notre soutien lors de la mise en \u0153uvre des r\u00e9glementations concernant la d\u00e9claration et la certification des portes coupe-feu ext\u00e9rieures.<\/p>\n<p style=\"text-align: right;\"><a class=\"readmore\" href=\"https:\/\/brandschutzverordnung.jeld-wen.ch\/fr\/\">continuer la lecture<\/a><\/p>\n\t\t\n<style>\n#text-484727114 {\n  color: rgb(255, 255, 255);\n}\n#text-484727114 > * {\n  color: rgb(255, 255, 255);\n}\n<\/style>\n\t<\/div>\n\t\n\t\t<\/div>\n\t\t\t\t\t<\/div>\n\n\t\n\n\t<div id=\"col-1361856773\" class=\"col medium-6 small-12 large-4\"  >\n\t\t\t\t<div class=\"col-inner\"  >\n\t\t\t\n\t\t\t\n\t<div class=\"img has-hover x md-x lg-x y md-y lg-y\" id=\"image_1361152788\">\n\t\t<a class=\"\" href=\"\/fr\/galeries-des-portes\/\" >\t\t\t\t\t\t<div class=\"img-inner dark\" >\n\t\t\t<img loading=\"lazy\" decoding=\"async\" width=\"508\" height=\"270\" src=\"https:\/\/www.jeld-wen.ch\/wp-content\/uploads\/2024\/05\/JWCH-W24012_Kachelbild-Schauraum-de_508x270_03.05.jpg\" class=\"attachment-large size-large\" alt=\"\" srcset=\"https:\/\/www.jeld-wen.ch\/wp-content\/uploads\/2024\/05\/JWCH-W24012_Kachelbild-Schauraum-de_508x270_03.05.jpg 508w, https:\/\/www.jeld-wen.ch\/wp-content\/uploads\/2024\/05\/JWCH-W24012_Kachelbild-Schauraum-de_508x270_03.05-300x159.jpg 300w\" sizes=\"auto, (max-width: 508px) 100vw, 508px\" \/>\t\t\t\t\t\t\n\t\t\t\t\t<\/div>\n\t\t\t\t\t\t<\/a>\t\t\n<style>\n#image_1361152788 {\n  width: 100%;\n}\n<\/style>\n\t<\/div>\n\t\n\t<div id=\"text-3502183876\" class=\"text\">\n\t\t\n<h3>PRENDRE RENDEZ-VOUS ONLINE D\u00c8S MAINTENANT<\/h3>\n<p>Un rendez-vous simple et rapide dans la Galerie des Portes : prenez rendez-vous online pour une visite ou une consultation!<\/p>\n<p style=\"text-align: right;\"><a class=\"readmore\" href=\"https:\/\/www.jeld-wen.ch\/fr\/galeries-des-portes\/\">EN SAVOIR PLUS<\/a><\/p>\n\t\t\n<style>\n#text-3502183876 {\n  color: rgb(255, 255, 255);\n}\n#text-3502183876 > * {\n  color: rgb(255, 255, 255);\n}\n<\/style>\n\t<\/div>\n\t\n\t\t<\/div>\n\t\t\t\t\t<\/div>\n\n\t\n\n\t<div id=\"col-654439518\" class=\"col medium-6 small-12 large-4\"  >\n\t\t\t\t<div class=\"col-inner\"  >\n\t\t\t\n\t\t\t\n\t<div class=\"img has-hover x md-x lg-x y md-y lg-y\" id=\"image_1659300477\">\n\t\t<a class=\"\" href=\"https:\/\/oxomi.com\/p\/2025299\/search?oxDeeplink=eyJ1bml2ZXJzYWxTZWFyY2h8MiI6eyJ2aWV3IjoiZmlsdGVyZWQiLCJmaWx0ZXJzIjp7ImNhdGVnb3J5IjpbIkdTOE1PTEhLNVVFVTIyREMxT1Q4R1Y2TUg4Il19LCJxdWVyeSI6IiIsImhpZGRlbkZpbHRlcnMiOnt9fX0%3D\" target=\"_blank\" rel=\"noopener\" >\t\t\t\t\t\t<div class=\"img-inner dark\" >\n\t\t\t<img loading=\"lazy\" decoding=\"async\" width=\"519\" height=\"277\" src=\"https:\/\/www.jeld-wen.ch\/wp-content\/uploads\/2024\/03\/Kachelbild-Var-3_519x277_fr-Var.jpg\" class=\"attachment-large size-large\" alt=\"\" srcset=\"https:\/\/www.jeld-wen.ch\/wp-content\/uploads\/2024\/03\/Kachelbild-Var-3_519x277_fr-Var.jpg 519w, https:\/\/www.jeld-wen.ch\/wp-content\/uploads\/2024\/03\/Kachelbild-Var-3_519x277_fr-Var-300x160.jpg 300w\" sizes=\"auto, (max-width: 519px) 100vw, 519px\" \/>\t\t\t\t\t\t\n\t\t\t\t\t<\/div>\n\t\t\t\t\t\t<\/a>\t\t\n<style>\n#image_1659300477 {\n  width: 100%;\n}\n<\/style>\n\t<\/div>\n\t\n\t<div id=\"text-3909732969\" class=\"text\">\n\t\t\n<h3>FORMULAIRES DE COMMANDE<\/h3>\n<p>Pour une commande simple, s\u00fbre et rapide, utilisez d\u00e8s maintenant nos formulaires online!<\/p>\n<p style=\"text-align: right;\"><a class=\"readmore\" href=\"https:\/\/oxomi.com\/p\/2025299\/search?oxDeeplink=eyJ1bml2ZXJzYWxTZWFyY2h8MiI6eyJ2aWV3IjoiZmlsdGVyZWQiLCJmaWx0ZXJzIjp7ImNhdGVnb3J5IjpbIkdTOE1PTEhLNVVFVTIyREMxT1Q4R1Y2TUg4Il19LCJxdWVyeSI6IiIsImhpZGRlbkZpbHRlcnMiOnt9fX0%3D\">EN SAVOIR PLUS<\/a><\/p>\n\t\t\n<style>\n#text-3909732969 {\n  color: rgb(255, 255, 255);\n}\n#text-3909732969 > * {\n  color: rgb(255, 255, 255);\n}\n<\/style>\n\t<\/div>\n\t\n\t\t<\/div>\n\t\t\t\t\t<\/div>\n\n\t\n<\/div>\n\t\t<\/div>\n\n\t\t\n<style>\n#section_185074585 {\n  padding-top: 30px;\n  padding-bottom: 30px;\n  background-color: rgb(71, 82, 86);\n}\n<\/style>\n\t<\/section>\n\t\n","protected":false},"excerpt":{"rendered":"","protected":false},"author":1,"featured_media":0,"parent":0,"menu_order":0,"comment_status":"closed","ping_status":"closed","template":"page-without-banner.php","meta":{"_acf_changed":false,"inline_featured_image":false,"footnotes":""},"class_list":["post-12516","page","type-page","status-publish","hentry"],"acf":[],"yoast_head":"<!-- This site is optimized with the Yoast SEO plugin v27.3 - https:\/\/yoast.com\/product\/yoast-seo-wordpress\/ -->\n<title>JELD-WEN, der portes avec de la personnalit\u00e9<\/title>\n<meta name=\"description\" content=\"Avec les marques KELLPAX, JELD-WEN, DANA et BOSS, JELD-WEN propose des portes ext\u00e9rieures, des portes int\u00e9rieures et des cadres pour tous les go\u00fbts, tous les styles architecturaux et toutes les exigences.\" \/>\n<meta name=\"robots\" content=\"index, follow, max-snippet:-1, max-image-preview:large, max-video-preview:-1\" \/>\n<link rel=\"canonical\" href=\"https:\/\/www.jeld-wen.ch\/fr\/\" \/>\n<meta property=\"og:locale\" content=\"fr_FR\" \/>\n<meta property=\"og:type\" content=\"article\" \/>\n<meta property=\"og:title\" content=\"JELD-WEN, der portes avec de la personnalit\u00e9\" \/>\n<meta property=\"og:description\" content=\"Avec les marques KELLPAX, JELD-WEN, DANA et BOSS, JELD-WEN propose des portes ext\u00e9rieures, des portes int\u00e9rieures et des cadres pour tous les go\u00fbts, tous les styles architecturaux et toutes les exigences.\" \/>\n<meta property=\"og:url\" content=\"https:\/\/www.jeld-wen.ch\/fr\/\" \/>\n<meta property=\"og:site_name\" content=\"JELD-WEN\" \/>\n<meta property=\"article:modified_time\" content=\"2026-01-07T06:18:11+00:00\" \/>\n<meta name=\"twitter:card\" content=\"summary_large_image\" \/>\n<meta name=\"twitter:label1\" content=\"Dur\u00e9e de lecture estim\u00e9e\" \/>\n\t<meta name=\"twitter:data1\" content=\"9 minutes\" \/>\n<script type=\"application\/ld+json\" class=\"yoast-schema-graph\">{\"@context\":\"https:\\\/\\\/schema.org\",\"@graph\":[{\"@type\":\"WebPage\",\"@id\":\"https:\\\/\\\/www.jeld-wen.ch\\\/fr\\\/\",\"url\":\"https:\\\/\\\/www.jeld-wen.ch\\\/fr\\\/\",\"name\":\"JELD-WEN, der portes avec de la personnalit\u00e9\",\"isPartOf\":{\"@id\":\"https:\\\/\\\/www.jeld-wen.ch\\\/#website\"},\"datePublished\":\"2025-09-08T13:33:42+00:00\",\"dateModified\":\"2026-01-07T06:18:11+00:00\",\"description\":\"Avec les marques KELLPAX, JELD-WEN, DANA et BOSS, JELD-WEN propose des portes ext\u00e9rieures, des portes int\u00e9rieures et des cadres pour tous les go\u00fbts, tous les styles architecturaux et toutes les exigences.\",\"breadcrumb\":{\"@id\":\"https:\\\/\\\/www.jeld-wen.ch\\\/fr\\\/#breadcrumb\"},\"inLanguage\":\"fr-FR\",\"potentialAction\":[{\"@type\":\"ReadAction\",\"target\":[\"https:\\\/\\\/www.jeld-wen.ch\\\/fr\\\/\"]}]},{\"@type\":\"BreadcrumbList\",\"@id\":\"https:\\\/\\\/www.jeld-wen.ch\\\/fr\\\/#breadcrumb\",\"itemListElement\":[{\"@type\":\"ListItem\",\"position\":1,\"name\":\"Startseite\",\"item\":\"https:\\\/\\\/www.jeld-wen.ch\\\/fr\\\/\"},{\"@type\":\"ListItem\",\"position\":2,\"name\":\"Startseite FR NEU ab 09.2025\"}]},{\"@type\":\"WebSite\",\"@id\":\"https:\\\/\\\/www.jeld-wen.ch\\\/#website\",\"url\":\"https:\\\/\\\/www.jeld-wen.ch\\\/\",\"name\":\"JELD-WEN\",\"description\":\"3 starke T\u00fcrenmarken unter einem Dach.\",\"potentialAction\":[{\"@type\":\"SearchAction\",\"target\":{\"@type\":\"EntryPoint\",\"urlTemplate\":\"https:\\\/\\\/www.jeld-wen.ch\\\/?s={search_term_string}\"},\"query-input\":{\"@type\":\"PropertyValueSpecification\",\"valueRequired\":true,\"valueName\":\"search_term_string\"}}],\"inLanguage\":\"fr-FR\"}]}<\/script>\n<!-- \/ Yoast SEO plugin. -->","yoast_head_json":{"title":"JELD-WEN, der portes avec de la personnalit\u00e9","description":"Avec les marques KELLPAX, JELD-WEN, DANA et BOSS, JELD-WEN propose des portes ext\u00e9rieures, des portes int\u00e9rieures et des cadres pour tous les go\u00fbts, tous les styles architecturaux et toutes les exigences.","robots":{"index":"index","follow":"follow","max-snippet":"max-snippet:-1","max-image-preview":"max-image-preview:large","max-video-preview":"max-video-preview:-1"},"canonical":"https:\/\/www.jeld-wen.ch\/fr\/","og_locale":"fr_FR","og_type":"article","og_title":"JELD-WEN, der portes avec de la personnalit\u00e9","og_description":"Avec les marques KELLPAX, JELD-WEN, DANA et BOSS, JELD-WEN propose des portes ext\u00e9rieures, des portes int\u00e9rieures et des cadres pour tous les go\u00fbts, tous les styles architecturaux et toutes les exigences.","og_url":"https:\/\/www.jeld-wen.ch\/fr\/","og_site_name":"JELD-WEN","article_modified_time":"2026-01-07T06:18:11+00:00","twitter_card":"summary_large_image","twitter_misc":{"Dur\u00e9e de lecture estim\u00e9e":"9 minutes"},"schema":{"@context":"https:\/\/schema.org","@graph":[{"@type":"WebPage","@id":"https:\/\/www.jeld-wen.ch\/fr\/","url":"https:\/\/www.jeld-wen.ch\/fr\/","name":"JELD-WEN, der portes avec de la personnalit\u00e9","isPartOf":{"@id":"https:\/\/www.jeld-wen.ch\/#website"},"datePublished":"2025-09-08T13:33:42+00:00","dateModified":"2026-01-07T06:18:11+00:00","description":"Avec les marques KELLPAX, JELD-WEN, DANA et BOSS, JELD-WEN propose des portes ext\u00e9rieures, des portes int\u00e9rieures et des cadres pour tous les go\u00fbts, tous les styles architecturaux et toutes les exigences.","breadcrumb":{"@id":"https:\/\/www.jeld-wen.ch\/fr\/#breadcrumb"},"inLanguage":"fr-FR","potentialAction":[{"@type":"ReadAction","target":["https:\/\/www.jeld-wen.ch\/fr\/"]}]},{"@type":"BreadcrumbList","@id":"https:\/\/www.jeld-wen.ch\/fr\/#breadcrumb","itemListElement":[{"@type":"ListItem","position":1,"name":"Startseite","item":"https:\/\/www.jeld-wen.ch\/fr\/"},{"@type":"ListItem","position":2,"name":"Startseite FR NEU ab 09.2025"}]},{"@type":"WebSite","@id":"https:\/\/www.jeld-wen.ch\/#website","url":"https:\/\/www.jeld-wen.ch\/","name":"JELD-WEN","description":"3 starke T\u00fcrenmarken unter einem Dach.","potentialAction":[{"@type":"SearchAction","target":{"@type":"EntryPoint","urlTemplate":"https:\/\/www.jeld-wen.ch\/?s={search_term_string}"},"query-input":{"@type":"PropertyValueSpecification","valueRequired":true,"valueName":"search_term_string"}}],"inLanguage":"fr-FR"}]}},"_links":{"self":[{"href":"https:\/\/www.jeld-wen.ch\/fr\/wp-json\/wp\/v2\/pages\/12516","targetHints":{"allow":["GET"]}}],"collection":[{"href":"https:\/\/www.jeld-wen.ch\/fr\/wp-json\/wp\/v2\/pages"}],"about":[{"href":"https:\/\/www.jeld-wen.ch\/fr\/wp-json\/wp\/v2\/types\/page"}],"author":[{"embeddable":true,"href":"https:\/\/www.jeld-wen.ch\/fr\/wp-json\/wp\/v2\/users\/1"}],"replies":[{"embeddable":true,"href":"https:\/\/www.jeld-wen.ch\/fr\/wp-json\/wp\/v2\/comments?post=12516"}],"version-history":[{"count":58,"href":"https:\/\/www.jeld-wen.ch\/fr\/wp-json\/wp\/v2\/pages\/12516\/revisions"}],"predecessor-version":[{"id":12807,"href":"https:\/\/www.jeld-wen.ch\/fr\/wp-json\/wp\/v2\/pages\/12516\/revisions\/12807"}],"wp:attachment":[{"href":"https:\/\/www.jeld-wen.ch\/fr\/wp-json\/wp\/v2\/media?parent=12516"}],"curies":[{"name":"wp","href":"https:\/\/api.w.org\/{rel}","templated":true}]}}